{"id":4878,"date":"2023-10-12T13:46:06","date_gmt":"2023-10-12T16:46:06","guid":{"rendered":"https:\/\/www.visiteobrasil.com.br\/news\/?page_id=4878"},"modified":"2023-12-01T13:50:10","modified_gmt":"2023-12-01T16:50:10","slug":"sergipe","status":"publish","type":"page","link":"https:\/\/www.visiteobrasil.com.br\/news\/sergipe\/","title":{"rendered":"Sergipe"},"content":{"rendered":"\t\t<div data-elementor-type=\"wp-page\" data-elementor-id=\"4878\" class=\"elementor elementor-4878\" data-elementor-post-type=\"page\">\n\t\t\t\t\t\t<section class=\"elementor-section elementor-top-section elementor-element elementor-element-de67544 elementor-section-boxed elementor-section-height-default elementor-section-height-default\" data-id=\"de67544\" data-element_type=\"section\">\n\t\t\t\t\t\t<div class=\"elementor-container elementor-column-gap-default\">\n\t\t\t\t\t<div class=\"elementor-column elementor-col-100 elementor-top-column elementor-element elementor-element-84b574b\" data-id=\"84b574b\" data-element_type=\"column\">\n\t\t\t<div class=\"elementor-widget-wrap elementor-element-populated\">\n\t\t\t\t\t\t<div class=\"elementor-element elementor-element-c5145c6 elementor-skin-coverflow elementor-arrows-yes elementor-pagination-type-bullets elementor-pagination-position-outside elementor-widget elementor-widget-media-carousel\" data-id=\"c5145c6\" data-element_type=\"widget\" data-settings=\"{&quot;skin&quot;:&quot;coverflow&quot;,&quot;autoplay_speed&quot;:3000,&quot;show_arrows&quot;:&quot;yes&quot;,&quot;pagination&quot;:&quot;bullets&quot;,&quot;speed&quot;:500,&quot;autoplay&quot;:&quot;yes&quot;,&quot;loop&quot;:&quot;yes&quot;,&quot;pause_on_hover&quot;:&quot;yes&quot;,&quot;pause_on_interaction&quot;:&quot;yes&quot;,&quot;space_between&quot;:{&quot;unit&quot;:&quot;px&quot;,&quot;size&quot;:10,&quot;sizes&quot;:[]},&quot;space_between_tablet&quot;:{&quot;unit&quot;:&quot;px&quot;,&quot;size&quot;:10,&quot;sizes&quot;:[]},&quot;space_between_mobile&quot;:{&quot;unit&quot;:&quot;px&quot;,&quot;size&quot;:10,&quot;sizes&quot;:[]}}\" data-widget_type=\"media-carousel.default\">\n\t\t\t\t<div class=\"elementor-widget-container\">\n\t\t\t<link rel=\"stylesheet\" href=\"https:\/\/www.visiteobrasil.com.br\/news\/wp-content\/plugins\/pro-elements\/assets\/css\/widget-carousel.min.css?ver=1725798641\">\t\t<div class=\"elementor-swiper\">\n\t\t\t<div class=\"elementor-main-swiper swiper\">\n\t\t\t\t<div class=\"swiper-wrapper\">\n\t\t\t\t\t\t\t\t\t\t\t<div class=\"swiper-slide\">\n\t\t\t\t\t\t\t\t\t<div class=\"elementor-carousel-image\" role=\"img\" aria-label=\"Sergipe - Barco de Fogo em Est\u00e2ncia-Se\" style=\"background-image: url(&#039;https:\/\/i0.wp.com\/www.visiteobrasil.com.br\/news\/wp-content\/uploads\/2023\/10\/barco-de-fogo-acervo-emseturgr.jpg?fit=850%2C299&amp;ssl=1&#039;)\">\n\n\t\t\t\n\t\t\t\t\t<\/div>\n\t\t\t\t\t\t\t\t<\/div>\n\t\t\t\t\t\t\t\t\t\t\t<div class=\"swiper-slide\">\n\t\t\t\t\t\t\t\t\t<div class=\"elementor-carousel-image\" role=\"img\" aria-label=\"Sergipe - Foz do Ro S\u00e3o Francisco em Brejo Grande\" style=\"background-image: url(&#039;https:\/\/i0.wp.com\/www.visiteobrasil.com.br\/news\/wp-content\/uploads\/2023\/10\/brejo-grande-foz-do-rio-sao-francisco-foto-acervo-emseturgr.jpg?fit=850%2C300&amp;ssl=1&#039;)\">\n\n\t\t\t\n\t\t\t\t\t<\/div>\n\t\t\t\t\t\t\t\t<\/div>\n\t\t\t\t\t\t\t\t\t\t\t<div class=\"swiper-slide\">\n\t\t\t\t\t\t\t\t\t<div class=\"elementor-carousel-image\" role=\"img\" aria-label=\"Sergipe - Catamar\u00e2 em Canind\u00e9 do S\u00e3o Francisco\" style=\"background-image: url(&#039;https:\/\/i0.wp.com\/www.visiteobrasil.com.br\/news\/wp-content\/uploads\/2023\/10\/caninde-do-sao-francisco-canionsnoriosaofrancisco2-foto-clefersoncomarelalicenca-cc-by-sa-30gr.jpg?fit=850%2C301&amp;ssl=1&#039;)\">\n\n\t\t\t\n\t\t\t\t\t<\/div>\n\t\t\t\t\t\t\t\t<\/div>\n\t\t\t\t\t\t\t\t\t\t\t<div class=\"swiper-slide\">\n\t\t\t\t\t\t\t\t\t<div class=\"elementor-carousel-image\" role=\"img\" aria-label=\"Sergipe - Igreja Matriz de Capela\" style=\"background-image: url(&#039;https:\/\/i0.wp.com\/www.visiteobrasil.com.br\/news\/wp-content\/uploads\/2023\/10\/igreja-matriz-de-capela-foto-tiagossgr.jpg?fit=850%2C301&amp;ssl=1&#039;)\">\n\n\t\t\t\n\t\t\t\t\t<\/div>\n\t\t\t\t\t\t\t\t<\/div>\n\t\t\t\t\t\t\t\t\t\t\t<div class=\"swiper-slide\">\n\t\t\t\t\t\t\t\t\t<div class=\"elementor-carousel-image\" role=\"img\" aria-label=\"Sergipe - Barco a vela em Indiaroba\" style=\"background-image: url(&#039;https:\/\/i0.wp.com\/www.visiteobrasil.com.br\/news\/wp-content\/uploads\/2023\/10\/Indiaroba-capa-01-foto-hiago-assuncao-2gr.jpeg?fit=850%2C301&amp;ssl=1&#039;)\">\n\n\t\t\t\n\t\t\t\t\t<\/div>\n\t\t\t\t\t\t\t\t<\/div>\n\t\t\t\t\t\t\t\t\t\t\t<div class=\"swiper-slide\">\n\t\t\t\t\t\t\t\t\t<div class=\"elementor-carousel-image\" role=\"img\" aria-label=\"Sergipe - Ponte entre Aracaju e Barra dos Coqueiros\" style=\"background-image: url(&#039;https:\/\/i0.wp.com\/www.visiteobrasil.com.br\/news\/wp-content\/uploads\/2023\/10\/ponte-aracaju-barra-dos-coqueiros-foto-mega-engenhariagr.jpg?fit=850%2C301&amp;ssl=1&#039;)\">\n\n\t\t\t\n\t\t\t\t\t<\/div>\n\t\t\t\t\t\t\t\t<\/div>\n\t\t\t\t\t\t\t\t\t\t\t<div class=\"swiper-slide\">\n\t\t\t\t\t\t\t\t\t<div class=\"elementor-carousel-image\" role=\"img\" aria-label=\"Sergipe - Igreja de Santa Luzia do Itanhy\" style=\"background-image: url(&#039;https:\/\/i0.wp.com\/www.visiteobrasil.com.br\/news\/wp-content\/uploads\/2023\/10\/santa-luzia-do-itanhy-foto-sergipe-trade-tourgr.jpg?fit=850%2C300&amp;ssl=1&#039;)\">\n\n\t\t\t\n\t\t\t\t\t<\/div>\n\t\t\t\t\t\t\t\t<\/div>\n\t\t\t\t\t\t\t\t\t\t\t<div class=\"swiper-slide\">\n\t\t\t\t\t\t\t\t\t<div class=\"elementor-carousel-image\" role=\"img\" aria-label=\"Sergipe - Igreja de S\u00e3o Cristov\u00e3o\" style=\"background-image: url(&#039;https:\/\/i0.wp.com\/www.visiteobrasil.com.br\/news\/wp-content\/uploads\/2023\/10\/sao-cristovao-03-igreja-de-sao-franciscogr.jpg?fit=850%2C300&amp;ssl=1&#039;)\">\n\n\t\t\t\n\t\t\t\t\t<\/div>\n\t\t\t\t\t\t\t\t<\/div>\n\t\t\t\t\t\t\t\t\t<\/div>\n\t\t\t\t\t\t\t\t\t\t\t\t\t\t\t<div class=\"swiper-pagination\"><\/div>\n\t\t\t\t\t\t\t\t\t\t\t\t\t\t\t\t<div class=\"elementor-swiper-button elementor-swiper-button-prev\" role=\"button\" tabindex=\"0\">\n\t\t\t\t\t\t\t<svg aria-hidden=\"true\" class=\"e-font-icon-svg e-eicon-chevron-left\" viewBox=\"0 0 1000 1000\" xmlns=\"http:\/\/www.w3.org\/2000\/svg\"><path d=\"M646 125C629 125 613 133 604 142L308 442C296 454 292 471 292 487 292 504 296 521 308 533L604 854C617 867 629 875 646 875 663 875 679 871 692 858 704 846 713 829 713 812 713 796 708 779 692 767L438 487 692 225C700 217 708 204 708 187 708 171 704 154 692 142 675 129 663 125 646 125Z\"><\/path><\/svg>\t\t\t\t\t\t\t<span class=\"elementor-screen-only\">Previous<\/span>\n\t\t\t\t\t\t<\/div>\n\t\t\t\t\t\t<div class=\"elementor-swiper-button elementor-swiper-button-next\" role=\"button\" tabindex=\"0\">\n\t\t\t\t\t\t\t<svg aria-hidden=\"true\" class=\"e-font-icon-svg e-eicon-chevron-right\" viewBox=\"0 0 1000 1000\" xmlns=\"http:\/\/www.w3.org\/2000\/svg\"><path d=\"M696 533C708 521 713 504 713 487 713 471 708 454 696 446L400 146C388 133 375 125 354 125 338 125 325 129 313 142 300 154 292 171 292 187 292 204 296 221 308 233L563 492 304 771C292 783 288 800 288 817 288 833 296 850 308 863 321 871 338 875 354 875 371 875 388 867 400 854L696 533Z\"><\/path><\/svg>\t\t\t\t\t\t\t<span class=\"elementor-screen-only\">Next<\/span>\n\t\t\t\t\t\t<\/div>\n\t\t\t\t\t\t\t\t\t\t\t\t<\/div>\n\t\t<\/div>\n\t\t\t\t<\/div>\n\t\t\t\t<\/div>\n\t\t\t\t\t<\/div>\n\t\t<\/div>\n\t\t\t\t\t<\/div>\n\t\t<\/section>\n\t\t\t\t<section class=\"elementor-section elementor-top-section elementor-element elementor-element-2677d689 elementor-section-boxed elementor-section-height-default elementor-section-height-default\" data-id=\"2677d689\" data-element_type=\"section\">\n\t\t\t\t\t\t<div class=\"elementor-container elementor-column-gap-default\">\n\t\t\t\t\t<div class=\"elementor-column elementor-col-100 elementor-top-column elementor-element elementor-element-124e9db6\" data-id=\"124e9db6\" data-element_type=\"column\">\n\t\t\t<div class=\"elementor-widget-wrap elementor-element-populated\">\n\t\t\t\t\t\t<div class=\"elementor-element elementor-element-5280f5a8 elementor-widget elementor-widget-text-editor\" data-id=\"5280f5a8\" data-element_type=\"widget\" data-widget_type=\"text-editor.default\">\n\t\t\t\t<div class=\"elementor-widget-container\">\n\t\t\t<style>\/*! elementor - v3.23.0 - 05-08-2024 *\/\n.elementor-widget-text-editor.elementor-drop-cap-view-stacked .elementor-drop-cap{background-color:#69727d;color:#fff}.elementor-widget-text-editor.elementor-drop-cap-view-framed .elementor-drop-cap{color:#69727d;border:3px solid;background-color:transparent}.elementor-widget-text-editor:not(.elementor-drop-cap-view-default) .elementor-drop-cap{margin-top:8px}.elementor-widget-text-editor:not(.elementor-drop-cap-view-default) .elementor-drop-cap-letter{width:1em;height:1em}.elementor-widget-text-editor .elementor-drop-cap{float:left;text-align:center;line-height:1;font-size:50px}.elementor-widget-text-editor .elementor-drop-cap-letter{display:inline-block}<\/style>\t\t\t\t<p>O estado de Sergipe, localizado na Regi\u00e3o Nordeste do Brasil, \u00e9 um tesouro de hist\u00f3ria e arquitetura preservadas. Sua capital, Aracaju, abriga bairros hist\u00f3ricos com edif\u00edcios coloniais bem preservados, como o Centro Hist\u00f3rico, onde \u00e9 poss\u00edvel explorar igrejas antigas e casar\u00f5es tradicionais. O Mercado Municipal de Aracaju \u00e9 um local ic\u00f4nico que oferece uma vis\u00e3o da cultura e culin\u00e1ria sergipana, com a venda de produtos locais, artesanato e pratos t\u00edpicos, como o famoso caranguejo. A cidade de <a href=\"https:\/\/www.visiteobrasil.com.br\/nordeste\/sergipe\/polo-costa-dos-coqueirais\/sao-cristovao\">S\u00e3o Crist\u00f3v\u00e3o<\/a>, uma das mais antigas do Brasil, tamb\u00e9m \u00e9 um destaque, com seu conjunto arquitet\u00f4nico colonial que \u00e9 Patrim\u00f4nio Mundial da UNESCO. Sergipe \u00e9 um estado que preserva sua heran\u00e7a hist\u00f3rica e arquitet\u00f4nica, proporcionando uma viagem no tempo para os visitantes.<\/p>\n<h2><strong>Belezas Naturais e Litoral Atraente na bela Sergipe<\/strong><\/h2>\n<p>Al\u00e9m de sua rica hist\u00f3ria,&nbsp;<a href=\"https:\/\/visiteobrasil.com.br\/nordeste\/sergipe\" target=\"_blank\">Sergipe<\/a>&nbsp;tamb\u00e9m oferece belezas naturais e um litoral atraente. A Praia de Atalaia, em Aracaju, \u00e9 uma das mais visitadas e possui uma orla mar\u00edtima bem estruturada com bares, restaurantes e uma vida noturna animada. O <a href=\"https:\/\/pt.wikipedia.org\/wiki\/S%C3%A3o_Francisco_(Sergipe)\" target=\"_blank\" rel=\"noopener\">Rio S\u00e3o Francisco<\/a>, que banha parte do estado, \u00e9 um local de grande import\u00e2ncia ecol\u00f3gica e paisag\u00edstica, com oportunidades para passeios de barco e observa\u00e7\u00e3o da fauna local. O estado possui uma diversidade de ecossistemas, incluindo manguezais e restingas, que abrigam uma rica biodiversidade. Sergipe \u00e9 um destino para os amantes da hist\u00f3ria e da natureza, onde a heran\u00e7a cultural e as paisagens naturais se unem para criar uma experi\u00eancia \u00fanica.<\/p>\t\t\t\t\t\t<\/div>\n\t\t\t\t<\/div>\n\t\t\t\t\t<\/div>\n\t\t<\/div>\n\t\t\t\t\t<\/div>\n\t\t<\/section>\n\t\t<div class=\"elementor-element elementor-element-33d9058 e-flex e-con-boxed e-con e-parent\" data-id=\"33d9058\" data-element_type=\"container\">\n\t\t\t\t\t<div class=\"e-con-inner\">\n\t\t<div class=\"elementor-element elementor-element-dc6111e e-con-full e-flex e-con e-child\" data-id=\"dc6111e\" data-element_type=\"container\">\n\t\t\t\t<\/div>\n\t\t<div class=\"elementor-element elementor-element-42368d5 e-con-full e-flex e-con e-child\" data-id=\"42368d5\" data-element_type=\"container\">\n\t\t\t\t<div class=\"elementor-element elementor-element-9d36ee0 elementor-widget elementor-widget-eael-creative-button\" data-id=\"9d36ee0\" data-element_type=\"widget\" data-widget_type=\"eael-creative-button.default\">\n\t\t\t\t<div class=\"elementor-widget-container\">\n\t\t\t        <div class=\"eael-creative-button-wrapper\">\n\n            <a class=\"eael-creative-button eael-creative-button--winona\" href=\"https:\/\/visiteobrasil.com.br\/nordeste\/sergipe\" data-text=\"Veja\">\n            \t    \n                <div class=\"creative-button-inner\">\n\n                    \n                    <span class=\"cretive-button-text\">Destinos tur\u00edsticos de Sergipe<\/span>\n\n                                    <\/div>\n\t                        <\/a>\n        <\/div>\n        \t\t<\/div>\n\t\t\t\t<\/div>\n\t\t\t\t<\/div>\n\t\t<div class=\"elementor-element elementor-element-bb1b7cc e-con-full e-flex e-con e-child\" data-id=\"bb1b7cc\" data-element_type=\"container\">\n\t\t\t\t<\/div>\n\t\t\t\t\t<\/div>\n\t\t\t\t<\/div>\n\t\t\t\t<\/div>\n\t\t","protected":false},"excerpt":{"rendered":"<p>Previous Next O estado de Sergipe, localizado na Regi\u00e3o Nordeste do Brasil, \u00e9 um tesouro de hist\u00f3ria e arquitetura preservadas. Sua capital, Aracaju, abriga bairros hist\u00f3ricos com edif\u00edcios coloniais bem preservados, como o Centro Hist\u00f3rico, onde \u00e9 poss\u00edvel explorar igrejas antigas e casar\u00f5es tradicionais. O Mercado Municipal de Aracaju \u00e9 um local ic\u00f4nico que oferece [&hellip;]<\/p>\n","protected":false},"author":2,"featured_media":4879,"parent":0,"menu_order":0,"comment_status":"closed","ping_status":"closed","template":"","meta":{"footnotes":""},"class_list":["post-4878","page","type-page","status-publish","has-post-thumbnail","hentry"],"jetpack-related-posts":[{"id":4595,"url":"https:\/\/www.visiteobrasil.com.br\/news\/regiao-nordeste\/","url_meta":{"origin":4878,"position":0},"title":"Regi\u00e3o Nordeste","author":"Ramon","date":"11 de outubro de 2023","format":false,"excerpt":"Previous Next O Nordeste\u00a0do Brasil \u00e9 uma regi\u00e3o de extrema diversidade geogr\u00e1fica, abrangendo desde as deslumbrantes praias tropicais at\u00e9 o \u00e1rido sert\u00e3o. Essa variedade de paisagens proporciona uma experi\u00eancia \u00fanica aos visitantes, permitindo que eles explorem desde o litoral paradis\u00edaco com \u00e1guas mornas e coqueiros at\u00e9 as paisagens r\u00fasticas e\u2026","rel":"","context":"Post similar","block_context":{"text":"Post similar","link":""},"img":{"alt_text":"Regi\u00e3o Nordeste - Morro de S\u00e3o Paulo-Bahia","src":"https:\/\/i0.wp.com\/www.visiteobrasil.com.br\/news\/wp-content\/uploads\/2023\/10\/Morro-de-Sao-Paulo-Foto-Rita-Barreto-Setur-Ba.jpg?fit=900%2C303&ssl=1&resize=350%2C200","width":350,"height":200,"srcset":"https:\/\/i0.wp.com\/www.visiteobrasil.com.br\/news\/wp-content\/uploads\/2023\/10\/Morro-de-Sao-Paulo-Foto-Rita-Barreto-Setur-Ba.jpg?fit=900%2C303&ssl=1&resize=350%2C200 1x, https:\/\/i0.wp.com\/www.visiteobrasil.com.br\/news\/wp-content\/uploads\/2023\/10\/Morro-de-Sao-Paulo-Foto-Rita-Barreto-Setur-Ba.jpg?fit=900%2C303&ssl=1&resize=525%2C300 1.5x, https:\/\/i0.wp.com\/www.visiteobrasil.com.br\/news\/wp-content\/uploads\/2023\/10\/Morro-de-Sao-Paulo-Foto-Rita-Barreto-Setur-Ba.jpg?fit=900%2C303&ssl=1&resize=700%2C400 2x"},"classes":[]},{"id":5971,"url":"https:\/\/www.visiteobrasil.com.br\/news\/destinos-turisticos-do-equador\/","url_meta":{"origin":4878,"position":1},"title":"Destinos tur\u00edsticos do Equador","author":"Ramon","date":"21 de novembro de 2023","format":false,"excerpt":"O Equador oferece destinos fascinantes, e Quito, a capital, destaca-se como um tesouro hist\u00f3rico. Rodeada por montanhas, a cidade preserva sua arquitetura colonial e possui uma atmosfera vibrante. O centro hist\u00f3rico de Quito, Patrim\u00f4nio Mundial da UNESCO, \u00e9 repleto de igrejas e pra\u00e7as encantadoras. A cidade serve como porta de\u2026","rel":"","context":"Post similar","block_context":{"text":"Post similar","link":""},"img":{"alt_text":"Equador - Bas\u00edlica do Voto Nacional - Quito","src":"https:\/\/i0.wp.com\/www.visiteobrasil.com.br\/news\/wp-content\/uploads\/2023\/11\/quito-basilica-do-voto-nacional-foto-maros-m-r-a-z-licenca-cc-by-sa-3-0.jpg?fit=900%2C599&ssl=1&resize=350%2C200","width":350,"height":200,"srcset":"https:\/\/i0.wp.com\/www.visiteobrasil.com.br\/news\/wp-content\/uploads\/2023\/11\/quito-basilica-do-voto-nacional-foto-maros-m-r-a-z-licenca-cc-by-sa-3-0.jpg?fit=900%2C599&ssl=1&resize=350%2C200 1x, https:\/\/i0.wp.com\/www.visiteobrasil.com.br\/news\/wp-content\/uploads\/2023\/11\/quito-basilica-do-voto-nacional-foto-maros-m-r-a-z-licenca-cc-by-sa-3-0.jpg?fit=900%2C599&ssl=1&resize=525%2C300 1.5x, https:\/\/i0.wp.com\/www.visiteobrasil.com.br\/news\/wp-content\/uploads\/2023\/11\/quito-basilica-do-voto-nacional-foto-maros-m-r-a-z-licenca-cc-by-sa-3-0.jpg?fit=900%2C599&ssl=1&resize=700%2C400 2x"},"classes":[]},{"id":5977,"url":"https:\/\/www.visiteobrasil.com.br\/news\/destinos-turisticos-do-peru\/","url_meta":{"origin":4878,"position":2},"title":"Destinos tur\u00edsticos do Per\u00fa","author":"Ramon","date":"21 de novembro de 2023","format":false,"excerpt":"O Peru oferece destinos tur\u00edsticos not\u00e1veis, como Cuzco, antiga capital inca, onde a arquitetura e a cultura se entrela\u00e7am. Lima, a capital moderna, destaca-se pela culin\u00e1ria sofisticada e hist\u00f3ria preservada. Machu Picchu, uma maravilha mundial, \u00e9 uma cidade antiga nas montanhas, revelando o esplendor da civiliza\u00e7\u00e3o inca. Juntos, Cuzco, Lima\u2026","rel":"","context":"Post similar","block_context":{"text":"Post similar","link":""},"img":{"alt_text":"Per\u00fa - Machu Picchu - Conjunto das Tr\u00eas Portadas","src":"https:\/\/i0.wp.com\/www.visiteobrasil.com.br\/news\/wp-content\/uploads\/2023\/11\/machu-picchu-conjunto-das-tres-portadas-foto-mathias-ripp-licenca-cc-by-sa-2-0.jpg?fit=900%2C599&ssl=1&resize=350%2C200","width":350,"height":200,"srcset":"https:\/\/i0.wp.com\/www.visiteobrasil.com.br\/news\/wp-content\/uploads\/2023\/11\/machu-picchu-conjunto-das-tres-portadas-foto-mathias-ripp-licenca-cc-by-sa-2-0.jpg?fit=900%2C599&ssl=1&resize=350%2C200 1x, https:\/\/i0.wp.com\/www.visiteobrasil.com.br\/news\/wp-content\/uploads\/2023\/11\/machu-picchu-conjunto-das-tres-portadas-foto-mathias-ripp-licenca-cc-by-sa-2-0.jpg?fit=900%2C599&ssl=1&resize=525%2C300 1.5x, https:\/\/i0.wp.com\/www.visiteobrasil.com.br\/news\/wp-content\/uploads\/2023\/11\/machu-picchu-conjunto-das-tres-portadas-foto-mathias-ripp-licenca-cc-by-sa-2-0.jpg?fit=900%2C599&ssl=1&resize=700%2C400 2x"},"classes":[]},{"id":5974,"url":"https:\/\/www.visiteobrasil.com.br\/news\/destinos-turisticos-do-paraguai\/","url_meta":{"origin":4878,"position":3},"title":"Destinos tur\u00edsticos do Paraguai","author":"Ramon","date":"21 de novembro de 2023","format":false,"excerpt":"O Paraguai oferece a capital Assun\u00e7\u00e3o como seu principal destino tur\u00edstico. Localizada \u00e0s margens do Rio Paraguai, Assun\u00e7\u00e3o combina modernidade com preserva\u00e7\u00e3o cultural. Os visitantes podem explorar a Catedral Metropolitana e a Plaza de los H\u00e9roes, mergulhando na hist\u00f3ria do pa\u00eds. Al\u00e9m disso, a cidade proporciona uma introdu\u00e7\u00e3o \u00e0 rica\u2026","rel":"","context":"Post similar","block_context":{"text":"Post similar","link":""},"img":{"alt_text":"Paraguai - Catedral de La Sant\u00edssima Trinidad - Assun\u00e7\u00e3o","src":"https:\/\/i0.wp.com\/www.visiteobrasil.com.br\/news\/wp-content\/uploads\/2023\/11\/assuncao-catedral-de-la-santisima-trinidad-foto-felipe-mendez-licenca-cc-by-sa-3-0.jpg?fit=900%2C599&ssl=1&resize=350%2C200","width":350,"height":200,"srcset":"https:\/\/i0.wp.com\/www.visiteobrasil.com.br\/news\/wp-content\/uploads\/2023\/11\/assuncao-catedral-de-la-santisima-trinidad-foto-felipe-mendez-licenca-cc-by-sa-3-0.jpg?fit=900%2C599&ssl=1&resize=350%2C200 1x, https:\/\/i0.wp.com\/www.visiteobrasil.com.br\/news\/wp-content\/uploads\/2023\/11\/assuncao-catedral-de-la-santisima-trinidad-foto-felipe-mendez-licenca-cc-by-sa-3-0.jpg?fit=900%2C599&ssl=1&resize=525%2C300 1.5x, https:\/\/i0.wp.com\/www.visiteobrasil.com.br\/news\/wp-content\/uploads\/2023\/11\/assuncao-catedral-de-la-santisima-trinidad-foto-felipe-mendez-licenca-cc-by-sa-3-0.jpg?fit=900%2C599&ssl=1&resize=700%2C400 2x"},"classes":[]},{"id":4723,"url":"https:\/\/www.visiteobrasil.com.br\/news\/rio-de-janeiro\/","url_meta":{"origin":4878,"position":4},"title":"Rio de Janeiro","author":"Ramon","date":"11 de outubro de 2023","format":false,"excerpt":"Previous Next O estado do Rio de Janeiro, situado na Regi\u00e3o Sudeste do Brasil, \u00e9 um lugar de rara beleza natural e rica heran\u00e7a cultural. O Rio de Janeiro \u00e9 conhecido por suas praias de areias douradas, como Copacabana e Ipanema, que se estendem sob o famoso P\u00e3o de A\u00e7\u00facar\u2026","rel":"","context":"Post similar","block_context":{"text":"Post similar","link":""},"img":{"alt_text":"Rio de Janeiro - Paraty-RJ","src":"https:\/\/i0.wp.com\/www.visiteobrasil.com.br\/news\/wp-content\/uploads\/2023\/10\/paraty-arquivo-turisriogr.jpg?fit=850%2C568&ssl=1&resize=350%2C200","width":350,"height":200,"srcset":"https:\/\/i0.wp.com\/www.visiteobrasil.com.br\/news\/wp-content\/uploads\/2023\/10\/paraty-arquivo-turisriogr.jpg?fit=850%2C568&ssl=1&resize=350%2C200 1x, https:\/\/i0.wp.com\/www.visiteobrasil.com.br\/news\/wp-content\/uploads\/2023\/10\/paraty-arquivo-turisriogr.jpg?fit=850%2C568&ssl=1&resize=525%2C300 1.5x, https:\/\/i0.wp.com\/www.visiteobrasil.com.br\/news\/wp-content\/uploads\/2023\/10\/paraty-arquivo-turisriogr.jpg?fit=850%2C568&ssl=1&resize=700%2C400 2x"},"classes":[]},{"id":4746,"url":"https:\/\/www.visiteobrasil.com.br\/news\/distrito-federal\/","url_meta":{"origin":4878,"position":5},"title":"Distrito Federal","author":"Ramon","date":"11 de outubro de 2023","format":false,"excerpt":"Previous Next O Distrito Federal do Brasil \u00e9 uma unidade federativa \u00fanica no pa\u00eds, pois n\u00e3o possui munic\u00edpios, sendo composto principalmente pela cidade de Bras\u00edlia, a capital do pa\u00eds. Sede do governo federal, o Distrito Federal \u00e9 o epicentro do poder pol\u00edtico e administrativo do Brasil. Bras\u00edlia foi projetada pelo\u2026","rel":"","context":"Post similar","block_context":{"text":"Post similar","link":""},"img":{"alt_text":"Distrito Federal: Brasilia-Esplanada dos ministerios- Catedral a direita-atras Museu Nacional","src":"https:\/\/i0.wp.com\/www.visiteobrasil.com.br\/news\/wp-content\/uploads\/2023\/10\/Brasilia-aocentro-esplanadadosministerios-acatedraladireita-atrasmuseunacional-foto-mariorobertoduranortiz-licenca-dominio-publicogr.jpg?fit=850%2C300&ssl=1&resize=350%2C200","width":350,"height":200,"srcset":"https:\/\/i0.wp.com\/www.visiteobrasil.com.br\/news\/wp-content\/uploads\/2023\/10\/Brasilia-aocentro-esplanadadosministerios-acatedraladireita-atrasmuseunacional-foto-mariorobertoduranortiz-licenca-dominio-publicogr.jpg?fit=850%2C300&ssl=1&resize=350%2C200 1x, https:\/\/i0.wp.com\/www.visiteobrasil.com.br\/news\/wp-content\/uploads\/2023\/10\/Brasilia-aocentro-esplanadadosministerios-acatedraladireita-atrasmuseunacional-foto-mariorobertoduranortiz-licenca-dominio-publicogr.jpg?fit=850%2C300&ssl=1&resize=525%2C300 1.5x, https:\/\/i0.wp.com\/www.visiteobrasil.com.br\/news\/wp-content\/uploads\/2023\/10\/Brasilia-aocentro-esplanadadosministerios-acatedraladireita-atrasmuseunacional-foto-mariorobertoduranortiz-licenca-dominio-publicogr.jpg?fit=850%2C300&ssl=1&resize=700%2C400 2x"},"classes":[]}],"jetpack_sharing_enabled":true,"jetpack_likes_enabled":true,"_links":{"self":[{"href":"https:\/\/www.visiteobrasil.com.br\/news\/wp-json\/wp\/v2\/pages\/4878","targetHints":{"allow":["GET"]}}],"collection":[{"href":"https:\/\/www.visiteobrasil.com.br\/news\/wp-json\/wp\/v2\/pages"}],"about":[{"href":"https:\/\/www.visiteobrasil.com.br\/news\/wp-json\/wp\/v2\/types\/page"}],"author":[{"embeddable":true,"href":"https:\/\/www.visiteobrasil.com.br\/news\/wp-json\/wp\/v2\/users\/2"}],"replies":[{"embeddable":true,"href":"https:\/\/www.visiteobrasil.com.br\/news\/wp-json\/wp\/v2\/comments?post=4878"}],"version-history":[{"count":4,"href":"https:\/\/www.visiteobrasil.com.br\/news\/wp-json\/wp\/v2\/pages\/4878\/revisions"}],"predecessor-version":[{"id":6303,"href":"https:\/\/www.visiteobrasil.com.br\/news\/wp-json\/wp\/v2\/pages\/4878\/revisions\/6303"}],"wp:featuredmedia":[{"embeddable":true,"href":"https:\/\/www.visiteobrasil.com.br\/news\/wp-json\/wp\/v2\/media\/4879"}],"wp:attachment":[{"href":"https:\/\/www.visiteobrasil.com.br\/news\/wp-json\/wp\/v2\/media?parent=4878"}],"curies":[{"name":"wp","href":"https:\/\/api.w.org\/{rel}","templated":true}]}}