{"id":4875,"date":"2023-10-12T13:33:32","date_gmt":"2023-10-12T16:33:32","guid":{"rendered":"https:\/\/www.visiteobrasil.com.br\/news\/?page_id=4875"},"modified":"2023-12-01T13:47:28","modified_gmt":"2023-12-01T16:47:28","slug":"rio-grande-do-norte","status":"publish","type":"page","link":"https:\/\/www.visiteobrasil.com.br\/news\/rio-grande-do-norte\/","title":{"rendered":"Rio Grande do Norte"},"content":{"rendered":"\t\t<div data-elementor-type=\"wp-page\" data-elementor-id=\"4875\" class=\"elementor elementor-4875\" data-elementor-post-type=\"page\">\n\t\t\t\t\t\t<section class=\"elementor-section elementor-top-section elementor-element elementor-element-0c7ae4b elementor-section-boxed elementor-section-height-default elementor-section-height-default\" data-id=\"0c7ae4b\" data-element_type=\"section\">\n\t\t\t\t\t\t<div class=\"elementor-container elementor-column-gap-default\">\n\t\t\t\t\t<div class=\"elementor-column elementor-col-100 elementor-top-column elementor-element elementor-element-c3e1c12\" data-id=\"c3e1c12\" data-element_type=\"column\">\n\t\t\t<div class=\"elementor-widget-wrap elementor-element-populated\">\n\t\t\t\t\t\t<div class=\"elementor-element elementor-element-f6f9067 elementor-skin-coverflow elementor-arrows-yes elementor-pagination-type-bullets elementor-pagination-position-outside elementor-widget elementor-widget-media-carousel\" data-id=\"f6f9067\" data-element_type=\"widget\" data-settings=\"{&quot;skin&quot;:&quot;coverflow&quot;,&quot;autoplay_speed&quot;:3000,&quot;show_arrows&quot;:&quot;yes&quot;,&quot;pagination&quot;:&quot;bullets&quot;,&quot;speed&quot;:500,&quot;autoplay&quot;:&quot;yes&quot;,&quot;loop&quot;:&quot;yes&quot;,&quot;pause_on_hover&quot;:&quot;yes&quot;,&quot;pause_on_interaction&quot;:&quot;yes&quot;,&quot;space_between&quot;:{&quot;unit&quot;:&quot;px&quot;,&quot;size&quot;:10,&quot;sizes&quot;:[]},&quot;space_between_tablet&quot;:{&quot;unit&quot;:&quot;px&quot;,&quot;size&quot;:10,&quot;sizes&quot;:[]},&quot;space_between_mobile&quot;:{&quot;unit&quot;:&quot;px&quot;,&quot;size&quot;:10,&quot;sizes&quot;:[]}}\" data-widget_type=\"media-carousel.default\">\n\t\t\t\t<div class=\"elementor-widget-container\">\n\t\t\t<link rel=\"stylesheet\" href=\"https:\/\/www.visiteobrasil.com.br\/news\/wp-content\/plugins\/pro-elements\/assets\/css\/widget-carousel.min.css?ver=1725798641\">\t\t<div class=\"elementor-swiper\">\n\t\t\t<div class=\"elementor-main-swiper swiper\">\n\t\t\t\t<div class=\"swiper-wrapper\">\n\t\t\t\t\t\t\t\t\t\t\t<div class=\"swiper-slide\">\n\t\t\t\t\t\t\t\t\t<div class=\"elementor-carousel-image\" role=\"img\" aria-label=\"Rio Grande do Norte - Vista panor\u00e2mica da Praia da Pipa - Tibau do Sul\" style=\"background-image: url(&#039;https:\/\/i0.wp.com\/www.visiteobrasil.com.br\/news\/wp-content\/uploads\/2023\/10\/tibau-do-sul-vistapanoramicadapraiadepipa-foto-deltafrut-licenca-cc-by-sa-20gr.jpg?fit=850%2C300&amp;ssl=1&#039;)\">\n\n\t\t\t\n\t\t\t\t\t<\/div>\n\t\t\t\t\t\t\t\t<\/div>\n\t\t\t\t\t\t\t\t\t\t\t<div class=\"swiper-slide\">\n\t\t\t\t\t\t\t\t\t<div class=\"elementor-carousel-image\" role=\"img\" aria-label=\"Rio Grande do Norte - Castelo de Bivar - Carnauba do Dantas\" style=\"background-image: url(&#039;https:\/\/i0.wp.com\/www.visiteobrasil.com.br\/news\/wp-content\/uploads\/2023\/10\/carnauba-do-dantas-castelo-di-bivar-foto-jaldesmar-costagr.jpg?fit=850%2C300&amp;ssl=1&#039;)\">\n\n\t\t\t\n\t\t\t\t\t<\/div>\n\t\t\t\t\t\t\t\t<\/div>\n\t\t\t\t\t\t\t\t\t\t\t<div class=\"swiper-slide\">\n\t\t\t\t\t\t\t\t\t<div class=\"elementor-carousel-image\" role=\"img\" aria-label=\"Rio Grande do Norte - Monte das Gameleiras\" style=\"background-image: url(&#039;https:\/\/i0.wp.com\/www.visiteobrasil.com.br\/news\/wp-content\/uploads\/2023\/10\/monte-das-gameleiras-foto-mauricio-cavalcante-dicas-rngr.jpg?fit=850%2C300&amp;ssl=1&#039;)\">\n\n\t\t\t\n\t\t\t\t\t<\/div>\n\t\t\t\t\t\t\t\t<\/div>\n\t\t\t\t\t\t\t\t\t\t\t<div class=\"swiper-slide\">\n\t\t\t\t\t\t\t\t\t<div class=\"elementor-carousel-image\" role=\"img\" aria-label=\"Rio Grande do Norte - Por do Sol em S\u00e3o Miguel do Gostoso\" style=\"background-image: url(&#039;https:\/\/i0.wp.com\/www.visiteobrasil.com.br\/news\/wp-content\/uploads\/2023\/10\/sao-miguel-do-gostoso-pordosolemsaomiguel-foto-otavionogueira-licenca-cc-by-sa-20gr.jpg?fit=850%2C301&amp;ssl=1&#039;)\">\n\n\t\t\t\n\t\t\t\t\t<\/div>\n\t\t\t\t\t\t\t\t<\/div>\n\t\t\t\t\t\t\t\t\t\t\t<div class=\"swiper-slide\">\n\t\t\t\t\t\t\t\t\t<div class=\"elementor-carousel-image\" role=\"img\" aria-label=\"Rio Grande do Norte - Castelo Z\u00e9 dos Montes em Sitio Novo\" style=\"background-image: url(&#039;https:\/\/i0.wp.com\/www.visiteobrasil.com.br\/news\/wp-content\/uploads\/2023\/10\/sitio-novo-castelo-ze-dos-montes-foto-blog-do-wallacegr.jpg?fit=850%2C300&amp;ssl=1&#039;)\">\n\n\t\t\t\n\t\t\t\t\t<\/div>\n\t\t\t\t\t\t\t\t<\/div>\n\t\t\t\t\t\t\t\t\t\t\t<div class=\"swiper-slide\">\n\t\t\t\t\t\t\t\t\t<div class=\"elementor-carousel-image\" role=\"img\" aria-label=\"Rio Grande do Norte - Vista a\u00e9rea da Praia da Ba\u00eda Formosa\" style=\"background-image: url(&#039;https:\/\/i0.wp.com\/www.visiteobrasil.com.br\/news\/wp-content\/uploads\/2023\/10\/Baia-formosa-vistaaereadapraiadebaiaformosa-quedeunomedomunicipio-foto-cnm-licenca-cc-by-sa-30gr-1.jpg?fit=850%2C300&amp;ssl=1&#039;)\">\n\n\t\t\t\n\t\t\t\t\t<\/div>\n\t\t\t\t\t\t\t\t<\/div>\n\t\t\t\t\t\t\t\t\t<\/div>\n\t\t\t\t\t\t\t\t\t\t\t\t\t\t\t<div class=\"swiper-pagination\"><\/div>\n\t\t\t\t\t\t\t\t\t\t\t\t\t\t\t\t<div class=\"elementor-swiper-button elementor-swiper-button-prev\" role=\"button\" tabindex=\"0\">\n\t\t\t\t\t\t\t<svg aria-hidden=\"true\" class=\"e-font-icon-svg e-eicon-chevron-left\" viewBox=\"0 0 1000 1000\" xmlns=\"http:\/\/www.w3.org\/2000\/svg\"><path d=\"M646 125C629 125 613 133 604 142L308 442C296 454 292 471 292 487 292 504 296 521 308 533L604 854C617 867 629 875 646 875 663 875 679 871 692 858 704 846 713 829 713 812 713 796 708 779 692 767L438 487 692 225C700 217 708 204 708 187 708 171 704 154 692 142 675 129 663 125 646 125Z\"><\/path><\/svg>\t\t\t\t\t\t\t<span class=\"elementor-screen-only\">Previous<\/span>\n\t\t\t\t\t\t<\/div>\n\t\t\t\t\t\t<div class=\"elementor-swiper-button elementor-swiper-button-next\" role=\"button\" tabindex=\"0\">\n\t\t\t\t\t\t\t<svg aria-hidden=\"true\" class=\"e-font-icon-svg e-eicon-chevron-right\" viewBox=\"0 0 1000 1000\" xmlns=\"http:\/\/www.w3.org\/2000\/svg\"><path d=\"M696 533C708 521 713 504 713 487 713 471 708 454 696 446L400 146C388 133 375 125 354 125 338 125 325 129 313 142 300 154 292 171 292 187 292 204 296 221 308 233L563 492 304 771C292 783 288 800 288 817 288 833 296 850 308 863 321 871 338 875 354 875 371 875 388 867 400 854L696 533Z\"><\/path><\/svg>\t\t\t\t\t\t\t<span class=\"elementor-screen-only\">Next<\/span>\n\t\t\t\t\t\t<\/div>\n\t\t\t\t\t\t\t\t\t\t\t\t<\/div>\n\t\t<\/div>\n\t\t\t\t<\/div>\n\t\t\t\t<\/div>\n\t\t\t\t\t<\/div>\n\t\t<\/div>\n\t\t\t\t\t<\/div>\n\t\t<\/section>\n\t\t\t\t<section class=\"elementor-section elementor-top-section elementor-element elementor-element-11a87621 elementor-section-boxed elementor-section-height-default elementor-section-height-default\" data-id=\"11a87621\" data-element_type=\"section\">\n\t\t\t\t\t\t<div class=\"elementor-container elementor-column-gap-default\">\n\t\t\t\t\t<div class=\"elementor-column elementor-col-100 elementor-top-column elementor-element elementor-element-1244814e\" data-id=\"1244814e\" data-element_type=\"column\">\n\t\t\t<div class=\"elementor-widget-wrap elementor-element-populated\">\n\t\t\t\t\t\t<div class=\"elementor-element elementor-element-3d1170cb elementor-widget elementor-widget-text-editor\" data-id=\"3d1170cb\" data-element_type=\"widget\" data-widget_type=\"text-editor.default\">\n\t\t\t\t<div class=\"elementor-widget-container\">\n\t\t\t<style>\/*! elementor - v3.23.0 - 05-08-2024 *\/\n.elementor-widget-text-editor.elementor-drop-cap-view-stacked .elementor-drop-cap{background-color:#69727d;color:#fff}.elementor-widget-text-editor.elementor-drop-cap-view-framed .elementor-drop-cap{color:#69727d;border:3px solid;background-color:transparent}.elementor-widget-text-editor:not(.elementor-drop-cap-view-default) .elementor-drop-cap{margin-top:8px}.elementor-widget-text-editor:not(.elementor-drop-cap-view-default) .elementor-drop-cap-letter{width:1em;height:1em}.elementor-widget-text-editor .elementor-drop-cap{float:left;text-align:center;line-height:1;font-size:50px}.elementor-widget-text-editor .elementor-drop-cap-letter{display:inline-block}<\/style>\t\t\t\t<p>O estado do Rio Grande do Norte, localizado na Regi\u00e3o Nordeste do Brasil, \u00e9 um destino que se destaca por suas praias deslumbrantes e <a href=\"https:\/\/www.visiteobrasil.com.br\/brasil\/nordeste\/rio-grande-do-norte\/belezas-naturais\">belezas naturais<\/a>. A capital, Natal, \u00e9 conhecida como a &#8220;Cidade do Sol&#8221; devido \u00e0 sua alta incid\u00eancia de dias ensolarados durante o ano. A Praia de Ponta Negra \u00e9 um dos principais cart\u00f5es-postais da cidade, com suas \u00e1guas mornas e uma ampla variedade de bares e restaurantes \u00e0 beira-mar. O Rio Grande do Norte tamb\u00e9m abriga o Parque Nacional dos Len\u00e7\u00f3is Maranhenses, que se estende at\u00e9 o estado vizinho do Maranh\u00e3o, e \u00e9 famoso por suas dunas de areia branca e lagoas de \u00e1gua doce. Al\u00e9m disso, as praias de Pipa e Genipabu s\u00e3o destinos populares para atividades de aventura, como passeios de buggy e sandboard. Com seu clima agrad\u00e1vel e litoral espetacular, o <a href=\"https:\/\/pt.wikipedia.org\/wiki\/Rio_Grande_do_Norte\" target=\"_blank\" rel=\"noopener\">Rio Grande do Norte<\/a> \u00e9 um ref\u00fagio para os amantes do sol e do mar.<\/p>\n<h2><strong>Cultura e Tradi\u00e7\u00f5es Nordestinas do Rio Grande do Norte<\/strong><\/h2>\n<p>A cultura do Rio Grande do Norte \u00e9 enriquecida pelas tradi\u00e7\u00f5es nordestinas do Brasil. A cidade de Natal \u00e9 um centro cultural vibrante, com festivais de m\u00fasica, dan\u00e7a e artesanato que celebram a heran\u00e7a do Nordeste. O forr\u00f3, um dos g\u00eaneros musicais mais populares da regi\u00e3o, tem suas ra\u00edzes no Rio Grande do Norte e \u00e9 uma parte importante da vida noturna. Al\u00e9m disso, o estado \u00e9 famoso por suas festas populares, como o Carnaval de Natal e o S\u00e3o Jo\u00e3o, onde as pessoas dan\u00e7am ao som de m\u00fasicas tradicionais e saboreiam pratos t\u00edpicos, como a tapioca e o cuscuz. O&nbsp;<a href=\"https:\/\/visiteobrasil.com.br\/nordeste\/rio-grande-do-norte\" target=\"_blank\">Rio Grande do Norte<\/a>&nbsp;oferece uma combina\u00e7\u00e3o \u00fanica de belezas naturais deslumbrantes e tradi\u00e7\u00f5es culturais aut\u00eanticas que cativam os visitantes em busca de uma experi\u00eancia completa do Nordeste brasileiro.<\/p>\t\t\t\t\t\t<\/div>\n\t\t\t\t<\/div>\n\t\t\t\t\t<\/div>\n\t\t<\/div>\n\t\t\t\t\t<\/div>\n\t\t<\/section>\n\t\t<div class=\"elementor-element elementor-element-4a12487 e-flex e-con-boxed e-con e-parent\" data-id=\"4a12487\" data-element_type=\"container\">\n\t\t\t\t\t<div class=\"e-con-inner\">\n\t\t<div class=\"elementor-element elementor-element-141cc1e e-con-full e-flex e-con e-child\" data-id=\"141cc1e\" data-element_type=\"container\">\n\t\t\t\t<\/div>\n\t\t<div class=\"elementor-element elementor-element-8e064da e-con-full e-flex e-con e-child\" data-id=\"8e064da\" data-element_type=\"container\">\n\t\t\t\t<div class=\"elementor-element elementor-element-9ec2d40 elementor-widget elementor-widget-eael-creative-button\" data-id=\"9ec2d40\" data-element_type=\"widget\" data-widget_type=\"eael-creative-button.default\">\n\t\t\t\t<div class=\"elementor-widget-container\">\n\t\t\t        <div class=\"eael-creative-button-wrapper\">\n\n            <a class=\"eael-creative-button eael-creative-button--winona\" href=\"https:\/\/visiteobrasil.com.br\/nordeste\/rio-grande-do-norte\" data-text=\"Veja\">\n            \t    \n                <div class=\"creative-button-inner\">\n\n                    \n                    <span class=\"cretive-button-text\">Destinos tur\u00edsticos do Rio Grande do Norte<\/span>\n\n                                    <\/div>\n\t                        <\/a>\n        <\/div>\n        \t\t<\/div>\n\t\t\t\t<\/div>\n\t\t\t\t<\/div>\n\t\t<div class=\"elementor-element elementor-element-014b8e2 e-con-full e-flex e-con e-child\" data-id=\"014b8e2\" data-element_type=\"container\">\n\t\t\t\t<\/div>\n\t\t\t\t\t<\/div>\n\t\t\t\t<\/div>\n\t\t\t\t<\/div>\n\t\t","protected":false},"excerpt":{"rendered":"<p>Previous Next O estado do Rio Grande do Norte, localizado na Regi\u00e3o Nordeste do Brasil, \u00e9 um destino que se destaca por suas praias deslumbrantes e belezas naturais. A capital, Natal, \u00e9 conhecida como a &#8220;Cidade do Sol&#8221; devido \u00e0 sua alta incid\u00eancia de dias ensolarados durante o ano. A Praia de Ponta Negra \u00e9 [&hellip;]<\/p>\n","protected":false},"author":2,"featured_media":4876,"parent":0,"menu_order":0,"comment_status":"closed","ping_status":"closed","template":"","meta":{"footnotes":""},"class_list":["post-4875","page","type-page","status-publish","has-post-thumbnail","hentry"],"jetpack-related-posts":[{"id":4595,"url":"https:\/\/www.visiteobrasil.com.br\/news\/regiao-nordeste\/","url_meta":{"origin":4875,"position":0},"title":"Regi\u00e3o Nordeste","author":"Ramon","date":"11 de outubro de 2023","format":false,"excerpt":"Previous Next O Nordeste\u00a0do Brasil \u00e9 uma regi\u00e3o de extrema diversidade geogr\u00e1fica, abrangendo desde as deslumbrantes praias tropicais at\u00e9 o \u00e1rido sert\u00e3o. Essa variedade de paisagens proporciona uma experi\u00eancia \u00fanica aos visitantes, permitindo que eles explorem desde o litoral paradis\u00edaco com \u00e1guas mornas e coqueiros at\u00e9 as paisagens r\u00fasticas e\u2026","rel":"","context":"Post similar","block_context":{"text":"Post similar","link":""},"img":{"alt_text":"Regi\u00e3o Nordeste - Morro de S\u00e3o Paulo-Bahia","src":"https:\/\/i0.wp.com\/www.visiteobrasil.com.br\/news\/wp-content\/uploads\/2023\/10\/Morro-de-Sao-Paulo-Foto-Rita-Barreto-Setur-Ba.jpg?fit=900%2C303&ssl=1&resize=350%2C200","width":350,"height":200,"srcset":"https:\/\/i0.wp.com\/www.visiteobrasil.com.br\/news\/wp-content\/uploads\/2023\/10\/Morro-de-Sao-Paulo-Foto-Rita-Barreto-Setur-Ba.jpg?fit=900%2C303&ssl=1&resize=350%2C200 1x, https:\/\/i0.wp.com\/www.visiteobrasil.com.br\/news\/wp-content\/uploads\/2023\/10\/Morro-de-Sao-Paulo-Foto-Rita-Barreto-Setur-Ba.jpg?fit=900%2C303&ssl=1&resize=525%2C300 1.5x, https:\/\/i0.wp.com\/www.visiteobrasil.com.br\/news\/wp-content\/uploads\/2023\/10\/Morro-de-Sao-Paulo-Foto-Rita-Barreto-Setur-Ba.jpg?fit=900%2C303&ssl=1&resize=700%2C400 2x"},"classes":[]},{"id":4894,"url":"https:\/\/www.visiteobrasil.com.br\/news\/rondonia\/","url_meta":{"origin":4875,"position":1},"title":"Rondonia","author":"Ramon","date":"12 de outubro de 2023","format":false,"excerpt":"Previous Next O estado de Rond\u00f4nia, localizado na Regi\u00e3o Norte do Brasil, \u00e9 um lugar de natureza exuberante e paisagens deslumbrantes. Grande parte de seu territ\u00f3rio \u00e9 coberto por florestas tropicais, incluindo a Amaz\u00f4nia, o que faz de Rond\u00f4nia um destino ideal para os amantes da natureza e da aventura.\u2026","rel":"","context":"Post similar","block_context":{"text":"Post similar","link":""},"img":{"alt_text":"Rondonia - Maria fuma\u00e7a em Guajar\u00e1 Mirim","src":"https:\/\/i0.wp.com\/www.visiteobrasil.com.br\/news\/wp-content\/uploads\/2023\/10\/Guajara-mirin-locomotiva-da-estrada-de-ferro-madeira-mamore-foto-filzstift-licenca-cc-by-sa-3-0gr.jpg?fit=850%2C300&ssl=1&resize=350%2C200","width":350,"height":200,"srcset":"https:\/\/i0.wp.com\/www.visiteobrasil.com.br\/news\/wp-content\/uploads\/2023\/10\/Guajara-mirin-locomotiva-da-estrada-de-ferro-madeira-mamore-foto-filzstift-licenca-cc-by-sa-3-0gr.jpg?fit=850%2C300&ssl=1&resize=350%2C200 1x, https:\/\/i0.wp.com\/www.visiteobrasil.com.br\/news\/wp-content\/uploads\/2023\/10\/Guajara-mirin-locomotiva-da-estrada-de-ferro-madeira-mamore-foto-filzstift-licenca-cc-by-sa-3-0gr.jpg?fit=850%2C300&ssl=1&resize=525%2C300 1.5x, https:\/\/i0.wp.com\/www.visiteobrasil.com.br\/news\/wp-content\/uploads\/2023\/10\/Guajara-mirin-locomotiva-da-estrada-de-ferro-madeira-mamore-foto-filzstift-licenca-cc-by-sa-3-0gr.jpg?fit=850%2C300&ssl=1&resize=700%2C400 2x"},"classes":[]},{"id":4592,"url":"https:\/\/www.visiteobrasil.com.br\/news\/regiao-norte\/","url_meta":{"origin":4875,"position":2},"title":"Regi\u00e3o Norte","author":"Ramon","date":"11 de outubro de 2023","format":false,"excerpt":"Previous Next A Regi\u00e3o Norte do Brasil \u00e9 uma terra de contrastes e beleza exuberante, que encanta visitantes de todo o mundo. Com uma extens\u00e3o territorial que abrange mais de 3,8 milh\u00f5es de quil\u00f4metros quadrados, essa regi\u00e3o \u00e9 a maior do pa\u00eds e compreende sete estados: Acre, Amap\u00e1, Amazonas, Par\u00e1,\u2026","rel":"","context":"Post similar","block_context":{"text":"Post similar","link":""},"img":{"alt_text":"Regi\u00e3o Norte - Par\u00e1- Alter do Ch\u00e3o","src":"https:\/\/i0.wp.com\/www.visiteobrasil.com.br\/news\/wp-content\/uploads\/2023\/10\/Alter-do-chao-Para-Foto-Tiago-Silveira.jpg?fit=900%2C324&ssl=1&resize=350%2C200","width":350,"height":200,"srcset":"https:\/\/i0.wp.com\/www.visiteobrasil.com.br\/news\/wp-content\/uploads\/2023\/10\/Alter-do-chao-Para-Foto-Tiago-Silveira.jpg?fit=900%2C324&ssl=1&resize=350%2C200 1x, https:\/\/i0.wp.com\/www.visiteobrasil.com.br\/news\/wp-content\/uploads\/2023\/10\/Alter-do-chao-Para-Foto-Tiago-Silveira.jpg?fit=900%2C324&ssl=1&resize=525%2C300 1.5x, https:\/\/i0.wp.com\/www.visiteobrasil.com.br\/news\/wp-content\/uploads\/2023\/10\/Alter-do-chao-Para-Foto-Tiago-Silveira.jpg?fit=900%2C324&ssl=1&resize=700%2C400 2x"},"classes":[]},{"id":4883,"url":"https:\/\/www.visiteobrasil.com.br\/news\/acre\/","url_meta":{"origin":4875,"position":3},"title":"Acre","author":"Ramon","date":"12 de outubro de 2023","format":false,"excerpt":"Previous Next O estado do Acre, situado na Regi\u00e3o Norte do Brasil, \u00e9 um verdadeiro para\u00edso natural na Amaz\u00f4nia. Grande parte de seu territ\u00f3rio \u00e9 coberto pela densa floresta amaz\u00f4nica, que abriga uma das maiores biodiversidades do mundo. O Parque Nacional da Serra do Divisor \u00e9 um destaque, com paisagens\u2026","rel":"","context":"Post similar","block_context":{"text":"Post similar","link":""},"img":{"alt_text":"Casas t\u00edpicas de Rio Branco - Acre","src":"https:\/\/i0.wp.com\/www.visiteobrasil.com.br\/news\/wp-content\/uploads\/2023\/10\/Acre-Casas-tipicas-do-Rio-Branco.jpg?fit=900%2C300&ssl=1&resize=350%2C200","width":350,"height":200,"srcset":"https:\/\/i0.wp.com\/www.visiteobrasil.com.br\/news\/wp-content\/uploads\/2023\/10\/Acre-Casas-tipicas-do-Rio-Branco.jpg?fit=900%2C300&ssl=1&resize=350%2C200 1x, https:\/\/i0.wp.com\/www.visiteobrasil.com.br\/news\/wp-content\/uploads\/2023\/10\/Acre-Casas-tipicas-do-Rio-Branco.jpg?fit=900%2C300&ssl=1&resize=525%2C300 1.5x, https:\/\/i0.wp.com\/www.visiteobrasil.com.br\/news\/wp-content\/uploads\/2023\/10\/Acre-Casas-tipicas-do-Rio-Branco.jpg?fit=900%2C300&ssl=1&resize=700%2C400 2x"},"classes":[]},{"id":4621,"url":"https:\/\/www.visiteobrasil.com.br\/news\/rio-grande-do-sul\/","url_meta":{"origin":4875,"position":4},"title":"Rio Grande do Sul","author":"Ramon","date":"11 de outubro de 2023","format":false,"excerpt":"Previous Next O estado do Rio Grande do Sul, localizado na Regi\u00e3o Sul do Brasil, \u00e9 uma terra de tradi\u00e7\u00e3o ga\u00facha, cultura rica e paisagens estonteantes. Conhecido por seu estilo de vida rural e orgulho de suas ra\u00edzes, o Rio Grande do Sul \u00e9 o lar das famosas est\u00e2ncias e\u2026","rel":"","context":"Post similar","block_context":{"text":"Post similar","link":""},"img":{"alt_text":"Rio Grande do Sul - Maria Fuma\u00e7a na Esta\u00e7\u00e3o Ferrovi\u00e1ria de Bento Gon\u00e7alves-RS","src":"https:\/\/i0.wp.com\/www.visiteobrasil.com.br\/news\/wp-content\/uploads\/2023\/10\/Maria-Fumaca-Estacao-Ferroviaria-Bento-Goncalves-Foto-Vanius-Turismo.jpg?fit=900%2C300&ssl=1&resize=350%2C200","width":350,"height":200,"srcset":"https:\/\/i0.wp.com\/www.visiteobrasil.com.br\/news\/wp-content\/uploads\/2023\/10\/Maria-Fumaca-Estacao-Ferroviaria-Bento-Goncalves-Foto-Vanius-Turismo.jpg?fit=900%2C300&ssl=1&resize=350%2C200 1x, https:\/\/i0.wp.com\/www.visiteobrasil.com.br\/news\/wp-content\/uploads\/2023\/10\/Maria-Fumaca-Estacao-Ferroviaria-Bento-Goncalves-Foto-Vanius-Turismo.jpg?fit=900%2C300&ssl=1&resize=525%2C300 1.5x, https:\/\/i0.wp.com\/www.visiteobrasil.com.br\/news\/wp-content\/uploads\/2023\/10\/Maria-Fumaca-Estacao-Ferroviaria-Bento-Goncalves-Foto-Vanius-Turismo.jpg?fit=900%2C300&ssl=1&resize=700%2C400 2x"},"classes":[]},{"id":5998,"url":"https:\/\/www.visiteobrasil.com.br\/news\/destinos-turisticos-de-coreia-do-norte\/","url_meta":{"origin":4875,"position":5},"title":"Destinos tur\u00edsticos de Cor\u00e9ia do Norte","author":"Ramon","date":"21 de novembro de 2023","format":false,"excerpt":"A capital da Coreia do Norte, Pyongyang, \u00e9 um destino tur\u00edstico singular e fortemente controlado. Conhecida por sua arquitetura grandiosa, destaca-se pela Torre da Juche, o Grande Teatro de Mansudae e a Pra\u00e7a Kim Il-sung. Os visitantes podem explorar monumentos que refletem a ideologia pol\u00edtica do pa\u00eds, como o Grande\u2026","rel":"","context":"Post similar","block_context":{"text":"Post similar","link":""},"img":{"alt_text":"Cor\u00e9ia do Norte : Pyongyang- Tumulo do Rei Dongmyeong","src":"https:\/\/i0.wp.com\/www.visiteobrasil.com.br\/news\/wp-content\/uploads\/2023\/11\/pyongyang-tumulo-do-rei-dongmyeong-foto-kok-leng-yeo-licenca-cc-by-sa-2-0.jpg?fit=900%2C599&ssl=1&resize=350%2C200","width":350,"height":200,"srcset":"https:\/\/i0.wp.com\/www.visiteobrasil.com.br\/news\/wp-content\/uploads\/2023\/11\/pyongyang-tumulo-do-rei-dongmyeong-foto-kok-leng-yeo-licenca-cc-by-sa-2-0.jpg?fit=900%2C599&ssl=1&resize=350%2C200 1x, https:\/\/i0.wp.com\/www.visiteobrasil.com.br\/news\/wp-content\/uploads\/2023\/11\/pyongyang-tumulo-do-rei-dongmyeong-foto-kok-leng-yeo-licenca-cc-by-sa-2-0.jpg?fit=900%2C599&ssl=1&resize=525%2C300 1.5x, https:\/\/i0.wp.com\/www.visiteobrasil.com.br\/news\/wp-content\/uploads\/2023\/11\/pyongyang-tumulo-do-rei-dongmyeong-foto-kok-leng-yeo-licenca-cc-by-sa-2-0.jpg?fit=900%2C599&ssl=1&resize=700%2C400 2x"},"classes":[]}],"jetpack_sharing_enabled":true,"jetpack_likes_enabled":true,"_links":{"self":[{"href":"https:\/\/www.visiteobrasil.com.br\/news\/wp-json\/wp\/v2\/pages\/4875","targetHints":{"allow":["GET"]}}],"collection":[{"href":"https:\/\/www.visiteobrasil.com.br\/news\/wp-json\/wp\/v2\/pages"}],"about":[{"href":"https:\/\/www.visiteobrasil.com.br\/news\/wp-json\/wp\/v2\/types\/page"}],"author":[{"embeddable":true,"href":"https:\/\/www.visiteobrasil.com.br\/news\/wp-json\/wp\/v2\/users\/2"}],"replies":[{"embeddable":true,"href":"https:\/\/www.visiteobrasil.com.br\/news\/wp-json\/wp\/v2\/comments?post=4875"}],"version-history":[{"count":4,"href":"https:\/\/www.visiteobrasil.com.br\/news\/wp-json\/wp\/v2\/pages\/4875\/revisions"}],"predecessor-version":[{"id":6299,"href":"https:\/\/www.visiteobrasil.com.br\/news\/wp-json\/wp\/v2\/pages\/4875\/revisions\/6299"}],"wp:featuredmedia":[{"embeddable":true,"href":"https:\/\/www.visiteobrasil.com.br\/news\/wp-json\/wp\/v2\/media\/4876"}],"wp:attachment":[{"href":"https:\/\/www.visiteobrasil.com.br\/news\/wp-json\/wp\/v2\/media?parent=4875"}],"curies":[{"name":"wp","href":"https:\/\/api.w.org\/{rel}","templated":true}]}}