{"id":4872,"date":"2023-10-12T13:23:10","date_gmt":"2023-10-12T16:23:10","guid":{"rendered":"https:\/\/www.visiteobrasil.com.br\/news\/?page_id=4872"},"modified":"2023-12-01T13:44:42","modified_gmt":"2023-12-01T16:44:42","slug":"piaui","status":"publish","type":"page","link":"https:\/\/www.visiteobrasil.com.br\/news\/piaui\/","title":{"rendered":"Piau\u00ed"},"content":{"rendered":"\t\t<div data-elementor-type=\"wp-page\" data-elementor-id=\"4872\" class=\"elementor elementor-4872\" data-elementor-post-type=\"page\">\n\t\t\t\t\t\t<section class=\"elementor-section elementor-top-section elementor-element elementor-element-e0ef104 elementor-section-boxed elementor-section-height-default elementor-section-height-default\" data-id=\"e0ef104\" data-element_type=\"section\">\n\t\t\t\t\t\t<div class=\"elementor-container elementor-column-gap-default\">\n\t\t\t\t\t<div class=\"elementor-column elementor-col-100 elementor-top-column elementor-element elementor-element-d08fff2\" data-id=\"d08fff2\" data-element_type=\"column\">\n\t\t\t<div class=\"elementor-widget-wrap elementor-element-populated\">\n\t\t\t\t\t\t<div class=\"elementor-element elementor-element-b48d509 elementor-skin-coverflow elementor-arrows-yes elementor-pagination-type-bullets elementor-pagination-position-outside elementor-widget elementor-widget-media-carousel\" data-id=\"b48d509\" data-element_type=\"widget\" data-settings=\"{&quot;skin&quot;:&quot;coverflow&quot;,&quot;autoplay_speed&quot;:3000,&quot;show_arrows&quot;:&quot;yes&quot;,&quot;pagination&quot;:&quot;bullets&quot;,&quot;speed&quot;:500,&quot;autoplay&quot;:&quot;yes&quot;,&quot;loop&quot;:&quot;yes&quot;,&quot;pause_on_hover&quot;:&quot;yes&quot;,&quot;pause_on_interaction&quot;:&quot;yes&quot;,&quot;space_between&quot;:{&quot;unit&quot;:&quot;px&quot;,&quot;size&quot;:10,&quot;sizes&quot;:[]},&quot;space_between_tablet&quot;:{&quot;unit&quot;:&quot;px&quot;,&quot;size&quot;:10,&quot;sizes&quot;:[]},&quot;space_between_mobile&quot;:{&quot;unit&quot;:&quot;px&quot;,&quot;size&quot;:10,&quot;sizes&quot;:[]}}\" data-widget_type=\"media-carousel.default\">\n\t\t\t\t<div class=\"elementor-widget-container\">\n\t\t\t<link rel=\"stylesheet\" href=\"https:\/\/www.visiteobrasil.com.br\/news\/wp-content\/plugins\/pro-elements\/assets\/css\/widget-carousel.min.css?ver=1725798641\">\t\t<div class=\"elementor-swiper\">\n\t\t\t<div class=\"elementor-main-swiper swiper\">\n\t\t\t\t<div class=\"swiper-wrapper\">\n\t\t\t\t\t\t\t\t\t\t\t<div class=\"swiper-slide\">\n\t\t\t\t\t\t\t\t\t<div class=\"elementor-carousel-image\" role=\"img\" aria-label=\"Piau\u00ed - Centro Hist\u00f3rico de Amarante\" style=\"background-image: url(&#039;https:\/\/i0.wp.com\/www.visiteobrasil.com.br\/news\/wp-content\/uploads\/2023\/10\/amarante-centro-historico-foto-portal-amarantegr.jpg?fit=850%2C300&amp;ssl=1&#039;)\">\n\n\t\t\t\n\t\t\t\t\t<\/div>\n\t\t\t\t\t\t\t\t<\/div>\n\t\t\t\t\t\t\t\t\t\t\t<div class=\"swiper-slide\">\n\t\t\t\t\t\t\t\t\t<div class=\"elementor-carousel-image\" role=\"img\" aria-label=\"Piau\u00ed - Buriti dos Lopes\" style=\"background-image: url(&#039;https:\/\/i0.wp.com\/www.visiteobrasil.com.br\/news\/wp-content\/uploads\/2023\/10\/buriti-dos-lopes-foto-eu-curto-parnaibagr.jpg?fit=850%2C302&amp;ssl=1&#039;)\">\n\n\t\t\t\n\t\t\t\t\t<\/div>\n\t\t\t\t\t\t\t\t<\/div>\n\t\t\t\t\t\t\t\t\t\t\t<div class=\"swiper-slide\">\n\t\t\t\t\t\t\t\t\t<div class=\"elementor-carousel-image\" role=\"img\" aria-label=\"Piau\u00ed - Parque ecol\u00f3gico Cachoeira do Urubu - Esperantina\" style=\"background-image: url(&#039;https:\/\/i0.wp.com\/www.visiteobrasil.com.br\/news\/wp-content\/uploads\/2023\/10\/esperantina-parque-ecologicocachoeira-do-urubu-foto-jornal-espgr.jpg?fit=850%2C301&amp;ssl=1&#039;)\">\n\n\t\t\t\n\t\t\t\t\t<\/div>\n\t\t\t\t\t\t\t\t<\/div>\n\t\t\t\t\t\t\t\t\t\t\t<div class=\"swiper-slide\">\n\t\t\t\t\t\t\t\t\t<div class=\"elementor-carousel-image\" role=\"img\" aria-label=\"Piau\u00ed - Igreja Matriz de Luzilandia\" style=\"background-image: url(&#039;https:\/\/i0.wp.com\/www.visiteobrasil.com.br\/news\/wp-content\/uploads\/2023\/10\/luzilandia-igreja-matriz-foto-revista-azgr.jpg?fit=850%2C301&amp;ssl=1&#039;)\">\n\n\t\t\t\n\t\t\t\t\t<\/div>\n\t\t\t\t\t\t\t\t<\/div>\n\t\t\t\t\t\t\t\t\t\t\t<div class=\"swiper-slide\">\n\t\t\t\t\t\t\t\t\t<div class=\"elementor-carousel-image\" role=\"img\" aria-label=\"Piau\u00ed - Leito do Rio Piau\u00ed\" style=\"background-image: url(&#039;https:\/\/i0.wp.com\/www.visiteobrasil.com.br\/news\/wp-content\/uploads\/2023\/10\/Sao-raimundo-nonato-leitodoriopiauinoperimetrourbano-foto-diegoregomonteiro-licenca-cc-by-sa-30gr-1.jpg?fit=850%2C301&amp;ssl=1&#039;)\">\n\n\t\t\t\n\t\t\t\t\t<\/div>\n\t\t\t\t\t\t\t\t<\/div>\n\t\t\t\t\t\t\t\t\t<\/div>\n\t\t\t\t\t\t\t\t\t\t\t\t\t\t\t<div class=\"swiper-pagination\"><\/div>\n\t\t\t\t\t\t\t\t\t\t\t\t\t\t\t\t<div class=\"elementor-swiper-button elementor-swiper-button-prev\" role=\"button\" tabindex=\"0\">\n\t\t\t\t\t\t\t<svg aria-hidden=\"true\" class=\"e-font-icon-svg e-eicon-chevron-left\" viewBox=\"0 0 1000 1000\" xmlns=\"http:\/\/www.w3.org\/2000\/svg\"><path d=\"M646 125C629 125 613 133 604 142L308 442C296 454 292 471 292 487 292 504 296 521 308 533L604 854C617 867 629 875 646 875 663 875 679 871 692 858 704 846 713 829 713 812 713 796 708 779 692 767L438 487 692 225C700 217 708 204 708 187 708 171 704 154 692 142 675 129 663 125 646 125Z\"><\/path><\/svg>\t\t\t\t\t\t\t<span class=\"elementor-screen-only\">Previous<\/span>\n\t\t\t\t\t\t<\/div>\n\t\t\t\t\t\t<div class=\"elementor-swiper-button elementor-swiper-button-next\" role=\"button\" tabindex=\"0\">\n\t\t\t\t\t\t\t<svg aria-hidden=\"true\" class=\"e-font-icon-svg e-eicon-chevron-right\" viewBox=\"0 0 1000 1000\" xmlns=\"http:\/\/www.w3.org\/2000\/svg\"><path d=\"M696 533C708 521 713 504 713 487 713 471 708 454 696 446L400 146C388 133 375 125 354 125 338 125 325 129 313 142 300 154 292 171 292 187 292 204 296 221 308 233L563 492 304 771C292 783 288 800 288 817 288 833 296 850 308 863 321 871 338 875 354 875 371 875 388 867 400 854L696 533Z\"><\/path><\/svg>\t\t\t\t\t\t\t<span class=\"elementor-screen-only\">Next<\/span>\n\t\t\t\t\t\t<\/div>\n\t\t\t\t\t\t\t\t\t\t\t\t<\/div>\n\t\t<\/div>\n\t\t\t\t<\/div>\n\t\t\t\t<\/div>\n\t\t\t\t\t<\/div>\n\t\t<\/div>\n\t\t\t\t\t<\/div>\n\t\t<\/section>\n\t\t\t\t<section class=\"elementor-section elementor-top-section elementor-element elementor-element-25fb29ea elementor-section-boxed elementor-section-height-default elementor-section-height-default\" data-id=\"25fb29ea\" data-element_type=\"section\">\n\t\t\t\t\t\t<div class=\"elementor-container elementor-column-gap-default\">\n\t\t\t\t\t<div class=\"elementor-column elementor-col-100 elementor-top-column elementor-element elementor-element-64b8372c\" data-id=\"64b8372c\" data-element_type=\"column\">\n\t\t\t<div class=\"elementor-widget-wrap elementor-element-populated\">\n\t\t\t\t\t\t<div class=\"elementor-element elementor-element-5bfa71d5 elementor-widget elementor-widget-text-editor\" data-id=\"5bfa71d5\" data-element_type=\"widget\" data-widget_type=\"text-editor.default\">\n\t\t\t\t<div class=\"elementor-widget-container\">\n\t\t\t<style>\/*! elementor - v3.23.0 - 05-08-2024 *\/\n.elementor-widget-text-editor.elementor-drop-cap-view-stacked .elementor-drop-cap{background-color:#69727d;color:#fff}.elementor-widget-text-editor.elementor-drop-cap-view-framed .elementor-drop-cap{color:#69727d;border:3px solid;background-color:transparent}.elementor-widget-text-editor:not(.elementor-drop-cap-view-default) .elementor-drop-cap{margin-top:8px}.elementor-widget-text-editor:not(.elementor-drop-cap-view-default) .elementor-drop-cap-letter{width:1em;height:1em}.elementor-widget-text-editor .elementor-drop-cap{float:left;text-align:center;line-height:1;font-size:50px}.elementor-widget-text-editor .elementor-drop-cap-letter{display:inline-block}<\/style>\t\t\t\t<p>O estado do Piau\u00ed, localizado no Nordeste do Brasil, \u00e9 uma terra de natureza exuberante e paisagens \u00fanicas. Grande parte do estado est\u00e1 situada na regi\u00e3o do sert\u00e3o nordestino, que \u00e9 caracterizada por sua vegeta\u00e7\u00e3o adaptada \u00e0s condi\u00e7\u00f5es \u00e1ridas e clima semi\u00e1rido. O <a href=\"https:\/\/pt.wikipedia.org\/wiki\/Parque_Nacional_Serra_da_Capivara\" target=\"_blank\" rel=\"noopener\">Parque Nacional Serra da Capivara<\/a>, uma das principais atra\u00e7\u00f5es do Piau\u00ed, abriga uma rica cole\u00e7\u00e3o de pinturas rupestres que datam de milhares de anos, tornando-se Patrim\u00f4nio Mundial da UNESCO. A regi\u00e3o \u00e9 pontilhada por forma\u00e7\u00f5es rochosas espetaculares, c\u00e2nions e cavernas, que oferecem oportunidades para trilhas e explora\u00e7\u00e3o. Al\u00e9m disso, o estado possui belas cachoeiras, como as da Chapada das Mangabeiras, e uma costa com praias tranquilas, como Barra Grande. O estado \u00e9 um destino para os amantes da natureza e da aventura, com suas paisagens \u00fanicas.<\/p>\n<h2><strong>Cultura e Patrim\u00f4nio Hist\u00f3rico do Piau\u00ed<\/strong><\/h2>\n<p>A cultura do&nbsp;<a href=\"https:\/\/visiteobrasil.com.br\/nordeste\/piaui\" target=\"_blank\">Piau\u00ed<\/a>&nbsp;\u00e9 rica e diversificada, com influ\u00eancias ind\u00edgenas, africanas e europeias. A cidade de <a href=\"https:\/\/www.visiteobrasil.com.br\/nordeste\/piaui\/capital\/teresina\">Teresina<\/a>, a capital do estado, abriga uma s\u00e9rie de museus e edif\u00edcios hist\u00f3ricos, como o Museu do Piau\u00ed e a igreja de Nossa Senhora do Amparo, que s\u00e3o testemunhos da hist\u00f3ria e heran\u00e7a cultural da regi\u00e3o. As festas populares, como o Carnaval e o S\u00e3o Jo\u00e3o, s\u00e3o celebradas com entusiasmo, apresentando dan\u00e7as e m\u00fasicas tradicionais. A culin\u00e1ria piauiense \u00e9 uma mistura de sabores, com pratos como a carne de sol, a galinha caipira e a caju\u00edna, um refrigerante regional. \u00c9 um estado que combina natureza exuberante com cultura aut\u00eantica, oferecendo uma experi\u00eancia \u00fanica e enriquecedora para os viajantes que desejam explorar o interior do Nordeste do Brasil.<\/p>\t\t\t\t\t\t<\/div>\n\t\t\t\t<\/div>\n\t\t\t\t\t<\/div>\n\t\t<\/div>\n\t\t\t\t\t<\/div>\n\t\t<\/section>\n\t\t<div class=\"elementor-element elementor-element-8829178 e-flex e-con-boxed e-con e-parent\" data-id=\"8829178\" data-element_type=\"container\">\n\t\t\t\t\t<div class=\"e-con-inner\">\n\t\t<div class=\"elementor-element elementor-element-c3df029 e-con-full e-flex e-con e-child\" data-id=\"c3df029\" data-element_type=\"container\">\n\t\t\t\t<\/div>\n\t\t<div class=\"elementor-element elementor-element-253210d e-con-full e-flex e-con e-child\" data-id=\"253210d\" data-element_type=\"container\">\n\t\t\t\t<div class=\"elementor-element elementor-element-5c92e77 elementor-widget elementor-widget-eael-creative-button\" data-id=\"5c92e77\" data-element_type=\"widget\" data-widget_type=\"eael-creative-button.default\">\n\t\t\t\t<div class=\"elementor-widget-container\">\n\t\t\t        <div class=\"eael-creative-button-wrapper\">\n\n            <a class=\"eael-creative-button eael-creative-button--winona\" href=\"https:\/\/visiteobrasil.com.br\/nordeste\/piaui\" data-text=\"Veja\">\n            \t    \n                <div class=\"creative-button-inner\">\n\n                    \n                    <span class=\"cretive-button-text\">Destinos tur\u00edsticos do Piau\u00ed<\/span>\n\n                                    <\/div>\n\t                        <\/a>\n        <\/div>\n        \t\t<\/div>\n\t\t\t\t<\/div>\n\t\t\t\t<\/div>\n\t\t<div class=\"elementor-element elementor-element-5fdcea4 e-con-full e-flex e-con e-child\" data-id=\"5fdcea4\" data-element_type=\"container\">\n\t\t\t\t<\/div>\n\t\t\t\t\t<\/div>\n\t\t\t\t<\/div>\n\t\t\t\t<\/div>\n\t\t","protected":false},"excerpt":{"rendered":"<p>Previous Next O estado do Piau\u00ed, localizado no Nordeste do Brasil, \u00e9 uma terra de natureza exuberante e paisagens \u00fanicas. Grande parte do estado est\u00e1 situada na regi\u00e3o do sert\u00e3o nordestino, que \u00e9 caracterizada por sua vegeta\u00e7\u00e3o adaptada \u00e0s condi\u00e7\u00f5es \u00e1ridas e clima semi\u00e1rido. O Parque Nacional Serra da Capivara, uma das principais atra\u00e7\u00f5es do [&hellip;]<\/p>\n","protected":false},"author":2,"featured_media":4873,"parent":0,"menu_order":0,"comment_status":"closed","ping_status":"closed","template":"","meta":{"footnotes":""},"class_list":["post-4872","page","type-page","status-publish","has-post-thumbnail","hentry"],"jetpack-related-posts":[{"id":4595,"url":"https:\/\/www.visiteobrasil.com.br\/news\/regiao-nordeste\/","url_meta":{"origin":4872,"position":0},"title":"Regi\u00e3o Nordeste","author":"Ramon","date":"11 de outubro de 2023","format":false,"excerpt":"Previous Next O Nordeste\u00a0do Brasil \u00e9 uma regi\u00e3o de extrema diversidade geogr\u00e1fica, abrangendo desde as deslumbrantes praias tropicais at\u00e9 o \u00e1rido sert\u00e3o. Essa variedade de paisagens proporciona uma experi\u00eancia \u00fanica aos visitantes, permitindo que eles explorem desde o litoral paradis\u00edaco com \u00e1guas mornas e coqueiros at\u00e9 as paisagens r\u00fasticas e\u2026","rel":"","context":"Post similar","block_context":{"text":"Post similar","link":""},"img":{"alt_text":"Regi\u00e3o Nordeste - Morro de S\u00e3o Paulo-Bahia","src":"https:\/\/i0.wp.com\/www.visiteobrasil.com.br\/news\/wp-content\/uploads\/2023\/10\/Morro-de-Sao-Paulo-Foto-Rita-Barreto-Setur-Ba.jpg?fit=900%2C303&ssl=1&resize=350%2C200","width":350,"height":200,"srcset":"https:\/\/i0.wp.com\/www.visiteobrasil.com.br\/news\/wp-content\/uploads\/2023\/10\/Morro-de-Sao-Paulo-Foto-Rita-Barreto-Setur-Ba.jpg?fit=900%2C303&ssl=1&resize=350%2C200 1x, https:\/\/i0.wp.com\/www.visiteobrasil.com.br\/news\/wp-content\/uploads\/2023\/10\/Morro-de-Sao-Paulo-Foto-Rita-Barreto-Setur-Ba.jpg?fit=900%2C303&ssl=1&resize=525%2C300 1.5x, https:\/\/i0.wp.com\/www.visiteobrasil.com.br\/news\/wp-content\/uploads\/2023\/10\/Morro-de-Sao-Paulo-Foto-Rita-Barreto-Setur-Ba.jpg?fit=900%2C303&ssl=1&resize=700%2C400 2x"},"classes":[]},{"id":5945,"url":"https:\/\/www.visiteobrasil.com.br\/news\/destinos-turisticos-dos-estados-unidos\/","url_meta":{"origin":4872,"position":1},"title":"Destinos tur\u00edsticos dos Estados Unidos","author":"Ramon","date":"21 de novembro de 2023","format":false,"excerpt":"Os Estados Unidos oferecem uma gama diversificada de destinos tur\u00edsticos. De Boston a Honolulu, Las Vegas a Nova Iorque, e San Francisco a Washington, cada cidade possui uma personalidade \u00fanica. Miami brilha com praias ensolaradas, enquanto Orlando encanta com parques tem\u00e1ticos. Los Angeles \u00e9 o centro do entretenimento, San Diego\u2026","rel":"","context":"Post similar","block_context":{"text":"Post similar","link":""},"img":{"alt_text":"Estados Unidos - Vista panor\u00e2mica noturna de Chicago","src":"https:\/\/i0.wp.com\/www.visiteobrasil.com.br\/news\/wp-content\/uploads\/2023\/11\/chicago-vista-panoramica-noturna-de-chicago-foto-lol19-licenca-creative-commons.jpg?fit=900%2C599&ssl=1&resize=350%2C200","width":350,"height":200,"srcset":"https:\/\/i0.wp.com\/www.visiteobrasil.com.br\/news\/wp-content\/uploads\/2023\/11\/chicago-vista-panoramica-noturna-de-chicago-foto-lol19-licenca-creative-commons.jpg?fit=900%2C599&ssl=1&resize=350%2C200 1x, https:\/\/i0.wp.com\/www.visiteobrasil.com.br\/news\/wp-content\/uploads\/2023\/11\/chicago-vista-panoramica-noturna-de-chicago-foto-lol19-licenca-creative-commons.jpg?fit=900%2C599&ssl=1&resize=525%2C300 1.5x, https:\/\/i0.wp.com\/www.visiteobrasil.com.br\/news\/wp-content\/uploads\/2023\/11\/chicago-vista-panoramica-noturna-de-chicago-foto-lol19-licenca-creative-commons.jpg?fit=900%2C599&ssl=1&resize=700%2C400 2x"},"classes":[]},{"id":4749,"url":"https:\/\/www.visiteobrasil.com.br\/news\/goias\/","url_meta":{"origin":4872,"position":2},"title":"Goi\u00e1s","author":"Ramon","date":"11 de outubro de 2023","format":false,"excerpt":"Previous Next O estado de Goi\u00e1s, localizado na Regi\u00e3o Centro-Oeste do Brasil, \u00e9 uma terra de vastas plan\u00edcies e paisagens naturais deslumbrantes. A maior parte do estado est\u00e1 situada no bioma do cerrado, caracterizado por sua vegeta\u00e7\u00e3o t\u00edpica e sua biodiversidade \u00fanica. Goi\u00e1s \u00e9 o lar do Parque Nacional da\u2026","rel":"","context":"Post similar","block_context":{"text":"Post similar","link":""},"img":{"alt_text":"Santuario de Santa Luzia - Luziania-goias","src":"https:\/\/i0.wp.com\/www.visiteobrasil.com.br\/news\/wp-content\/uploads\/2023\/10\/Santuario-de-Santa-Luzia-Luziania-goias-turismo6gr.jpg?fit=850%2C307&ssl=1&resize=350%2C200","width":350,"height":200,"srcset":"https:\/\/i0.wp.com\/www.visiteobrasil.com.br\/news\/wp-content\/uploads\/2023\/10\/Santuario-de-Santa-Luzia-Luziania-goias-turismo6gr.jpg?fit=850%2C307&ssl=1&resize=350%2C200 1x, https:\/\/i0.wp.com\/www.visiteobrasil.com.br\/news\/wp-content\/uploads\/2023\/10\/Santuario-de-Santa-Luzia-Luziania-goias-turismo6gr.jpg?fit=850%2C307&ssl=1&resize=525%2C300 1.5x, https:\/\/i0.wp.com\/www.visiteobrasil.com.br\/news\/wp-content\/uploads\/2023\/10\/Santuario-de-Santa-Luzia-Luziania-goias-turismo6gr.jpg?fit=850%2C307&ssl=1&resize=700%2C400 2x"},"classes":[]},{"id":4886,"url":"https:\/\/www.visiteobrasil.com.br\/news\/amapa\/","url_meta":{"origin":4872,"position":3},"title":"Amap\u00e1","author":"Ramon","date":"12 de outubro de 2023","format":false,"excerpt":"Previous Next O estado do Amap\u00e1, situado na Regi\u00e3o Norte do Brasil, \u00e9 um lugar de beleza natural intocada e biodiversidade exuberante. Grande parte do territ\u00f3rio do Amap\u00e1 \u00e9 coberto por densas florestas tropicais da Amaz\u00f4nia, proporcionando um habitat rico em vida selvagem. O Parque Nacional Montanhas do Tumuc-Humac, uma\u2026","rel":"","context":"Post similar","block_context":{"text":"Post similar","link":""},"img":{"alt_text":"Por do sol em Curiau - Amap\u00e1","src":"https:\/\/i0.wp.com\/www.visiteobrasil.com.br\/news\/wp-content\/uploads\/2023\/10\/Amapa-Curiau-Foto-Marcia-do-Carmo.jpg?fit=900%2C301&ssl=1&resize=350%2C200","width":350,"height":200,"srcset":"https:\/\/i0.wp.com\/www.visiteobrasil.com.br\/news\/wp-content\/uploads\/2023\/10\/Amapa-Curiau-Foto-Marcia-do-Carmo.jpg?fit=900%2C301&ssl=1&resize=350%2C200 1x, https:\/\/i0.wp.com\/www.visiteobrasil.com.br\/news\/wp-content\/uploads\/2023\/10\/Amapa-Curiau-Foto-Marcia-do-Carmo.jpg?fit=900%2C301&ssl=1&resize=525%2C300 1.5x, https:\/\/i0.wp.com\/www.visiteobrasil.com.br\/news\/wp-content\/uploads\/2023\/10\/Amapa-Curiau-Foto-Marcia-do-Carmo.jpg?fit=900%2C301&ssl=1&resize=700%2C400 2x"},"classes":[]},{"id":4592,"url":"https:\/\/www.visiteobrasil.com.br\/news\/regiao-norte\/","url_meta":{"origin":4872,"position":4},"title":"Regi\u00e3o Norte","author":"Ramon","date":"11 de outubro de 2023","format":false,"excerpt":"Previous Next A Regi\u00e3o Norte do Brasil \u00e9 uma terra de contrastes e beleza exuberante, que encanta visitantes de todo o mundo. Com uma extens\u00e3o territorial que abrange mais de 3,8 milh\u00f5es de quil\u00f4metros quadrados, essa regi\u00e3o \u00e9 a maior do pa\u00eds e compreende sete estados: Acre, Amap\u00e1, Amazonas, Par\u00e1,\u2026","rel":"","context":"Post similar","block_context":{"text":"Post similar","link":""},"img":{"alt_text":"Regi\u00e3o Norte - Par\u00e1- Alter do Ch\u00e3o","src":"https:\/\/i0.wp.com\/www.visiteobrasil.com.br\/news\/wp-content\/uploads\/2023\/10\/Alter-do-chao-Para-Foto-Tiago-Silveira.jpg?fit=900%2C324&ssl=1&resize=350%2C200","width":350,"height":200,"srcset":"https:\/\/i0.wp.com\/www.visiteobrasil.com.br\/news\/wp-content\/uploads\/2023\/10\/Alter-do-chao-Para-Foto-Tiago-Silveira.jpg?fit=900%2C324&ssl=1&resize=350%2C200 1x, https:\/\/i0.wp.com\/www.visiteobrasil.com.br\/news\/wp-content\/uploads\/2023\/10\/Alter-do-chao-Para-Foto-Tiago-Silveira.jpg?fit=900%2C324&ssl=1&resize=525%2C300 1.5x, https:\/\/i0.wp.com\/www.visiteobrasil.com.br\/news\/wp-content\/uploads\/2023\/10\/Alter-do-chao-Para-Foto-Tiago-Silveira.jpg?fit=900%2C324&ssl=1&resize=700%2C400 2x"},"classes":[]},{"id":4892,"url":"https:\/\/www.visiteobrasil.com.br\/news\/para\/","url_meta":{"origin":4872,"position":5},"title":"Par\u00e1","author":"Ramon","date":"12 de outubro de 2023","format":false,"excerpt":"Previous Next O estado, situado na Regi\u00e3o Norte do Brasil, \u00e9 um territ\u00f3rio de diversidade e exuber\u00e2ncia, destacando-se como um dos estados com maior parte de seu territ\u00f3rio inserido na Amaz\u00f4nia. A capital, Bel\u00e9m \u00e9 o ponto de partida para explorar as riquezas naturais e culturais do Par\u00e1. A cidade\u2026","rel":"","context":"Post similar","block_context":{"text":"Post similar","link":""},"img":{"alt_text":"Regi\u00e3o Norte - Par\u00e1- Alter do Ch\u00e3o","src":"https:\/\/i0.wp.com\/www.visiteobrasil.com.br\/news\/wp-content\/uploads\/2023\/10\/Alter-do-chao-Para-Foto-Tiago-Silveira.jpg?fit=900%2C324&ssl=1&resize=350%2C200","width":350,"height":200,"srcset":"https:\/\/i0.wp.com\/www.visiteobrasil.com.br\/news\/wp-content\/uploads\/2023\/10\/Alter-do-chao-Para-Foto-Tiago-Silveira.jpg?fit=900%2C324&ssl=1&resize=350%2C200 1x, https:\/\/i0.wp.com\/www.visiteobrasil.com.br\/news\/wp-content\/uploads\/2023\/10\/Alter-do-chao-Para-Foto-Tiago-Silveira.jpg?fit=900%2C324&ssl=1&resize=525%2C300 1.5x, https:\/\/i0.wp.com\/www.visiteobrasil.com.br\/news\/wp-content\/uploads\/2023\/10\/Alter-do-chao-Para-Foto-Tiago-Silveira.jpg?fit=900%2C324&ssl=1&resize=700%2C400 2x"},"classes":[]}],"jetpack_sharing_enabled":true,"jetpack_likes_enabled":true,"_links":{"self":[{"href":"https:\/\/www.visiteobrasil.com.br\/news\/wp-json\/wp\/v2\/pages\/4872","targetHints":{"allow":["GET"]}}],"collection":[{"href":"https:\/\/www.visiteobrasil.com.br\/news\/wp-json\/wp\/v2\/pages"}],"about":[{"href":"https:\/\/www.visiteobrasil.com.br\/news\/wp-json\/wp\/v2\/types\/page"}],"author":[{"embeddable":true,"href":"https:\/\/www.visiteobrasil.com.br\/news\/wp-json\/wp\/v2\/users\/2"}],"replies":[{"embeddable":true,"href":"https:\/\/www.visiteobrasil.com.br\/news\/wp-json\/wp\/v2\/comments?post=4872"}],"version-history":[{"count":4,"href":"https:\/\/www.visiteobrasil.com.br\/news\/wp-json\/wp\/v2\/pages\/4872\/revisions"}],"predecessor-version":[{"id":6295,"href":"https:\/\/www.visiteobrasil.com.br\/news\/wp-json\/wp\/v2\/pages\/4872\/revisions\/6295"}],"wp:featuredmedia":[{"embeddable":true,"href":"https:\/\/www.visiteobrasil.com.br\/news\/wp-json\/wp\/v2\/media\/4873"}],"wp:attachment":[{"href":"https:\/\/www.visiteobrasil.com.br\/news\/wp-json\/wp\/v2\/media?parent=4872"}],"curies":[{"name":"wp","href":"https:\/\/api.w.org\/{rel}","templated":true}]}}