{"id":4866,"date":"2023-10-12T12:58:38","date_gmt":"2023-10-12T15:58:38","guid":{"rendered":"https:\/\/www.visiteobrasil.com.br\/news\/?page_id=4866"},"modified":"2023-12-01T13:40:21","modified_gmt":"2023-12-01T16:40:21","slug":"paraiba","status":"publish","type":"page","link":"https:\/\/www.visiteobrasil.com.br\/news\/paraiba\/","title":{"rendered":"Para\u00edba"},"content":{"rendered":"\t\t<div data-elementor-type=\"wp-page\" data-elementor-id=\"4866\" class=\"elementor elementor-4866\" data-elementor-post-type=\"page\">\n\t\t\t\t\t\t<section class=\"elementor-section elementor-top-section elementor-element elementor-element-e274430 elementor-section-boxed elementor-section-height-default elementor-section-height-default\" data-id=\"e274430\" data-element_type=\"section\">\n\t\t\t\t\t\t<div class=\"elementor-container elementor-column-gap-default\">\n\t\t\t\t\t<div class=\"elementor-column elementor-col-100 elementor-top-column elementor-element elementor-element-aabfa92\" data-id=\"aabfa92\" data-element_type=\"column\">\n\t\t\t<div class=\"elementor-widget-wrap elementor-element-populated\">\n\t\t\t\t\t\t<div class=\"elementor-element elementor-element-da178fe elementor-skin-coverflow elementor-arrows-yes elementor-pagination-type-bullets elementor-pagination-position-outside elementor-widget elementor-widget-media-carousel\" data-id=\"da178fe\" data-element_type=\"widget\" data-settings=\"{&quot;skin&quot;:&quot;coverflow&quot;,&quot;autoplay_speed&quot;:3000,&quot;show_arrows&quot;:&quot;yes&quot;,&quot;pagination&quot;:&quot;bullets&quot;,&quot;speed&quot;:500,&quot;autoplay&quot;:&quot;yes&quot;,&quot;loop&quot;:&quot;yes&quot;,&quot;pause_on_hover&quot;:&quot;yes&quot;,&quot;pause_on_interaction&quot;:&quot;yes&quot;,&quot;space_between&quot;:{&quot;unit&quot;:&quot;px&quot;,&quot;size&quot;:10,&quot;sizes&quot;:[]},&quot;space_between_tablet&quot;:{&quot;unit&quot;:&quot;px&quot;,&quot;size&quot;:10,&quot;sizes&quot;:[]},&quot;space_between_mobile&quot;:{&quot;unit&quot;:&quot;px&quot;,&quot;size&quot;:10,&quot;sizes&quot;:[]}}\" data-widget_type=\"media-carousel.default\">\n\t\t\t\t<div class=\"elementor-widget-container\">\n\t\t\t<link rel=\"stylesheet\" href=\"https:\/\/www.visiteobrasil.com.br\/news\/wp-content\/plugins\/pro-elements\/assets\/css\/widget-carousel.min.css?ver=1725798641\">\t\t<div class=\"elementor-swiper\">\n\t\t\t<div class=\"elementor-main-swiper swiper\">\n\t\t\t\t<div class=\"swiper-wrapper\">\n\t\t\t\t\t\t\t\t\t\t\t<div class=\"swiper-slide\">\n\t\t\t\t\t\t\t\t\t<div class=\"elementor-carousel-image\" role=\"img\" aria-label=\"Paraiba - Barra de Camaratuba - Mataraca\" style=\"background-image: url(&#039;https:\/\/i0.wp.com\/www.visiteobrasil.com.br\/news\/wp-content\/uploads\/2023\/10\/mataraca-barra-de-camaratuba-foto-cacio-muriloagr.jpg?fit=850%2C300&amp;ssl=1&#039;)\">\n\n\t\t\t\n\t\t\t\t\t<\/div>\n\t\t\t\t\t\t\t\t<\/div>\n\t\t\t\t\t\t\t\t\t\t\t<div class=\"swiper-slide\">\n\t\t\t\t\t\t\t\t\t<div class=\"elementor-carousel-image\" role=\"img\" aria-label=\"Para\u00edba - Letreiro Roliude Nordestina - Lagoa Grande\" style=\"background-image: url(&#039;https:\/\/i0.wp.com\/www.visiteobrasil.com.br\/news\/wp-content\/uploads\/2023\/10\/agoa-grande-letreiroroliudenordestina-foto-carlos-dandrea-licenca-cc-by-sa-30gr.jpg?fit=850%2C302&amp;ssl=1&#039;)\">\n\n\t\t\t\n\t\t\t\t\t<\/div>\n\t\t\t\t\t\t\t\t<\/div>\n\t\t\t\t\t\t\t\t\t\t\t<div class=\"swiper-slide\">\n\t\t\t\t\t\t\t\t\t<div class=\"elementor-carousel-image\" role=\"img\" aria-label=\"Paraiba - Por do Sol em Boqueir\u00e3o\" style=\"background-image: url(&#039;https:\/\/i0.wp.com\/www.visiteobrasil.com.br\/news\/wp-content\/uploads\/2023\/10\/boqueirao-pordosolemboqueirao-foto-kleberbrito-licenca-gfdlgr.jpg?fit=850%2C297&amp;ssl=1&#039;)\">\n\n\t\t\t\n\t\t\t\t\t<\/div>\n\t\t\t\t\t\t\t\t<\/div>\n\t\t\t\t\t\t\t\t\t\t\t<div class=\"swiper-slide\">\n\t\t\t\t\t\t\t\t\t<div class=\"elementor-carousel-image\" role=\"img\" aria-label=\"Paraiba - Por do sol em Cabedelo\" style=\"background-image: url(&#039;https:\/\/i0.wp.com\/www.visiteobrasil.com.br\/news\/wp-content\/uploads\/2023\/10\/Cabedelo-barcosdepassageirosportodecabedelo-foto-joserafaelmendesbarbosa-licenca-cc-by-sa-30gr-1.jpg?fit=850%2C300&amp;ssl=1&#039;)\">\n\n\t\t\t\n\t\t\t\t\t<\/div>\n\t\t\t\t\t\t\t\t<\/div>\n\t\t\t\t\t\t\t\t\t\t\t<div class=\"swiper-slide\">\n\t\t\t\t\t\t\t\t\t<div class=\"elementor-carousel-image\" role=\"img\" aria-label=\"Paraiba - Cachoeira do Ouricuri - Pil\u00f5es\" style=\"background-image: url(&#039;https:\/\/i0.wp.com\/www.visiteobrasil.com.br\/news\/wp-content\/uploads\/2023\/10\/piloes-cachoeira-do-ouricuri-foto-ivenildo-sales-se-liga-piloesgr.jpg?fit=850%2C301&amp;ssl=1&#039;)\">\n\n\t\t\t\n\t\t\t\t\t<\/div>\n\t\t\t\t\t\t\t\t<\/div>\n\t\t\t\t\t\t\t\t\t\t\t<div class=\"swiper-slide\">\n\t\t\t\t\t\t\t\t\t<div class=\"elementor-carousel-image\" role=\"img\" aria-label=\"Paraiba - Entrada Vale dos Dinossauros em Souza\" style=\"background-image: url(&#039;https:\/\/i0.wp.com\/www.visiteobrasil.com.br\/news\/wp-content\/uploads\/2023\/10\/souza-entradadovaledosdinossauros-foto-marcoseliasdeoliveirajunior-licenca-dominio-publicogr.jpg?fit=850%2C302&amp;ssl=1&#039;)\">\n\n\t\t\t\n\t\t\t\t\t<\/div>\n\t\t\t\t\t\t\t\t<\/div>\n\t\t\t\t\t\t\t\t\t<\/div>\n\t\t\t\t\t\t\t\t\t\t\t\t\t\t\t<div class=\"swiper-pagination\"><\/div>\n\t\t\t\t\t\t\t\t\t\t\t\t\t\t\t\t<div class=\"elementor-swiper-button elementor-swiper-button-prev\" role=\"button\" tabindex=\"0\">\n\t\t\t\t\t\t\t<svg aria-hidden=\"true\" class=\"e-font-icon-svg e-eicon-chevron-left\" viewBox=\"0 0 1000 1000\" xmlns=\"http:\/\/www.w3.org\/2000\/svg\"><path d=\"M646 125C629 125 613 133 604 142L308 442C296 454 292 471 292 487 292 504 296 521 308 533L604 854C617 867 629 875 646 875 663 875 679 871 692 858 704 846 713 829 713 812 713 796 708 779 692 767L438 487 692 225C700 217 708 204 708 187 708 171 704 154 692 142 675 129 663 125 646 125Z\"><\/path><\/svg>\t\t\t\t\t\t\t<span class=\"elementor-screen-only\">Previous<\/span>\n\t\t\t\t\t\t<\/div>\n\t\t\t\t\t\t<div class=\"elementor-swiper-button elementor-swiper-button-next\" role=\"button\" tabindex=\"0\">\n\t\t\t\t\t\t\t<svg aria-hidden=\"true\" class=\"e-font-icon-svg e-eicon-chevron-right\" viewBox=\"0 0 1000 1000\" xmlns=\"http:\/\/www.w3.org\/2000\/svg\"><path d=\"M696 533C708 521 713 504 713 487 713 471 708 454 696 446L400 146C388 133 375 125 354 125 338 125 325 129 313 142 300 154 292 171 292 187 292 204 296 221 308 233L563 492 304 771C292 783 288 800 288 817 288 833 296 850 308 863 321 871 338 875 354 875 371 875 388 867 400 854L696 533Z\"><\/path><\/svg>\t\t\t\t\t\t\t<span class=\"elementor-screen-only\">Next<\/span>\n\t\t\t\t\t\t<\/div>\n\t\t\t\t\t\t\t\t\t\t\t\t<\/div>\n\t\t<\/div>\n\t\t\t\t<\/div>\n\t\t\t\t<\/div>\n\t\t\t\t\t<\/div>\n\t\t<\/div>\n\t\t\t\t\t<\/div>\n\t\t<\/section>\n\t\t\t\t<section class=\"elementor-section elementor-top-section elementor-element elementor-element-4761581c elementor-section-boxed elementor-section-height-default elementor-section-height-default\" data-id=\"4761581c\" data-element_type=\"section\">\n\t\t\t\t\t\t<div class=\"elementor-container elementor-column-gap-default\">\n\t\t\t\t\t<div class=\"elementor-column elementor-col-100 elementor-top-column elementor-element elementor-element-2020f6ae\" data-id=\"2020f6ae\" data-element_type=\"column\">\n\t\t\t<div class=\"elementor-widget-wrap elementor-element-populated\">\n\t\t\t\t\t\t<div class=\"elementor-element elementor-element-766c0542 elementor-widget elementor-widget-text-editor\" data-id=\"766c0542\" data-element_type=\"widget\" data-widget_type=\"text-editor.default\">\n\t\t\t\t<div class=\"elementor-widget-container\">\n\t\t\t<style>\/*! elementor - v3.23.0 - 05-08-2024 *\/\n.elementor-widget-text-editor.elementor-drop-cap-view-stacked .elementor-drop-cap{background-color:#69727d;color:#fff}.elementor-widget-text-editor.elementor-drop-cap-view-framed .elementor-drop-cap{color:#69727d;border:3px solid;background-color:transparent}.elementor-widget-text-editor:not(.elementor-drop-cap-view-default) .elementor-drop-cap{margin-top:8px}.elementor-widget-text-editor:not(.elementor-drop-cap-view-default) .elementor-drop-cap-letter{width:1em;height:1em}.elementor-widget-text-editor .elementor-drop-cap{float:left;text-align:center;line-height:1;font-size:50px}.elementor-widget-text-editor .elementor-drop-cap-letter{display:inline-block}<\/style>\t\t\t\t<p>O estado da Para\u00edba, localizado na Regi\u00e3o Nordeste do Brasil, \u00e9 um lugar onde a beleza natural encontra o oceano. Com uma costa deslumbrante banhada pelo Oceano Atl\u00e2ntico, a Para\u00edba oferece uma s\u00e9rie de praias de areia dourada que atraem visitantes em busca de sol e \u00e1guas mornas. A <a href=\"https:\/\/www.visiteobrasil.com.br\/nordeste\/paraiba\/forum-do-litoral-sul\/conde-tambaba\">Praia de Tambaba<\/a>, por exemplo, \u00e9 famosa por suas \u00e1reas de naturismo e paisagens naturais preservadas. Al\u00e9m disso, a Praia de Coqueirinho impressiona com suas fal\u00e9sias coloridas e coqueiros \u00e0 beira-mar, criando um cen\u00e1rio de cart\u00e3o-postal. O estado tamb\u00e9m abriga a <a href=\"https:\/\/pt.wikipedia.org\/wiki\/Praia_do_Jacar%C3%A9\" target=\"_blank\" rel=\"noopener\">Praia do Jacar\u00e9<\/a>, onde os visitantes podem desfrutar de um p\u00f4r do sol inesquec\u00edvel ao som do bolero de Ravel, tocado por um saxofonista em um barco.<\/p>\n<h2><strong>Cultura e Tradi\u00e7\u00f5es Aut\u00eanticas da Para\u00edba<\/strong><\/h2>\n<p>A cultura da&nbsp;<a href=\"https:\/\/visiteobrasil.com.br\/nordeste\/paraiba\" target=\"_blank\">Para\u00edba<\/a>&nbsp;\u00e9 igualmente cativante, refletindo a heran\u00e7a nordestina do Brasil. A cidade de Jo\u00e3o Pessoa, a capital do estado, \u00e9 uma das mais antigas do pa\u00eds e abriga uma s\u00e9rie de igrejas hist\u00f3ricas e edif\u00edcios coloniais. As festas populares, como o S\u00e3o Jo\u00e3o e o Carnaval, s\u00e3o celebradas com entusiasmo, apresentando dan\u00e7as, m\u00fasica e culin\u00e1ria t\u00edpica da regi\u00e3o. A gastronomia paraibana \u00e9 saborosa, com pratos como a carne de sol, macaxeira, e a tradicional tapioca. \u00c9 um estado que combina belezas naturais \u00e0 beira-mar com tradi\u00e7\u00f5es culturais aut\u00eanticas, tornando-o um destino cativante para quem deseja explorar a diversidade do Nordeste do Brasil.<\/p>\t\t\t\t\t\t<\/div>\n\t\t\t\t<\/div>\n\t\t\t\t\t<\/div>\n\t\t<\/div>\n\t\t\t\t\t<\/div>\n\t\t<\/section>\n\t\t<div class=\"elementor-element elementor-element-7082a7b e-flex e-con-boxed e-con e-parent\" data-id=\"7082a7b\" data-element_type=\"container\">\n\t\t\t\t\t<div class=\"e-con-inner\">\n\t\t<div class=\"elementor-element elementor-element-651c4c4 e-con-full e-flex e-con e-child\" data-id=\"651c4c4\" data-element_type=\"container\">\n\t\t\t\t<\/div>\n\t\t<div class=\"elementor-element elementor-element-1141b00 e-con-full e-flex e-con e-child\" data-id=\"1141b00\" data-element_type=\"container\">\n\t\t\t\t<div class=\"elementor-element elementor-element-b7cc498 elementor-widget elementor-widget-eael-creative-button\" data-id=\"b7cc498\" data-element_type=\"widget\" data-widget_type=\"eael-creative-button.default\">\n\t\t\t\t<div class=\"elementor-widget-container\">\n\t\t\t        <div class=\"eael-creative-button-wrapper\">\n\n            <a class=\"eael-creative-button eael-creative-button--winona\" href=\"https:\/\/visiteobrasil.com.br\/nordeste\/paraiba\" data-text=\"Veja\">\n            \t    \n                <div class=\"creative-button-inner\">\n\n                    \n                    <span class=\"cretive-button-text\">Destinos tur\u00edsticos da Para\u00edba<\/span>\n\n                                    <\/div>\n\t                        <\/a>\n        <\/div>\n        \t\t<\/div>\n\t\t\t\t<\/div>\n\t\t\t\t<\/div>\n\t\t<div class=\"elementor-element elementor-element-9bc2447 e-con-full e-flex e-con e-child\" data-id=\"9bc2447\" data-element_type=\"container\">\n\t\t\t\t<\/div>\n\t\t\t\t\t<\/div>\n\t\t\t\t<\/div>\n\t\t\t\t<\/div>\n\t\t","protected":false},"excerpt":{"rendered":"<p>Previous Next O estado da Para\u00edba, localizado na Regi\u00e3o Nordeste do Brasil, \u00e9 um lugar onde a beleza natural encontra o oceano. Com uma costa deslumbrante banhada pelo Oceano Atl\u00e2ntico, a Para\u00edba oferece uma s\u00e9rie de praias de areia dourada que atraem visitantes em busca de sol e \u00e1guas mornas. A Praia de Tambaba, por [&hellip;]<\/p>\n","protected":false},"author":2,"featured_media":4867,"parent":0,"menu_order":0,"comment_status":"closed","ping_status":"closed","template":"","meta":{"footnotes":""},"class_list":["post-4866","page","type-page","status-publish","has-post-thumbnail","hentry"],"jetpack-related-posts":[{"id":4595,"url":"https:\/\/www.visiteobrasil.com.br\/news\/regiao-nordeste\/","url_meta":{"origin":4866,"position":0},"title":"Regi\u00e3o Nordeste","author":"Ramon","date":"11 de outubro de 2023","format":false,"excerpt":"Previous Next O Nordeste\u00a0do Brasil \u00e9 uma regi\u00e3o de extrema diversidade geogr\u00e1fica, abrangendo desde as deslumbrantes praias tropicais at\u00e9 o \u00e1rido sert\u00e3o. Essa variedade de paisagens proporciona uma experi\u00eancia \u00fanica aos visitantes, permitindo que eles explorem desde o litoral paradis\u00edaco com \u00e1guas mornas e coqueiros at\u00e9 as paisagens r\u00fasticas e\u2026","rel":"","context":"Post similar","block_context":{"text":"Post similar","link":""},"img":{"alt_text":"Regi\u00e3o Nordeste - Morro de S\u00e3o Paulo-Bahia","src":"https:\/\/i0.wp.com\/www.visiteobrasil.com.br\/news\/wp-content\/uploads\/2023\/10\/Morro-de-Sao-Paulo-Foto-Rita-Barreto-Setur-Ba.jpg?fit=900%2C303&ssl=1&resize=350%2C200","width":350,"height":200,"srcset":"https:\/\/i0.wp.com\/www.visiteobrasil.com.br\/news\/wp-content\/uploads\/2023\/10\/Morro-de-Sao-Paulo-Foto-Rita-Barreto-Setur-Ba.jpg?fit=900%2C303&ssl=1&resize=350%2C200 1x, https:\/\/i0.wp.com\/www.visiteobrasil.com.br\/news\/wp-content\/uploads\/2023\/10\/Morro-de-Sao-Paulo-Foto-Rita-Barreto-Setur-Ba.jpg?fit=900%2C303&ssl=1&resize=525%2C300 1.5x, https:\/\/i0.wp.com\/www.visiteobrasil.com.br\/news\/wp-content\/uploads\/2023\/10\/Morro-de-Sao-Paulo-Foto-Rita-Barreto-Setur-Ba.jpg?fit=900%2C303&ssl=1&resize=700%2C400 2x"},"classes":[]},{"id":5948,"url":"https:\/\/www.visiteobrasil.com.br\/news\/destinos-turisticos-do-mexico\/","url_meta":{"origin":4866,"position":1},"title":"Destinos tur\u00edsticos do M\u00e9xico","author":"Ramon","date":"21 de novembro de 2023","format":false,"excerpt":"O M\u00e9xico \u00e9 um tesouro tur\u00edstico diversificado. Na Cidade do M\u00e9xico, mergulhe na rica cultura e hist\u00f3ria. Acapulco oferece praias deslumbrantes e vida noturna animada. Canc\u00fan \u00e9 um para\u00edso caribenho com suas \u00e1guas cristalinas. Los Cabos encanta com paisagens desertas e oceano magn\u00edfico. Puerto Vallarta combina charme hist\u00f3rico com praias\u2026","rel":"","context":"Post similar","block_context":{"text":"Post similar","link":""},"img":{"alt_text":"M\u00e9xico - Los Cabos - San Jos\u00e9","src":"https:\/\/i0.wp.com\/www.visiteobrasil.com.br\/news\/wp-content\/uploads\/2023\/11\/los-cabos-san-jose-del-cabo-foto-stan-shebs-licenca-creative-commons.jpg?fit=900%2C599&ssl=1&resize=350%2C200","width":350,"height":200,"srcset":"https:\/\/i0.wp.com\/www.visiteobrasil.com.br\/news\/wp-content\/uploads\/2023\/11\/los-cabos-san-jose-del-cabo-foto-stan-shebs-licenca-creative-commons.jpg?fit=900%2C599&ssl=1&resize=350%2C200 1x, https:\/\/i0.wp.com\/www.visiteobrasil.com.br\/news\/wp-content\/uploads\/2023\/11\/los-cabos-san-jose-del-cabo-foto-stan-shebs-licenca-creative-commons.jpg?fit=900%2C599&ssl=1&resize=525%2C300 1.5x, https:\/\/i0.wp.com\/www.visiteobrasil.com.br\/news\/wp-content\/uploads\/2023\/11\/los-cabos-san-jose-del-cabo-foto-stan-shebs-licenca-creative-commons.jpg?fit=900%2C599&ssl=1&resize=700%2C400 2x"},"classes":[]},{"id":4726,"url":"https:\/\/www.visiteobrasil.com.br\/news\/sao-paulo\/","url_meta":{"origin":4866,"position":2},"title":"S\u00e3o Paulo","author":"Ramon","date":"11 de outubro de 2023","format":false,"excerpt":"Previous Next O estado de S\u00e3o Paulo, situado na Regi\u00e3o Sudeste do Brasil, \u00e9 um verdadeiro centro de diversidade e movimenta\u00e7\u00e3o urbana. Sua capital, a cidade de S\u00e3o Paulo, \u00e9 a maior metr\u00f3pole da Am\u00e9rica do Sul e um dos principais centros financeiros do mundo. A cidade abriga uma riqueza\u2026","rel":"","context":"Post similar","block_context":{"text":"Post similar","link":""},"img":{"alt_text":"S\u00e3o Paulo - Campos-do Jordao-Shopping-Aspen-Mall","src":"https:\/\/i0.wp.com\/www.visiteobrasil.com.br\/news\/wp-content\/uploads\/2023\/10\/Campos-do-Jordao-Shopping-Aspen-Mall-Foto-Deni-Williams.jpg?fit=900%2C301&ssl=1&resize=350%2C200","width":350,"height":200,"srcset":"https:\/\/i0.wp.com\/www.visiteobrasil.com.br\/news\/wp-content\/uploads\/2023\/10\/Campos-do-Jordao-Shopping-Aspen-Mall-Foto-Deni-Williams.jpg?fit=900%2C301&ssl=1&resize=350%2C200 1x, https:\/\/i0.wp.com\/www.visiteobrasil.com.br\/news\/wp-content\/uploads\/2023\/10\/Campos-do-Jordao-Shopping-Aspen-Mall-Foto-Deni-Williams.jpg?fit=900%2C301&ssl=1&resize=525%2C300 1.5x, https:\/\/i0.wp.com\/www.visiteobrasil.com.br\/news\/wp-content\/uploads\/2023\/10\/Campos-do-Jordao-Shopping-Aspen-Mall-Foto-Deni-Williams.jpg?fit=900%2C301&ssl=1&resize=700%2C400 2x"},"classes":[]},{"id":4869,"url":"https:\/\/www.visiteobrasil.com.br\/news\/pernambuco\/","url_meta":{"origin":4866,"position":3},"title":"Pernambuco","author":"Ramon","date":"12 de outubro de 2023","format":false,"excerpt":"Previous Next O estado de Pernambuco, situado na Regi\u00e3o Nordeste do Brasil, \u00e9 um lugar de hist\u00f3ria rica e um centro cultural vibrante. Sua capital, Recife, \u00e9 conhecida por suas influ\u00eancias europeias, africanas e ind\u00edgenas, que se manifestam em sua arquitetura, m\u00fasica e gastronomia. O Recife Antigo, parte do centro\u2026","rel":"","context":"Post similar","block_context":{"text":"Post similar","link":""},"img":{"alt_text":"Pernambuco - Praia dos Cafrneiros - Tamandar\u00e9","src":"https:\/\/i0.wp.com\/www.visiteobrasil.com.br\/news\/wp-content\/uploads\/2023\/10\/Pernambuco-Praia-dos-carneiros-Tamandare.jpg?fit=900%2C300&ssl=1&resize=350%2C200","width":350,"height":200,"srcset":"https:\/\/i0.wp.com\/www.visiteobrasil.com.br\/news\/wp-content\/uploads\/2023\/10\/Pernambuco-Praia-dos-carneiros-Tamandare.jpg?fit=900%2C300&ssl=1&resize=350%2C200 1x, https:\/\/i0.wp.com\/www.visiteobrasil.com.br\/news\/wp-content\/uploads\/2023\/10\/Pernambuco-Praia-dos-carneiros-Tamandare.jpg?fit=900%2C300&ssl=1&resize=525%2C300 1.5x, https:\/\/i0.wp.com\/www.visiteobrasil.com.br\/news\/wp-content\/uploads\/2023\/10\/Pernambuco-Praia-dos-carneiros-Tamandare.jpg?fit=900%2C300&ssl=1&resize=700%2C400 2x"},"classes":[]},{"id":4886,"url":"https:\/\/www.visiteobrasil.com.br\/news\/amapa\/","url_meta":{"origin":4866,"position":4},"title":"Amap\u00e1","author":"Ramon","date":"12 de outubro de 2023","format":false,"excerpt":"Previous Next O estado do Amap\u00e1, situado na Regi\u00e3o Norte do Brasil, \u00e9 um lugar de beleza natural intocada e biodiversidade exuberante. Grande parte do territ\u00f3rio do Amap\u00e1 \u00e9 coberto por densas florestas tropicais da Amaz\u00f4nia, proporcionando um habitat rico em vida selvagem. O Parque Nacional Montanhas do Tumuc-Humac, uma\u2026","rel":"","context":"Post similar","block_context":{"text":"Post similar","link":""},"img":{"alt_text":"Por do sol em Curiau - Amap\u00e1","src":"https:\/\/i0.wp.com\/www.visiteobrasil.com.br\/news\/wp-content\/uploads\/2023\/10\/Amapa-Curiau-Foto-Marcia-do-Carmo.jpg?fit=900%2C301&ssl=1&resize=350%2C200","width":350,"height":200,"srcset":"https:\/\/i0.wp.com\/www.visiteobrasil.com.br\/news\/wp-content\/uploads\/2023\/10\/Amapa-Curiau-Foto-Marcia-do-Carmo.jpg?fit=900%2C301&ssl=1&resize=350%2C200 1x, https:\/\/i0.wp.com\/www.visiteobrasil.com.br\/news\/wp-content\/uploads\/2023\/10\/Amapa-Curiau-Foto-Marcia-do-Carmo.jpg?fit=900%2C301&ssl=1&resize=525%2C300 1.5x, https:\/\/i0.wp.com\/www.visiteobrasil.com.br\/news\/wp-content\/uploads\/2023\/10\/Amapa-Curiau-Foto-Marcia-do-Carmo.jpg?fit=900%2C301&ssl=1&resize=700%2C400 2x"},"classes":[]},{"id":4611,"url":"https:\/\/www.visiteobrasil.com.br\/news\/destinos-internacionais\/","url_meta":{"origin":4866,"position":5},"title":"Destinos Internacionais","author":"Ramon","date":"11 de outubro de 2023","format":false,"excerpt":"Viajar para destinos internacionais oferece uma oportunidade \u00fanica de explorar culturas, paisagens e experi\u00eancias que s\u00e3o t\u00e3o diversas quanto inspiradoras. Nos destinos internacionais, de cidades hist\u00f3ricas a para\u00edsos naturais, o mundo est\u00e1 repleto de destinos tur\u00edsticos que cativam viajantes \u00e1vidos em busca de aventura e descoberta. Cada lugar tem suas\u2026","rel":"","context":"Post similar","block_context":{"text":"Post similar","link":""},"img":{"alt_text":"Destinos internacionais: Jap\u00e3o - Kyoto: Castelo de Nijo","src":"https:\/\/i0.wp.com\/www.visiteobrasil.com.br\/news\/wp-content\/uploads\/2023\/10\/kyoto-castelo-de-nijo-foto-araisyohei-licenca-cc-by-sa-3-0gr.jpg?fit=900%2C300&ssl=1&resize=350%2C200","width":350,"height":200,"srcset":"https:\/\/i0.wp.com\/www.visiteobrasil.com.br\/news\/wp-content\/uploads\/2023\/10\/kyoto-castelo-de-nijo-foto-araisyohei-licenca-cc-by-sa-3-0gr.jpg?fit=900%2C300&ssl=1&resize=350%2C200 1x, https:\/\/i0.wp.com\/www.visiteobrasil.com.br\/news\/wp-content\/uploads\/2023\/10\/kyoto-castelo-de-nijo-foto-araisyohei-licenca-cc-by-sa-3-0gr.jpg?fit=900%2C300&ssl=1&resize=525%2C300 1.5x, https:\/\/i0.wp.com\/www.visiteobrasil.com.br\/news\/wp-content\/uploads\/2023\/10\/kyoto-castelo-de-nijo-foto-araisyohei-licenca-cc-by-sa-3-0gr.jpg?fit=900%2C300&ssl=1&resize=700%2C400 2x"},"classes":[]}],"jetpack_sharing_enabled":true,"jetpack_likes_enabled":true,"_links":{"self":[{"href":"https:\/\/www.visiteobrasil.com.br\/news\/wp-json\/wp\/v2\/pages\/4866","targetHints":{"allow":["GET"]}}],"collection":[{"href":"https:\/\/www.visiteobrasil.com.br\/news\/wp-json\/wp\/v2\/pages"}],"about":[{"href":"https:\/\/www.visiteobrasil.com.br\/news\/wp-json\/wp\/v2\/types\/page"}],"author":[{"embeddable":true,"href":"https:\/\/www.visiteobrasil.com.br\/news\/wp-json\/wp\/v2\/users\/2"}],"replies":[{"embeddable":true,"href":"https:\/\/www.visiteobrasil.com.br\/news\/wp-json\/wp\/v2\/comments?post=4866"}],"version-history":[{"count":4,"href":"https:\/\/www.visiteobrasil.com.br\/news\/wp-json\/wp\/v2\/pages\/4866\/revisions"}],"predecessor-version":[{"id":6287,"href":"https:\/\/www.visiteobrasil.com.br\/news\/wp-json\/wp\/v2\/pages\/4866\/revisions\/6287"}],"wp:featuredmedia":[{"embeddable":true,"href":"https:\/\/www.visiteobrasil.com.br\/news\/wp-json\/wp\/v2\/media\/4867"}],"wp:attachment":[{"href":"https:\/\/www.visiteobrasil.com.br\/news\/wp-json\/wp\/v2\/media?parent=4866"}],"curies":[{"name":"wp","href":"https:\/\/api.w.org\/{rel}","templated":true}]}}