{"id":4857,"date":"2023-10-12T12:15:34","date_gmt":"2023-10-12T15:15:34","guid":{"rendered":"https:\/\/www.visiteobrasil.com.br\/news\/?page_id=4857"},"modified":"2023-11-17T21:02:10","modified_gmt":"2023-11-18T00:02:10","slug":"alagoas","status":"publish","type":"page","link":"https:\/\/www.visiteobrasil.com.br\/news\/alagoas\/","title":{"rendered":"Alagoas"},"content":{"rendered":"\t\t<div data-elementor-type=\"wp-page\" data-elementor-id=\"4857\" class=\"elementor elementor-4857\" data-elementor-post-type=\"page\">\n\t\t\t\t\t\t<section class=\"elementor-section elementor-top-section elementor-element elementor-element-54f4da5 elementor-section-boxed elementor-section-height-default elementor-section-height-default\" data-id=\"54f4da5\" data-element_type=\"section\">\n\t\t\t\t\t\t<div class=\"elementor-container elementor-column-gap-default\">\n\t\t\t\t\t<div class=\"elementor-column elementor-col-100 elementor-top-column elementor-element elementor-element-421f8cc\" data-id=\"421f8cc\" data-element_type=\"column\">\n\t\t\t<div class=\"elementor-widget-wrap elementor-element-populated\">\n\t\t\t\t\t\t<div class=\"elementor-element elementor-element-632a8e5 elementor-skin-coverflow elementor-arrows-yes elementor-pagination-type-bullets elementor-pagination-position-outside elementor-widget elementor-widget-media-carousel\" data-id=\"632a8e5\" data-element_type=\"widget\" data-settings=\"{&quot;skin&quot;:&quot;coverflow&quot;,&quot;speed&quot;:100,&quot;autoplay_speed&quot;:3000,&quot;show_arrows&quot;:&quot;yes&quot;,&quot;pagination&quot;:&quot;bullets&quot;,&quot;autoplay&quot;:&quot;yes&quot;,&quot;loop&quot;:&quot;yes&quot;,&quot;pause_on_hover&quot;:&quot;yes&quot;,&quot;pause_on_interaction&quot;:&quot;yes&quot;,&quot;space_between&quot;:{&quot;unit&quot;:&quot;px&quot;,&quot;size&quot;:10,&quot;sizes&quot;:[]},&quot;space_between_tablet&quot;:{&quot;unit&quot;:&quot;px&quot;,&quot;size&quot;:10,&quot;sizes&quot;:[]},&quot;space_between_mobile&quot;:{&quot;unit&quot;:&quot;px&quot;,&quot;size&quot;:10,&quot;sizes&quot;:[]}}\" data-widget_type=\"media-carousel.default\">\n\t\t\t\t<div class=\"elementor-widget-container\">\n\t\t\t<link rel=\"stylesheet\" href=\"https:\/\/www.visiteobrasil.com.br\/news\/wp-content\/plugins\/pro-elements\/assets\/css\/widget-carousel.min.css?ver=1725798641\">\t\t<div class=\"elementor-swiper\">\n\t\t\t<div class=\"elementor-main-swiper swiper\">\n\t\t\t\t<div class=\"swiper-wrapper\">\n\t\t\t\t\t\t\t\t\t\t\t<div class=\"swiper-slide\">\n\t\t\t\t\t\t\t\t\t<div class=\"elementor-carousel-image\" role=\"img\" aria-label=\"Alagoas - Centro Hist\u00f3rico de Piranhas\" style=\"background-image: url(&#039;https:\/\/i0.wp.com\/www.visiteobrasil.com.br\/news\/wp-content\/uploads\/2023\/10\/al-Centro-Historico-de-Piranhas-piranhasgr.jpg?fit=850%2C301&amp;ssl=1&#039;)\">\n\n\t\t\t\n\t\t\t\t\t<\/div>\n\t\t\t\t\t\t\t\t<\/div>\n\t\t\t\t\t\t\t\t\t\t\t<div class=\"swiper-slide\">\n\t\t\t\t\t\t\t\t\t<div class=\"elementor-carousel-image\" role=\"img\" aria-label=\"Alagoas - \u00c1guas cristalinas em Maragogi\" style=\"background-image: url(&#039;https:\/\/i0.wp.com\/www.visiteobrasil.com.br\/news\/wp-content\/uploads\/2023\/10\/maragogi-aguas-cristalinas-em-maragogi-foto-giza-licenca-cc-by-20gr.jpg?fit=850%2C300&amp;ssl=1&#039;)\">\n\n\t\t\t\n\t\t\t\t\t<\/div>\n\t\t\t\t\t\t\t\t<\/div>\n\t\t\t\t\t\t\t\t\t\t\t<div class=\"swiper-slide\">\n\t\t\t\t\t\t\t\t\t<div class=\"elementor-carousel-image\" role=\"img\" aria-label=\"Alagoas - Praia do Gunga\" style=\"background-image: url(&#039;https:\/\/i0.wp.com\/www.visiteobrasil.com.br\/news\/wp-content\/uploads\/2023\/10\/praia-do-gunga-roteiro-al-litoral-sul-andre-palmeiragr.jpg?fit=850%2C302&amp;ssl=1&#039;)\">\n\n\t\t\t\n\t\t\t\t\t<\/div>\n\t\t\t\t\t\t\t\t<\/div>\n\t\t\t\t\t\t\t\t\t\t\t<div class=\"swiper-slide\">\n\t\t\t\t\t\t\t\t\t<div class=\"elementor-carousel-image\" role=\"img\" aria-label=\"Alagoas - Projeto peixe-boi em Rio Tatuamunha\" style=\"background-image: url(&#039;https:\/\/i0.wp.com\/www.visiteobrasil.com.br\/news\/wp-content\/uploads\/2023\/10\/rio-tatuamunha-projeto-peixe-boi-porto-de-pedras-al-andre-palmeiragr.jpg?fit=850%2C300&amp;ssl=1&#039;)\">\n\n\t\t\t\n\t\t\t\t\t<\/div>\n\t\t\t\t\t\t\t\t<\/div>\n\t\t\t\t\t\t\t\t\t\t\t<div class=\"swiper-slide\">\n\t\t\t\t\t\t\t\t\t<div class=\"elementor-carousel-image\" role=\"img\" aria-label=\"Alagoas - Praia de S\u00e3o MIguel\" style=\"background-image: url(&#039;https:\/\/i0.wp.com\/www.visiteobrasil.com.br\/news\/wp-content\/uploads\/2023\/10\/saomiguelgral-saomiguelgr.jpg?fit=850%2C300&amp;ssl=1&#039;)\">\n\n\t\t\t\n\t\t\t\t\t<\/div>\n\t\t\t\t\t\t\t\t<\/div>\n\t\t\t\t\t\t\t\t\t<\/div>\n\t\t\t\t\t\t\t\t\t\t\t\t\t\t\t<div class=\"swiper-pagination\"><\/div>\n\t\t\t\t\t\t\t\t\t\t\t\t\t\t\t\t<div class=\"elementor-swiper-button elementor-swiper-button-prev\" role=\"button\" tabindex=\"0\">\n\t\t\t\t\t\t\t<svg aria-hidden=\"true\" class=\"e-font-icon-svg e-eicon-chevron-left\" viewBox=\"0 0 1000 1000\" xmlns=\"http:\/\/www.w3.org\/2000\/svg\"><path d=\"M646 125C629 125 613 133 604 142L308 442C296 454 292 471 292 487 292 504 296 521 308 533L604 854C617 867 629 875 646 875 663 875 679 871 692 858 704 846 713 829 713 812 713 796 708 779 692 767L438 487 692 225C700 217 708 204 708 187 708 171 704 154 692 142 675 129 663 125 646 125Z\"><\/path><\/svg>\t\t\t\t\t\t\t<span class=\"elementor-screen-only\">Previous<\/span>\n\t\t\t\t\t\t<\/div>\n\t\t\t\t\t\t<div class=\"elementor-swiper-button elementor-swiper-button-next\" role=\"button\" tabindex=\"0\">\n\t\t\t\t\t\t\t<svg aria-hidden=\"true\" class=\"e-font-icon-svg e-eicon-chevron-right\" viewBox=\"0 0 1000 1000\" xmlns=\"http:\/\/www.w3.org\/2000\/svg\"><path d=\"M696 533C708 521 713 504 713 487 713 471 708 454 696 446L400 146C388 133 375 125 354 125 338 125 325 129 313 142 300 154 292 171 292 187 292 204 296 221 308 233L563 492 304 771C292 783 288 800 288 817 288 833 296 850 308 863 321 871 338 875 354 875 371 875 388 867 400 854L696 533Z\"><\/path><\/svg>\t\t\t\t\t\t\t<span class=\"elementor-screen-only\">Next<\/span>\n\t\t\t\t\t\t<\/div>\n\t\t\t\t\t\t\t\t\t\t\t\t<\/div>\n\t\t<\/div>\n\t\t\t\t<\/div>\n\t\t\t\t<\/div>\n\t\t\t\t\t<\/div>\n\t\t<\/div>\n\t\t\t\t\t<\/div>\n\t\t<\/section>\n\t\t\t\t<section class=\"elementor-section elementor-top-section elementor-element elementor-element-3f39d07c elementor-section-boxed elementor-section-height-default elementor-section-height-default\" data-id=\"3f39d07c\" data-element_type=\"section\">\n\t\t\t\t\t\t<div class=\"elementor-container elementor-column-gap-default\">\n\t\t\t\t\t<div class=\"elementor-column elementor-col-100 elementor-top-column elementor-element elementor-element-4cb67230\" data-id=\"4cb67230\" data-element_type=\"column\">\n\t\t\t<div class=\"elementor-widget-wrap elementor-element-populated\">\n\t\t\t\t\t\t<div class=\"elementor-element elementor-element-1a618dc8 elementor-widget elementor-widget-text-editor\" data-id=\"1a618dc8\" data-element_type=\"widget\" data-widget_type=\"text-editor.default\">\n\t\t\t\t<div class=\"elementor-widget-container\">\n\t\t\t<style>\/*! elementor - v3.23.0 - 05-08-2024 *\/\n.elementor-widget-text-editor.elementor-drop-cap-view-stacked .elementor-drop-cap{background-color:#69727d;color:#fff}.elementor-widget-text-editor.elementor-drop-cap-view-framed .elementor-drop-cap{color:#69727d;border:3px solid;background-color:transparent}.elementor-widget-text-editor:not(.elementor-drop-cap-view-default) .elementor-drop-cap{margin-top:8px}.elementor-widget-text-editor:not(.elementor-drop-cap-view-default) .elementor-drop-cap-letter{width:1em;height:1em}.elementor-widget-text-editor .elementor-drop-cap{float:left;text-align:center;line-height:1;font-size:50px}.elementor-widget-text-editor .elementor-drop-cap-letter{display:inline-block}<\/style>\t\t\t\t<p>O estado de Alagoas, situado na Regi\u00e3o Nordeste do Brasil, \u00e9 um destino de tirar o f\u00f4lego, famoso por suas praias paradis\u00edacas. A regi\u00e3o costeira \u00e9 pontilhada por um espet\u00e1culo de praias intocadas, enseadas tranquilas e piscinas naturais cristalinas, como as da Praia do Gunga e <a href=\"https:\/\/www.visiteobrasil.com.br\/nordeste\/alagoas\/costa-dos-corais\/maragogi\">Maragogi<\/a>. A Costa dos Corais, uma das maiores barreiras de corais do mundo, oferece oportunidades excepcionais para mergulho e observa\u00e7\u00e3o da vida marinha. Alagoas tamb\u00e9m \u00e9 conhecido por seu coqueiral exuberante e manguezais, que abrigam uma rica biodiversidade. As praias de Alagoas s\u00e3o um convite ao relaxamento e \u00e0 aprecia\u00e7\u00e3o das belezas naturais do Nordeste do Brasil.<\/p><h2><strong>Cultura e Gastronomia Ricas em Sabores em Alagoas<\/strong><\/h2><p>Al\u00e9m de suas paisagens de tirar o f\u00f4lego, Alagoas \u00e9 um estado rico em cultura e tradi\u00e7\u00f5es. A cidade de Macei\u00f3, a capital do estado, \u00e9 conhecida por sua hospitalidade calorosa e vida noturna animada, com bares, restaurantes e festas que celebram a m\u00fasica e a dan\u00e7a locais. A <a href=\"https:\/\/pt.wikipedia.org\/wiki\/Categoria:Culin%C3%A1ria_das_Alagoas\" target=\"_blank\" rel=\"noopener\">culin\u00e1ria alagoana<\/a> \u00e9 uma festa para o paladar, destacando pratos como o sururu, um tipo de marisco, e a tapioca, uma iguaria feita a partir da mandioca. A sua cultura \u00e9 permeada por influ\u00eancias africanas, ind\u00edgenas e portuguesas, criando uma fus\u00e3o \u00fanica que se reflete em sua m\u00fasica, dan\u00e7a e artesanato. Com seu cen\u00e1rio costeiro deslumbrante e cultura cativante, \u00e9 um tesouro no Nordeste do Brasil que oferece uma experi\u00eancia aut\u00eantica e enriquecedora aos visitantes!<\/p>\t\t\t\t\t\t<\/div>\n\t\t\t\t<\/div>\n\t\t\t\t\t<\/div>\n\t\t<\/div>\n\t\t\t\t\t<\/div>\n\t\t<\/section>\n\t\t<div class=\"elementor-element elementor-element-be5dec2 e-flex e-con-boxed e-con e-parent\" data-id=\"be5dec2\" data-element_type=\"container\">\n\t\t\t\t\t<div class=\"e-con-inner\">\n\t\t<div class=\"elementor-element elementor-element-3b7bd9b e-con-full e-flex e-con e-child\" data-id=\"3b7bd9b\" data-element_type=\"container\">\n\t\t\t\t<\/div>\n\t\t<div class=\"elementor-element elementor-element-0df5291 e-con-full e-flex e-con e-child\" data-id=\"0df5291\" data-element_type=\"container\">\n\t\t\t\t<div class=\"elementor-element elementor-element-0e5ed6e elementor-widget elementor-widget-eael-creative-button\" data-id=\"0e5ed6e\" data-element_type=\"widget\" data-widget_type=\"eael-creative-button.default\">\n\t\t\t\t<div class=\"elementor-widget-container\">\n\t\t\t        <div class=\"eael-creative-button-wrapper\">\n\n            <a class=\"eael-creative-button eael-creative-button--winona\" href=\"https:\/\/visiteobrasil.com.br\/nordeste\/alagoas\" data-text=\"Veja\">\n            \t    \n                <div class=\"creative-button-inner\">\n\n                    \n                    <span class=\"cretive-button-text\">Destinos tur\u00edsticos de Alagoas<\/span>\n\n                                    <\/div>\n\t                        <\/a>\n        <\/div>\n        \t\t<\/div>\n\t\t\t\t<\/div>\n\t\t\t\t<\/div>\n\t\t<div class=\"elementor-element elementor-element-ede973b e-con-full e-flex e-con e-child\" data-id=\"ede973b\" data-element_type=\"container\">\n\t\t\t\t<\/div>\n\t\t\t\t\t<\/div>\n\t\t\t\t<\/div>\n\t\t\t\t<\/div>\n\t\t","protected":false},"excerpt":{"rendered":"<p>Previous Next O estado de Alagoas, situado na Regi\u00e3o Nordeste do Brasil, \u00e9 um destino de tirar o f\u00f4lego, famoso por suas praias paradis\u00edacas. A regi\u00e3o costeira \u00e9 pontilhada por um espet\u00e1culo de praias intocadas, enseadas tranquilas e piscinas naturais cristalinas, como as da Praia do Gunga e Maragogi. A Costa dos Corais, uma das [&hellip;]<\/p>\n","protected":false},"author":2,"featured_media":4858,"parent":0,"menu_order":0,"comment_status":"closed","ping_status":"closed","template":"","meta":{"footnotes":""},"class_list":["post-4857","page","type-page","status-publish","has-post-thumbnail","hentry"],"jetpack-related-posts":[{"id":4595,"url":"https:\/\/www.visiteobrasil.com.br\/news\/regiao-nordeste\/","url_meta":{"origin":4857,"position":0},"title":"Regi\u00e3o Nordeste","author":"Ramon","date":"11 de outubro de 2023","format":false,"excerpt":"Previous Next O Nordeste\u00a0do Brasil \u00e9 uma regi\u00e3o de extrema diversidade geogr\u00e1fica, abrangendo desde as deslumbrantes praias tropicais at\u00e9 o \u00e1rido sert\u00e3o. Essa variedade de paisagens proporciona uma experi\u00eancia \u00fanica aos visitantes, permitindo que eles explorem desde o litoral paradis\u00edaco com \u00e1guas mornas e coqueiros at\u00e9 as paisagens r\u00fasticas e\u2026","rel":"","context":"Post similar","block_context":{"text":"Post similar","link":""},"img":{"alt_text":"Regi\u00e3o Nordeste - Morro de S\u00e3o Paulo-Bahia","src":"https:\/\/i0.wp.com\/www.visiteobrasil.com.br\/news\/wp-content\/uploads\/2023\/10\/Morro-de-Sao-Paulo-Foto-Rita-Barreto-Setur-Ba.jpg?fit=900%2C303&ssl=1&resize=350%2C200","width":350,"height":200,"srcset":"https:\/\/i0.wp.com\/www.visiteobrasil.com.br\/news\/wp-content\/uploads\/2023\/10\/Morro-de-Sao-Paulo-Foto-Rita-Barreto-Setur-Ba.jpg?fit=900%2C303&ssl=1&resize=350%2C200 1x, https:\/\/i0.wp.com\/www.visiteobrasil.com.br\/news\/wp-content\/uploads\/2023\/10\/Morro-de-Sao-Paulo-Foto-Rita-Barreto-Setur-Ba.jpg?fit=900%2C303&ssl=1&resize=525%2C300 1.5x, https:\/\/i0.wp.com\/www.visiteobrasil.com.br\/news\/wp-content\/uploads\/2023\/10\/Morro-de-Sao-Paulo-Foto-Rita-Barreto-Setur-Ba.jpg?fit=900%2C303&ssl=1&resize=700%2C400 2x"},"classes":[]},{"id":4604,"url":"https:\/\/www.visiteobrasil.com.br\/news\/regiao-sul\/","url_meta":{"origin":4857,"position":1},"title":"Regi\u00e3o Sul","author":"Ramon","date":"11 de outubro de 2023","format":false,"excerpt":"Previous Next A Regi\u00e3o Sul do Brasil, composta pelos estados do Paran\u00e1, Santa Catarina e Rio Grande do Sul, \u00e9 conhecida por suas impressionantes belezas naturais e seu clima ameno. A regi\u00e3o \u00e9 marcada por uma geografia diversificada, que inclui serras, vales, planaltos e litorais encantadores. A regi\u00e3o sulista possui\u2026","rel":"","context":"Post similar","block_context":{"text":"Post similar","link":""},"img":{"alt_text":"Regi\u00e3o Sul - Praias de Balne\u00e1rio Cambori\u00fa","src":"https:\/\/i0.wp.com\/www.visiteobrasil.com.br\/news\/wp-content\/uploads\/2023\/10\/Vista-panoramica-das-Praias-de-Balneario-Camboriu-Foto-VerinhaaLicenca-cc-by-sa-3-0.jpg?fit=900%2C301&ssl=1&resize=350%2C200","width":350,"height":200,"srcset":"https:\/\/i0.wp.com\/www.visiteobrasil.com.br\/news\/wp-content\/uploads\/2023\/10\/Vista-panoramica-das-Praias-de-Balneario-Camboriu-Foto-VerinhaaLicenca-cc-by-sa-3-0.jpg?fit=900%2C301&ssl=1&resize=350%2C200 1x, https:\/\/i0.wp.com\/www.visiteobrasil.com.br\/news\/wp-content\/uploads\/2023\/10\/Vista-panoramica-das-Praias-de-Balneario-Camboriu-Foto-VerinhaaLicenca-cc-by-sa-3-0.jpg?fit=900%2C301&ssl=1&resize=525%2C300 1.5x, https:\/\/i0.wp.com\/www.visiteobrasil.com.br\/news\/wp-content\/uploads\/2023\/10\/Vista-panoramica-das-Praias-de-Balneario-Camboriu-Foto-VerinhaaLicenca-cc-by-sa-3-0.jpg?fit=900%2C301&ssl=1&resize=700%2C400 2x"},"classes":[]},{"id":4601,"url":"https:\/\/www.visiteobrasil.com.br\/news\/regiao-sudeste\/","url_meta":{"origin":4857,"position":2},"title":"Regi\u00e3o Sudeste","author":"Ramon","date":"11 de outubro de 2023","format":false,"excerpt":"Previous Next A Regi\u00e3o Sudeste do Brasil, composta pelos estados de S\u00e3o Paulo, Rio de Janeiro, Minas Gerais e Esp\u00edrito Santo, \u00e9 o motor econ\u00f4mico do pa\u00eds. Sendo a regi\u00e3o mais industrializada e urbanizada do Brasil, o Sudeste \u00e9 o epicentro das atividades financeiras, industriais e tecnol\u00f3gicas. S\u00e3o Paulo, a\u2026","rel":"","context":"Post similar","block_context":{"text":"Post similar","link":""},"img":{"alt_text":"Regi\u00e3o Sudeste - Museu da Inconfid\u00eancia Mineira","src":"https:\/\/i0.wp.com\/www.visiteobrasil.com.br\/news\/wp-content\/uploads\/2023\/10\/Museu-da-Inconfidencia-Foto-Valter-Campanato-abr-Licenca-cc-by-sa-3-0.jpg?fit=900%2C303&ssl=1&resize=350%2C200","width":350,"height":200,"srcset":"https:\/\/i0.wp.com\/www.visiteobrasil.com.br\/news\/wp-content\/uploads\/2023\/10\/Museu-da-Inconfidencia-Foto-Valter-Campanato-abr-Licenca-cc-by-sa-3-0.jpg?fit=900%2C303&ssl=1&resize=350%2C200 1x, https:\/\/i0.wp.com\/www.visiteobrasil.com.br\/news\/wp-content\/uploads\/2023\/10\/Museu-da-Inconfidencia-Foto-Valter-Campanato-abr-Licenca-cc-by-sa-3-0.jpg?fit=900%2C303&ssl=1&resize=525%2C300 1.5x, https:\/\/i0.wp.com\/www.visiteobrasil.com.br\/news\/wp-content\/uploads\/2023\/10\/Museu-da-Inconfidencia-Foto-Valter-Campanato-abr-Licenca-cc-by-sa-3-0.jpg?fit=900%2C303&ssl=1&resize=700%2C400 2x"},"classes":[]},{"id":4860,"url":"https:\/\/www.visiteobrasil.com.br\/news\/ceara\/","url_meta":{"origin":4857,"position":3},"title":"Cear\u00e1","author":"Ramon","date":"12 de outubro de 2023","format":false,"excerpt":"Previous Next O estado do Cear\u00e1, localizado na Regi\u00e3o Nordeste do Brasil, \u00e9 famoso por suas praias deslumbrantes e clima ensolarado. A capital, Fortaleza, \u00e9 um dos principais destinos litor\u00e2neos do pa\u00eds, com praias de areia dourada, como a Praia de Iracema e a Praia do Futuro, ideais para banhos\u2026","rel":"","context":"Post similar","block_context":{"text":"Post similar","link":""},"img":{"alt_text":"Cear\u00e1 - Lagoa do Para\u00edso em Jericoacoara","src":"https:\/\/i0.wp.com\/www.visiteobrasil.com.br\/news\/wp-content\/uploads\/2023\/10\/jericoacoara-lagoa-do-paraiso-foto-idobi-licenca-cc-by-30gr.jpg?fit=850%2C301&ssl=1&resize=350%2C200","width":350,"height":200,"srcset":"https:\/\/i0.wp.com\/www.visiteobrasil.com.br\/news\/wp-content\/uploads\/2023\/10\/jericoacoara-lagoa-do-paraiso-foto-idobi-licenca-cc-by-30gr.jpg?fit=850%2C301&ssl=1&resize=350%2C200 1x, https:\/\/i0.wp.com\/www.visiteobrasil.com.br\/news\/wp-content\/uploads\/2023\/10\/jericoacoara-lagoa-do-paraiso-foto-idobi-licenca-cc-by-30gr.jpg?fit=850%2C301&ssl=1&resize=525%2C300 1.5x, https:\/\/i0.wp.com\/www.visiteobrasil.com.br\/news\/wp-content\/uploads\/2023\/10\/jericoacoara-lagoa-do-paraiso-foto-idobi-licenca-cc-by-30gr.jpg?fit=850%2C301&ssl=1&resize=700%2C400 2x"},"classes":[]},{"id":4866,"url":"https:\/\/www.visiteobrasil.com.br\/news\/paraiba\/","url_meta":{"origin":4857,"position":4},"title":"Para\u00edba","author":"Ramon","date":"12 de outubro de 2023","format":false,"excerpt":"Previous Next O estado da Para\u00edba, localizado na Regi\u00e3o Nordeste do Brasil, \u00e9 um lugar onde a beleza natural encontra o oceano. Com uma costa deslumbrante banhada pelo Oceano Atl\u00e2ntico, a Para\u00edba oferece uma s\u00e9rie de praias de areia dourada que atraem visitantes em busca de sol e \u00e1guas mornas.\u2026","rel":"","context":"Post similar","block_context":{"text":"Post similar","link":""},"img":{"alt_text":"Para\u00edba - Praia de Cabedelo em por do sol","src":"https:\/\/i0.wp.com\/www.visiteobrasil.com.br\/news\/wp-content\/uploads\/2023\/10\/Cabedelo-barcosdepassageirosportodecabedelo-foto-joserafaelmendesbarbosa-licenca-cc-by-sa-30gr.jpg?fit=850%2C300&ssl=1&resize=350%2C200","width":350,"height":200,"srcset":"https:\/\/i0.wp.com\/www.visiteobrasil.com.br\/news\/wp-content\/uploads\/2023\/10\/Cabedelo-barcosdepassageirosportodecabedelo-foto-joserafaelmendesbarbosa-licenca-cc-by-sa-30gr.jpg?fit=850%2C300&ssl=1&resize=350%2C200 1x, https:\/\/i0.wp.com\/www.visiteobrasil.com.br\/news\/wp-content\/uploads\/2023\/10\/Cabedelo-barcosdepassageirosportodecabedelo-foto-joserafaelmendesbarbosa-licenca-cc-by-sa-30gr.jpg?fit=850%2C300&ssl=1&resize=525%2C300 1.5x, https:\/\/i0.wp.com\/www.visiteobrasil.com.br\/news\/wp-content\/uploads\/2023\/10\/Cabedelo-barcosdepassageirosportodecabedelo-foto-joserafaelmendesbarbosa-licenca-cc-by-sa-30gr.jpg?fit=850%2C300&ssl=1&resize=700%2C400 2x"},"classes":[]},{"id":4869,"url":"https:\/\/www.visiteobrasil.com.br\/news\/pernambuco\/","url_meta":{"origin":4857,"position":5},"title":"Pernambuco","author":"Ramon","date":"12 de outubro de 2023","format":false,"excerpt":"Previous Next O estado de Pernambuco, situado na Regi\u00e3o Nordeste do Brasil, \u00e9 um lugar de hist\u00f3ria rica e um centro cultural vibrante. Sua capital, Recife, \u00e9 conhecida por suas influ\u00eancias europeias, africanas e ind\u00edgenas, que se manifestam em sua arquitetura, m\u00fasica e gastronomia. O Recife Antigo, parte do centro\u2026","rel":"","context":"Post similar","block_context":{"text":"Post similar","link":""},"img":{"alt_text":"Pernambuco - Praia dos Cafrneiros - Tamandar\u00e9","src":"https:\/\/i0.wp.com\/www.visiteobrasil.com.br\/news\/wp-content\/uploads\/2023\/10\/Pernambuco-Praia-dos-carneiros-Tamandare.jpg?fit=900%2C300&ssl=1&resize=350%2C200","width":350,"height":200,"srcset":"https:\/\/i0.wp.com\/www.visiteobrasil.com.br\/news\/wp-content\/uploads\/2023\/10\/Pernambuco-Praia-dos-carneiros-Tamandare.jpg?fit=900%2C300&ssl=1&resize=350%2C200 1x, https:\/\/i0.wp.com\/www.visiteobrasil.com.br\/news\/wp-content\/uploads\/2023\/10\/Pernambuco-Praia-dos-carneiros-Tamandare.jpg?fit=900%2C300&ssl=1&resize=525%2C300 1.5x, https:\/\/i0.wp.com\/www.visiteobrasil.com.br\/news\/wp-content\/uploads\/2023\/10\/Pernambuco-Praia-dos-carneiros-Tamandare.jpg?fit=900%2C300&ssl=1&resize=700%2C400 2x"},"classes":[]}],"jetpack_sharing_enabled":true,"jetpack_likes_enabled":true,"_links":{"self":[{"href":"https:\/\/www.visiteobrasil.com.br\/news\/wp-json\/wp\/v2\/pages\/4857","targetHints":{"allow":["GET"]}}],"collection":[{"href":"https:\/\/www.visiteobrasil.com.br\/news\/wp-json\/wp\/v2\/pages"}],"about":[{"href":"https:\/\/www.visiteobrasil.com.br\/news\/wp-json\/wp\/v2\/types\/page"}],"author":[{"embeddable":true,"href":"https:\/\/www.visiteobrasil.com.br\/news\/wp-json\/wp\/v2\/users\/2"}],"replies":[{"embeddable":true,"href":"https:\/\/www.visiteobrasil.com.br\/news\/wp-json\/wp\/v2\/comments?post=4857"}],"version-history":[{"count":10,"href":"https:\/\/www.visiteobrasil.com.br\/news\/wp-json\/wp\/v2\/pages\/4857\/revisions"}],"predecessor-version":[{"id":5870,"href":"https:\/\/www.visiteobrasil.com.br\/news\/wp-json\/wp\/v2\/pages\/4857\/revisions\/5870"}],"wp:featuredmedia":[{"embeddable":true,"href":"https:\/\/www.visiteobrasil.com.br\/news\/wp-json\/wp\/v2\/media\/4858"}],"wp:attachment":[{"href":"https:\/\/www.visiteobrasil.com.br\/news\/wp-json\/wp\/v2\/media?parent=4857"}],"curies":[{"name":"wp","href":"https:\/\/api.w.org\/{rel}","templated":true}]}}