{"id":4595,"date":"2023-10-11T11:11:27","date_gmt":"2023-10-11T14:11:27","guid":{"rendered":"https:\/\/www.visiteobrasil.com.br\/news\/?page_id=4595"},"modified":"2023-12-04T15:04:36","modified_gmt":"2023-12-04T18:04:36","slug":"regiao-nordeste","status":"publish","type":"page","link":"https:\/\/www.visiteobrasil.com.br\/news\/regiao-nordeste\/","title":{"rendered":"Regi\u00e3o Nordeste"},"content":{"rendered":"\t\t<div data-elementor-type=\"wp-page\" data-elementor-id=\"4595\" class=\"elementor elementor-4595\" data-elementor-post-type=\"page\">\n\t\t\t\t\t\t<section class=\"elementor-section elementor-top-section elementor-element elementor-element-a75e540 elementor-section-boxed elementor-section-height-default elementor-section-height-default\" data-id=\"a75e540\" data-element_type=\"section\">\n\t\t\t\t\t\t<div class=\"elementor-container elementor-column-gap-default\">\n\t\t\t\t\t<div class=\"elementor-column elementor-col-100 elementor-top-column elementor-element elementor-element-d26f5b4\" data-id=\"d26f5b4\" data-element_type=\"column\">\n\t\t\t<div class=\"elementor-widget-wrap elementor-element-populated\">\n\t\t\t\t\t\t<div class=\"elementor-element elementor-element-bc33558 elementor-skin-carousel elementor-arrows-yes elementor-pagination-type-bullets elementor-pagination-position-outside elementor-widget elementor-widget-media-carousel\" data-id=\"bc33558\" data-element_type=\"widget\" data-settings=\"{&quot;effect&quot;:&quot;cube&quot;,&quot;space_between&quot;:{&quot;unit&quot;:&quot;px&quot;,&quot;size&quot;:&quot;&quot;,&quot;sizes&quot;:[]},&quot;skin&quot;:&quot;carousel&quot;,&quot;show_arrows&quot;:&quot;yes&quot;,&quot;pagination&quot;:&quot;bullets&quot;,&quot;speed&quot;:500,&quot;autoplay&quot;:&quot;yes&quot;,&quot;autoplay_speed&quot;:5000,&quot;loop&quot;:&quot;yes&quot;,&quot;pause_on_hover&quot;:&quot;yes&quot;,&quot;pause_on_interaction&quot;:&quot;yes&quot;,&quot;space_between_tablet&quot;:{&quot;unit&quot;:&quot;px&quot;,&quot;size&quot;:10,&quot;sizes&quot;:[]},&quot;space_between_mobile&quot;:{&quot;unit&quot;:&quot;px&quot;,&quot;size&quot;:10,&quot;sizes&quot;:[]}}\" data-widget_type=\"media-carousel.default\">\n\t\t\t\t<div class=\"elementor-widget-container\">\n\t\t\t<link rel=\"stylesheet\" href=\"https:\/\/www.visiteobrasil.com.br\/news\/wp-content\/plugins\/pro-elements\/assets\/css\/widget-carousel.min.css?ver=1725798641\">\t\t<div class=\"elementor-swiper\">\n\t\t\t<div class=\"elementor-main-swiper swiper\">\n\t\t\t\t<div class=\"swiper-wrapper\">\n\t\t\t\t\t\t\t\t\t\t\t<div class=\"swiper-slide\">\n\t\t\t\t\t\t\t\t\t<div class=\"elementor-carousel-image\" role=\"img\" aria-label=\"Salvador - Bahia - Por do sol no farol da barra.\" style=\"background-image: url(&#039;https:\/\/i0.wp.com\/www.visiteobrasil.com.br\/news\/wp-content\/uploads\/2023\/10\/Salvador-Bahia-final-de-tarde-no-farol-da-barra-foto-jota-freitas-seturgr.jpg?fit=850%2C301&amp;ssl=1&#039;)\">\n\n\t\t\t\n\t\t\t\t\t<\/div>\n\t\t\t\t\t\t\t\t<\/div>\n\t\t\t\t\t\t\t\t\t\t\t<div class=\"swiper-slide\">\n\t\t\t\t\t\t\t\t\t<div class=\"elementor-carousel-image\" role=\"img\" aria-label=\"Alagoas - Jequi\u00e1 da Praia\" style=\"background-image: url(&#039;https:\/\/i0.wp.com\/www.visiteobrasil.com.br\/news\/wp-content\/uploads\/2023\/10\/Alagoas-Jequia-da-Praia.jpg?fit=900%2C300&amp;ssl=1&#039;)\">\n\n\t\t\t\n\t\t\t\t\t<\/div>\n\t\t\t\t\t\t\t\t<\/div>\n\t\t\t\t\t\t\t\t\t\t\t<div class=\"swiper-slide\">\n\t\t\t\t\t\t\t\t\t<div class=\"elementor-carousel-image\" role=\"img\" aria-label=\"Cear\u00e1 - Lagoa do Para\u00edso em Jericoacoara\" style=\"background-image: url(&#039;https:\/\/i0.wp.com\/www.visiteobrasil.com.br\/news\/wp-content\/uploads\/2023\/10\/jericoacoara-lagoa-do-paraiso-foto-idobi-licenca-cc-by-30gr.jpg?fit=850%2C301&amp;ssl=1&#039;)\">\n\n\t\t\t\n\t\t\t\t\t<\/div>\n\t\t\t\t\t\t\t\t<\/div>\n\t\t\t\t\t\t\t\t\t\t\t<div class=\"swiper-slide\">\n\t\t\t\t\t\t\t\t\t<div class=\"elementor-carousel-image\" role=\"img\" aria-label=\"Maranh\u00e3o - As dunas no interior de Barreirinhas\" style=\"background-image: url(&#039;https:\/\/i0.wp.com\/www.visiteobrasil.com.br\/news\/wp-content\/uploads\/2023\/10\/Barreirinhas-dunasnointeriordoparque-foto-vitor1234-licenca-cc-by-sa-30gr.jpg?fit=850%2C300&amp;ssl=1&#039;)\">\n\n\t\t\t\n\t\t\t\t\t<\/div>\n\t\t\t\t\t\t\t\t<\/div>\n\t\t\t\t\t\t\t\t\t\t\t<div class=\"swiper-slide\">\n\t\t\t\t\t\t\t\t\t<div class=\"elementor-carousel-image\" role=\"img\" aria-label=\"Pernambuco - Praia dos Cafrneiros - Tamandar\u00e9\" style=\"background-image: url(&#039;https:\/\/i0.wp.com\/www.visiteobrasil.com.br\/news\/wp-content\/uploads\/2023\/10\/Pernambuco-Praia-dos-carneiros-Tamandare.jpg?fit=900%2C300&amp;ssl=1&#039;)\">\n\n\t\t\t\n\t\t\t\t\t<\/div>\n\t\t\t\t\t\t\t\t<\/div>\n\t\t\t\t\t\t\t\t\t<\/div>\n\t\t\t\t\t\t\t\t\t\t\t\t\t\t\t<div class=\"swiper-pagination\"><\/div>\n\t\t\t\t\t\t\t\t\t\t\t\t\t\t\t\t<div class=\"elementor-swiper-button elementor-swiper-button-prev\" role=\"button\" tabindex=\"0\">\n\t\t\t\t\t\t\t<svg aria-hidden=\"true\" class=\"e-font-icon-svg e-eicon-chevron-left\" viewBox=\"0 0 1000 1000\" xmlns=\"http:\/\/www.w3.org\/2000\/svg\"><path d=\"M646 125C629 125 613 133 604 142L308 442C296 454 292 471 292 487 292 504 296 521 308 533L604 854C617 867 629 875 646 875 663 875 679 871 692 858 704 846 713 829 713 812 713 796 708 779 692 767L438 487 692 225C700 217 708 204 708 187 708 171 704 154 692 142 675 129 663 125 646 125Z\"><\/path><\/svg>\t\t\t\t\t\t\t<span class=\"elementor-screen-only\">Previous<\/span>\n\t\t\t\t\t\t<\/div>\n\t\t\t\t\t\t<div class=\"elementor-swiper-button elementor-swiper-button-next\" role=\"button\" tabindex=\"0\">\n\t\t\t\t\t\t\t<svg aria-hidden=\"true\" class=\"e-font-icon-svg e-eicon-chevron-right\" viewBox=\"0 0 1000 1000\" xmlns=\"http:\/\/www.w3.org\/2000\/svg\"><path d=\"M696 533C708 521 713 504 713 487 713 471 708 454 696 446L400 146C388 133 375 125 354 125 338 125 325 129 313 142 300 154 292 171 292 187 292 204 296 221 308 233L563 492 304 771C292 783 288 800 288 817 288 833 296 850 308 863 321 871 338 875 354 875 371 875 388 867 400 854L696 533Z\"><\/path><\/svg>\t\t\t\t\t\t\t<span class=\"elementor-screen-only\">Next<\/span>\n\t\t\t\t\t\t<\/div>\n\t\t\t\t\t\t\t\t\t\t\t\t<\/div>\n\t\t<\/div>\n\t\t\t\t<\/div>\n\t\t\t\t<\/div>\n\t\t\t\t\t<\/div>\n\t\t<\/div>\n\t\t\t\t\t<\/div>\n\t\t<\/section>\n\t\t\t\t<section class=\"elementor-section elementor-top-section elementor-element elementor-element-781fec4e elementor-section-boxed elementor-section-height-default elementor-section-height-default\" data-id=\"781fec4e\" data-element_type=\"section\">\n\t\t\t\t\t\t<div class=\"elementor-container elementor-column-gap-default\">\n\t\t\t\t\t<div class=\"elementor-column elementor-col-100 elementor-top-column elementor-element elementor-element-7a96a891\" data-id=\"7a96a891\" data-element_type=\"column\">\n\t\t\t<div class=\"elementor-widget-wrap elementor-element-populated\">\n\t\t\t\t\t\t<div class=\"elementor-element elementor-element-56bc88e1 elementor-widget elementor-widget-text-editor\" data-id=\"56bc88e1\" data-element_type=\"widget\" data-widget_type=\"text-editor.default\">\n\t\t\t\t<div class=\"elementor-widget-container\">\n\t\t\t<style>\/*! elementor - v3.23.0 - 05-08-2024 *\/\n.elementor-widget-text-editor.elementor-drop-cap-view-stacked .elementor-drop-cap{background-color:#69727d;color:#fff}.elementor-widget-text-editor.elementor-drop-cap-view-framed .elementor-drop-cap{color:#69727d;border:3px solid;background-color:transparent}.elementor-widget-text-editor:not(.elementor-drop-cap-view-default) .elementor-drop-cap{margin-top:8px}.elementor-widget-text-editor:not(.elementor-drop-cap-view-default) .elementor-drop-cap-letter{width:1em;height:1em}.elementor-widget-text-editor .elementor-drop-cap{float:left;text-align:center;line-height:1;font-size:50px}.elementor-widget-text-editor .elementor-drop-cap-letter{display:inline-block}<\/style>\t\t\t\t<p>O <a href=\"https:\/\/pt.wikipedia.org\/wiki\/Regi%C3%A3o_Nordeste_do_Brasil\" target=\"_blank\" rel=\"noopener\">Nordeste<\/a>&nbsp;do Brasil \u00e9 uma regi\u00e3o de extrema diversidade geogr\u00e1fica, abrangendo desde as deslumbrantes praias tropicais at\u00e9 o \u00e1rido sert\u00e3o. Essa variedade de paisagens proporciona uma experi\u00eancia \u00fanica aos visitantes, permitindo que eles explorem desde o litoral paradis\u00edaco com \u00e1guas mornas e coqueiros at\u00e9 as paisagens r\u00fasticas e \u00e1ridas do sert\u00e3o nordestino. A composi\u00e7\u00e3o da regi\u00e3o Nordeste \u00e9 feita pelos estados de <b><i>Alagoas, Bahia, Cear\u00e1, Maranh\u00e3o, Para\u00edba, Pernambuco, Piau\u00ed, Rio rande do Norte e Sergipe.<\/i><\/b><\/p>\n<h3>Cultura e festivais vibrantes da regi\u00e3o Nordeste<\/h3>\n<p>A cultura nordestina \u00e9 rica e diversificada, e a regi\u00e3o \u00e9 conhecida por seus festivais animados e celebra\u00e7\u00f5es populares. O Carnaval de <a href=\"https:\/\/www.visiteobrasil.com.br\/nordeste\/bahia\/capital\/salvador\">Salvador<\/a> \u00e9 um dos maiores e mais famosos do Brasil, atraindo multid\u00f5es de foli\u00f5es de todo o mundo para as ruas da cidade. Al\u00e9m disso, o S\u00e3o Jo\u00e3o, que celebra as festas juninas, \u00e9 uma tradi\u00e7\u00e3o colorida e festiva que se estende por toda a regi\u00e3o, com dan\u00e7as t\u00edpicas, comidas deliciosas e muita m\u00fasica.<\/p>\n<p>A seguir, conhe\u00e7a mais sobre o que, cada estado tem a lhe oferecer, bem como,&nbsp;os principais destinos tur\u00edsticos de cada um deles, \u00e0 exemplo de:&nbsp;<i><b>Como \u00e9, Atrativos, O que fazer,&nbsp;<\/b><\/i><i><b>Sua historia, Como chegar, Onde se hospedar, dentre outros:&nbsp;<\/b><\/i><\/p>\t\t\t\t\t\t<\/div>\n\t\t\t\t<\/div>\n\t\t\t\t\t<\/div>\n\t\t<\/div>\n\t\t\t\t\t<\/div>\n\t\t<\/section>\n\t\t\t\t<section class=\"elementor-section elementor-top-section elementor-element elementor-element-1bc2d4b elementor-section-boxed elementor-section-height-default elementor-section-height-default\" data-id=\"1bc2d4b\" data-element_type=\"section\">\n\t\t\t\t\t\t<div class=\"elementor-container elementor-column-gap-default\">\n\t\t\t\t\t<div class=\"elementor-column elementor-col-100 elementor-top-column elementor-element elementor-element-58a7cc0\" data-id=\"58a7cc0\" data-element_type=\"column\">\n\t\t\t<div class=\"elementor-widget-wrap elementor-element-populated\">\n\t\t\t\t\t\t<div class=\"elementor-element elementor-element-55193fc elementor-widget elementor-widget-heading\" data-id=\"55193fc\" data-element_type=\"widget\" data-widget_type=\"heading.default\">\n\t\t\t\t<div class=\"elementor-widget-container\">\n\t\t\t<style>\/*! elementor - v3.23.0 - 05-08-2024 *\/\n.elementor-heading-title{padding:0;margin:0;line-height:1}.elementor-widget-heading .elementor-heading-title[class*=elementor-size-]>a{color:inherit;font-size:inherit;line-height:inherit}.elementor-widget-heading .elementor-heading-title.elementor-size-small{font-size:15px}.elementor-widget-heading .elementor-heading-title.elementor-size-medium{font-size:19px}.elementor-widget-heading .elementor-heading-title.elementor-size-large{font-size:29px}.elementor-widget-heading .elementor-heading-title.elementor-size-xl{font-size:39px}.elementor-widget-heading .elementor-heading-title.elementor-size-xxl{font-size:59px}<\/style><h3 class=\"elementor-heading-title elementor-size-default\">Estados da regi\u00e3o Nordeste<\/h3>\t\t<\/div>\n\t\t\t\t<\/div>\n\t\t\t\t\t<\/div>\n\t\t<\/div>\n\t\t\t\t\t<\/div>\n\t\t<\/section>\n\t\t\t\t<section class=\"elementor-section elementor-top-section elementor-element elementor-element-9246944 elementor-section-boxed elementor-section-height-default elementor-section-height-default\" data-id=\"9246944\" data-element_type=\"section\">\n\t\t\t\t\t\t<div class=\"elementor-container elementor-column-gap-default\">\n\t\t\t\t\t<div class=\"elementor-column elementor-col-33 elementor-top-column elementor-element elementor-element-023da58\" data-id=\"023da58\" data-element_type=\"column\">\n\t\t\t<div class=\"elementor-widget-wrap elementor-element-populated\">\n\t\t\t\t\t\t<div class=\"elementor-element elementor-element-9d5bc39 elementor-position-top elementor-widget elementor-widget-image-box\" data-id=\"9d5bc39\" data-element_type=\"widget\" data-widget_type=\"image-box.default\">\n\t\t\t\t<div class=\"elementor-widget-container\">\n\t\t\t<style>\/*! elementor - v3.23.0 - 05-08-2024 *\/\n.elementor-widget-image-box .elementor-image-box-content{width:100%}@media (min-width:768px){.elementor-widget-image-box.elementor-position-left .elementor-image-box-wrapper,.elementor-widget-image-box.elementor-position-right .elementor-image-box-wrapper{display:flex}.elementor-widget-image-box.elementor-position-right .elementor-image-box-wrapper{text-align:end;flex-direction:row-reverse}.elementor-widget-image-box.elementor-position-left .elementor-image-box-wrapper{text-align:start;flex-direction:row}.elementor-widget-image-box.elementor-position-top .elementor-image-box-img{margin:auto}.elementor-widget-image-box.elementor-vertical-align-top .elementor-image-box-wrapper{align-items:flex-start}.elementor-widget-image-box.elementor-vertical-align-middle .elementor-image-box-wrapper{align-items:center}.elementor-widget-image-box.elementor-vertical-align-bottom .elementor-image-box-wrapper{align-items:flex-end}}@media (max-width:767px){.elementor-widget-image-box .elementor-image-box-img{margin-left:auto!important;margin-right:auto!important;margin-bottom:15px}}.elementor-widget-image-box .elementor-image-box-img{display:inline-block}.elementor-widget-image-box .elementor-image-box-title a{color:inherit}.elementor-widget-image-box .elementor-image-box-wrapper{text-align:center}.elementor-widget-image-box .elementor-image-box-description{margin:0}<\/style><div class=\"elementor-image-box-wrapper\"><figure class=\"elementor-image-box-img\"><a href=\"https:\/\/www.visiteobrasil.com.br\/news\/alagoas\/\" tabindex=\"-1\"><img fetchpriority=\"high\" decoding=\"async\" width=\"900\" height=\"300\" src=\"https:\/\/i0.wp.com\/www.visiteobrasil.com.br\/news\/wp-content\/uploads\/2023\/10\/Alagoas-Jequia-da-Praia.jpg?fit=900%2C300&amp;ssl=1\" class=\"elementor-animation-pulse attachment-full size-full wp-image-4858\" alt=\"Alagoas - Jequi\u00e1 da Praia\" title=\"\" srcset=\"https:\/\/i0.wp.com\/www.visiteobrasil.com.br\/news\/wp-content\/uploads\/2023\/10\/Alagoas-Jequia-da-Praia.jpg?w=900&amp;ssl=1 900w, https:\/\/i0.wp.com\/www.visiteobrasil.com.br\/news\/wp-content\/uploads\/2023\/10\/Alagoas-Jequia-da-Praia.jpg?resize=300%2C100&amp;ssl=1 300w, https:\/\/i0.wp.com\/www.visiteobrasil.com.br\/news\/wp-content\/uploads\/2023\/10\/Alagoas-Jequia-da-Praia.jpg?resize=768%2C256&amp;ssl=1 768w\" sizes=\"(max-width: 800px) 100vw, 800px\" \/><\/a><\/figure><div class=\"elementor-image-box-content\"><h4 class=\"elementor-image-box-title\"><a href=\"https:\/\/www.visiteobrasil.com.br\/news\/alagoas\/\">Alagoas<\/a><\/h4><p class=\"elementor-image-box-description\">O estado de Alagoas, bem situado nessa Regi\u00e3o do Brasil, \u00e9 um destino de tirar o f\u00f4lego, famoso por suas praias paradis\u00edacas. A regi\u00e3o costeira \u00e9 pontilhada por um espet\u00e1culo de praias intocadas, enseadas .<b><i>Clique na imagem<\/i><\/b><\/p><\/div><\/div>\t\t<\/div>\n\t\t\t\t<\/div>\n\t\t\t\t<div class=\"elementor-element elementor-element-f96925c elementor-position-top elementor-widget elementor-widget-image-box\" data-id=\"f96925c\" data-element_type=\"widget\" data-widget_type=\"image-box.default\">\n\t\t\t\t<div class=\"elementor-widget-container\">\n\t\t\t<div class=\"elementor-image-box-wrapper\"><figure class=\"elementor-image-box-img\"><a href=\"https:\/\/www.visiteobrasil.com.br\/news\/bahia\/\" tabindex=\"-1\"><img decoding=\"async\" width=\"850\" height=\"301\" src=\"https:\/\/i0.wp.com\/www.visiteobrasil.com.br\/news\/wp-content\/uploads\/2023\/10\/Salvador-Bahia-final-de-tarde-no-farol-da-barra-foto-jota-freitas-seturgr.jpg?fit=850%2C301&amp;ssl=1\" class=\"elementor-animation-pulse attachment-full size-full wp-image-4855\" alt=\"Salvador - Bahia - Por do sol no farol da barra.\" title=\"\" srcset=\"https:\/\/i0.wp.com\/www.visiteobrasil.com.br\/news\/wp-content\/uploads\/2023\/10\/Salvador-Bahia-final-de-tarde-no-farol-da-barra-foto-jota-freitas-seturgr.jpg?w=850&amp;ssl=1 850w, https:\/\/i0.wp.com\/www.visiteobrasil.com.br\/news\/wp-content\/uploads\/2023\/10\/Salvador-Bahia-final-de-tarde-no-farol-da-barra-foto-jota-freitas-seturgr.jpg?resize=300%2C106&amp;ssl=1 300w, https:\/\/i0.wp.com\/www.visiteobrasil.com.br\/news\/wp-content\/uploads\/2023\/10\/Salvador-Bahia-final-de-tarde-no-farol-da-barra-foto-jota-freitas-seturgr.jpg?resize=768%2C272&amp;ssl=1 768w\" sizes=\"(max-width: 800px) 100vw, 800px\" \/><\/a><\/figure><div class=\"elementor-image-box-content\"><h4 class=\"elementor-image-box-title\"><a href=\"https:\/\/www.visiteobrasil.com.br\/news\/bahia\/\">Bahia<\/a><\/h4><p class=\"elementor-image-box-description\">O estado da Bahia, localizado nessa Regi\u00e3o bel\u00edssima regi\u00e3o do Brasil, \u00e9 um dos destinos mais culturalmente ricos e diversificados do pa\u00eds. Conhecida por sua heran\u00e7a afro-brasileira, a Bahia abriga uma mistura de culturas e ...<b><i>Clique na imagem<\/i><\/b>!<\/p><\/div><\/div>\t\t<\/div>\n\t\t\t\t<\/div>\n\t\t\t\t<div class=\"elementor-element elementor-element-5711502 elementor-position-top elementor-widget elementor-widget-image-box\" data-id=\"5711502\" data-element_type=\"widget\" data-widget_type=\"image-box.default\">\n\t\t\t\t<div class=\"elementor-widget-container\">\n\t\t\t<div class=\"elementor-image-box-wrapper\"><figure class=\"elementor-image-box-img\"><a href=\"https:\/\/www.visiteobrasil.com.br\/news\/ceara\/\" tabindex=\"-1\"><img decoding=\"async\" width=\"850\" height=\"301\" src=\"https:\/\/i0.wp.com\/www.visiteobrasil.com.br\/news\/wp-content\/uploads\/2023\/10\/jericoacoara-lagoa-do-paraiso-foto-idobi-licenca-cc-by-30gr.jpg?fit=850%2C301&amp;ssl=1\" class=\"elementor-animation-pulse attachment-full size-full wp-image-4861\" alt=\"Cear\u00e1 - Lagoa do Para\u00edso em Jericoacoara\" title=\"\" srcset=\"https:\/\/i0.wp.com\/www.visiteobrasil.com.br\/news\/wp-content\/uploads\/2023\/10\/jericoacoara-lagoa-do-paraiso-foto-idobi-licenca-cc-by-30gr.jpg?w=850&amp;ssl=1 850w, https:\/\/i0.wp.com\/www.visiteobrasil.com.br\/news\/wp-content\/uploads\/2023\/10\/jericoacoara-lagoa-do-paraiso-foto-idobi-licenca-cc-by-30gr.jpg?resize=300%2C106&amp;ssl=1 300w, https:\/\/i0.wp.com\/www.visiteobrasil.com.br\/news\/wp-content\/uploads\/2023\/10\/jericoacoara-lagoa-do-paraiso-foto-idobi-licenca-cc-by-30gr.jpg?resize=768%2C272&amp;ssl=1 768w\" sizes=\"(max-width: 800px) 100vw, 800px\" \/><\/a><\/figure><div class=\"elementor-image-box-content\"><h4 class=\"elementor-image-box-title\"><a href=\"https:\/\/www.visiteobrasil.com.br\/news\/ceara\/\">Cear\u00e1<\/a><\/h4><p class=\"elementor-image-box-description\">O estado do Cear\u00e1, est\u00e1 inserido nessa regi\u00e3o do Brasil, \u00e9 famoso por suas praias deslumbrantes e clima ensolarado. A capital, Fortaleza, \u00e9 um dos principais destinos litor\u00e2neos do pa\u00eds, com praias de areia\n...<b><i>Clique na imagem!<\/i><\/b><\/p><\/div><\/div>\t\t<\/div>\n\t\t\t\t<\/div>\n\t\t\t\t\t<\/div>\n\t\t<\/div>\n\t\t\t\t<div class=\"elementor-column elementor-col-33 elementor-top-column elementor-element elementor-element-78d78c8\" data-id=\"78d78c8\" data-element_type=\"column\">\n\t\t\t<div class=\"elementor-widget-wrap elementor-element-populated\">\n\t\t\t\t\t\t<div class=\"elementor-element elementor-element-a2dd610 elementor-position-top elementor-widget elementor-widget-image-box\" data-id=\"a2dd610\" data-element_type=\"widget\" data-widget_type=\"image-box.default\">\n\t\t\t\t<div class=\"elementor-widget-container\">\n\t\t\t<div class=\"elementor-image-box-wrapper\"><figure class=\"elementor-image-box-img\"><a href=\"https:\/\/www.visiteobrasil.com.br\/news\/maranhao\/\" tabindex=\"-1\"><img loading=\"lazy\" decoding=\"async\" width=\"850\" height=\"300\" src=\"https:\/\/i0.wp.com\/www.visiteobrasil.com.br\/news\/wp-content\/uploads\/2023\/10\/Barreirinhas-dunasnointeriordoparque-foto-vitor1234-licenca-cc-by-sa-30gr.jpg?fit=850%2C300&amp;ssl=1\" class=\"elementor-animation-pulse attachment-full size-full wp-image-4864\" alt=\"Maranh\u00e3o - As dunas no interior de Barreirinhas\" title=\"\" srcset=\"https:\/\/i0.wp.com\/www.visiteobrasil.com.br\/news\/wp-content\/uploads\/2023\/10\/Barreirinhas-dunasnointeriordoparque-foto-vitor1234-licenca-cc-by-sa-30gr.jpg?w=850&amp;ssl=1 850w, https:\/\/i0.wp.com\/www.visiteobrasil.com.br\/news\/wp-content\/uploads\/2023\/10\/Barreirinhas-dunasnointeriordoparque-foto-vitor1234-licenca-cc-by-sa-30gr.jpg?resize=300%2C106&amp;ssl=1 300w, https:\/\/i0.wp.com\/www.visiteobrasil.com.br\/news\/wp-content\/uploads\/2023\/10\/Barreirinhas-dunasnointeriordoparque-foto-vitor1234-licenca-cc-by-sa-30gr.jpg?resize=768%2C271&amp;ssl=1 768w\" sizes=\"(max-width: 800px) 100vw, 800px\" \/><\/a><\/figure><div class=\"elementor-image-box-content\"><h4 class=\"elementor-image-box-title\"><a href=\"https:\/\/www.visiteobrasil.com.br\/news\/maranhao\/\">Maranh\u00e3o<\/a><\/h4><p class=\"elementor-image-box-description\">O estado do Maranh\u00e3o, fica nessa Regi\u00e3o do Brasil e, \u00e9 um destino que se destaca por sua cultura rica e hist\u00f3ria fascinante. Sua capital, S\u00e3o Lu\u00eds, \u00e9 um Patrim\u00f4nio Mundial da UNESCO, famosa por ...<b><i>Clique na imagem.<\/i><\/b><\/p><\/div><\/div>\t\t<\/div>\n\t\t\t\t<\/div>\n\t\t\t\t<div class=\"elementor-element elementor-element-507716f elementor-position-top elementor-widget elementor-widget-image-box\" data-id=\"507716f\" data-element_type=\"widget\" data-widget_type=\"image-box.default\">\n\t\t\t\t<div class=\"elementor-widget-container\">\n\t\t\t<div class=\"elementor-image-box-wrapper\"><figure class=\"elementor-image-box-img\"><a href=\"https:\/\/www.visiteobrasil.com.br\/news\/paraiba\/\" tabindex=\"-1\"><img loading=\"lazy\" decoding=\"async\" width=\"850\" height=\"300\" src=\"https:\/\/i0.wp.com\/www.visiteobrasil.com.br\/news\/wp-content\/uploads\/2023\/10\/Cabedelo-barcosdepassageirosportodecabedelo-foto-joserafaelmendesbarbosa-licenca-cc-by-sa-30gr.jpg?fit=850%2C300&amp;ssl=1\" class=\"elementor-animation-pulse attachment-full size-full wp-image-4867\" alt=\"Para\u00edba - Praia de Cabedelo em por do sol\" title=\"\" srcset=\"https:\/\/i0.wp.com\/www.visiteobrasil.com.br\/news\/wp-content\/uploads\/2023\/10\/Cabedelo-barcosdepassageirosportodecabedelo-foto-joserafaelmendesbarbosa-licenca-cc-by-sa-30gr.jpg?w=850&amp;ssl=1 850w, https:\/\/i0.wp.com\/www.visiteobrasil.com.br\/news\/wp-content\/uploads\/2023\/10\/Cabedelo-barcosdepassageirosportodecabedelo-foto-joserafaelmendesbarbosa-licenca-cc-by-sa-30gr.jpg?resize=300%2C106&amp;ssl=1 300w, https:\/\/i0.wp.com\/www.visiteobrasil.com.br\/news\/wp-content\/uploads\/2023\/10\/Cabedelo-barcosdepassageirosportodecabedelo-foto-joserafaelmendesbarbosa-licenca-cc-by-sa-30gr.jpg?resize=768%2C271&amp;ssl=1 768w\" sizes=\"(max-width: 800px) 100vw, 800px\" \/><\/a><\/figure><div class=\"elementor-image-box-content\"><h4 class=\"elementor-image-box-title\"><a href=\"https:\/\/www.visiteobrasil.com.br\/news\/paraiba\/\">Para\u00edba<\/a><\/h4><p class=\"elementor-image-box-description\">O estado da Para\u00edba, est\u00e1 inserido na regi\u00e3o nordestina e, \u00e9 um lugar onde a beleza natural encontra o oceano. Com uma costa deslumbrante banhada pelo Oceano Atl\u00e2ntico, a Para\u00edba oferece uma s\u00e9rie de ...<b><i>Clique na imagem!<\/i><\/b><\/p><\/div><\/div>\t\t<\/div>\n\t\t\t\t<\/div>\n\t\t\t\t<div class=\"elementor-element elementor-element-da961b2 elementor-position-top elementor-widget elementor-widget-image-box\" data-id=\"da961b2\" data-element_type=\"widget\" data-widget_type=\"image-box.default\">\n\t\t\t\t<div class=\"elementor-widget-container\">\n\t\t\t<div class=\"elementor-image-box-wrapper\"><figure class=\"elementor-image-box-img\"><a href=\"https:\/\/www.visiteobrasil.com.br\/news\/pernambuco\/\" tabindex=\"-1\"><img loading=\"lazy\" decoding=\"async\" width=\"900\" height=\"300\" src=\"https:\/\/i0.wp.com\/www.visiteobrasil.com.br\/news\/wp-content\/uploads\/2023\/10\/Pernambuco-Praia-dos-carneiros-Tamandare.jpg?fit=900%2C300&amp;ssl=1\" class=\"elementor-animation-pulse attachment-full size-full wp-image-4870\" alt=\"Pernambuco - Praia dos Cafrneiros - Tamandar\u00e9\" title=\"\" srcset=\"https:\/\/i0.wp.com\/www.visiteobrasil.com.br\/news\/wp-content\/uploads\/2023\/10\/Pernambuco-Praia-dos-carneiros-Tamandare.jpg?w=900&amp;ssl=1 900w, https:\/\/i0.wp.com\/www.visiteobrasil.com.br\/news\/wp-content\/uploads\/2023\/10\/Pernambuco-Praia-dos-carneiros-Tamandare.jpg?resize=300%2C100&amp;ssl=1 300w, https:\/\/i0.wp.com\/www.visiteobrasil.com.br\/news\/wp-content\/uploads\/2023\/10\/Pernambuco-Praia-dos-carneiros-Tamandare.jpg?resize=768%2C256&amp;ssl=1 768w\" sizes=\"(max-width: 800px) 100vw, 800px\" \/><\/a><\/figure><div class=\"elementor-image-box-content\"><h4 class=\"elementor-image-box-title\"><a href=\"https:\/\/www.visiteobrasil.com.br\/news\/pernambuco\/\">Pernambuco<\/a><\/h4><p class=\"elementor-image-box-description\">O estado de Pernambuco, situa-se na Regi\u00e3o Nordeste do Brasil, \u00e9 um lugar de hist\u00f3ria rica e um centro cultural vibrante. Sua capital, Recife, \u00e9 conhecida por suas influ\u00eancias europeias, africanas e ind\u00edgenas, que se ...<b><i>Clique na imagem!<\/i><\/b><\/p><\/div><\/div>\t\t<\/div>\n\t\t\t\t<\/div>\n\t\t\t\t\t<\/div>\n\t\t<\/div>\n\t\t\t\t<div class=\"elementor-column elementor-col-33 elementor-top-column elementor-element elementor-element-14d237c\" data-id=\"14d237c\" data-element_type=\"column\">\n\t\t\t<div class=\"elementor-widget-wrap elementor-element-populated\">\n\t\t\t\t\t\t<div class=\"elementor-element elementor-element-655dceb elementor-position-top elementor-widget elementor-widget-image-box\" data-id=\"655dceb\" data-element_type=\"widget\" data-widget_type=\"image-box.default\">\n\t\t\t\t<div class=\"elementor-widget-container\">\n\t\t\t<div class=\"elementor-image-box-wrapper\"><figure class=\"elementor-image-box-img\"><a href=\"https:\/\/www.visiteobrasil.com.br\/news\/piaui\/\" tabindex=\"-1\"><img loading=\"lazy\" decoding=\"async\" width=\"850\" height=\"301\" src=\"https:\/\/i0.wp.com\/www.visiteobrasil.com.br\/news\/wp-content\/uploads\/2023\/10\/Sao-raimundo-nonato-leitodoriopiauinoperimetrourbano-foto-diegoregomonteiro-licenca-cc-by-sa-30gr.jpg?fit=850%2C301&amp;ssl=1\" class=\"elementor-animation-pulse attachment-full size-full wp-image-4873\" alt=\"S\u00e3o Raimundo Nonato - Piau\u00ed - Leito do Rio Piau\u00ed.\" title=\"\" srcset=\"https:\/\/i0.wp.com\/www.visiteobrasil.com.br\/news\/wp-content\/uploads\/2023\/10\/Sao-raimundo-nonato-leitodoriopiauinoperimetrourbano-foto-diegoregomonteiro-licenca-cc-by-sa-30gr.jpg?w=850&amp;ssl=1 850w, https:\/\/i0.wp.com\/www.visiteobrasil.com.br\/news\/wp-content\/uploads\/2023\/10\/Sao-raimundo-nonato-leitodoriopiauinoperimetrourbano-foto-diegoregomonteiro-licenca-cc-by-sa-30gr.jpg?resize=300%2C106&amp;ssl=1 300w, https:\/\/i0.wp.com\/www.visiteobrasil.com.br\/news\/wp-content\/uploads\/2023\/10\/Sao-raimundo-nonato-leitodoriopiauinoperimetrourbano-foto-diegoregomonteiro-licenca-cc-by-sa-30gr.jpg?resize=768%2C272&amp;ssl=1 768w\" sizes=\"(max-width: 800px) 100vw, 800px\" \/><\/a><\/figure><div class=\"elementor-image-box-content\"><h4 class=\"elementor-image-box-title\"><a href=\"https:\/\/www.visiteobrasil.com.br\/news\/piaui\/\">Piau\u00ed<\/a><\/h4><p class=\"elementor-image-box-description\">O estado do Piau\u00ed, localizado no Nordeste do Brasil, \u00e9 uma terra de natureza exuberante e paisagens \u00fanicas. Grande parte do estado est\u00e1 situada na regi\u00e3o do sert\u00e3o nordestino, que \u00e9 caracterizada por sua vegeta\u00e7\u00e3o ...<b><i>Clique na imagem.<\/i><\/b><\/p><\/div><\/div>\t\t<\/div>\n\t\t\t\t<\/div>\n\t\t\t\t<div class=\"elementor-element elementor-element-042a25c elementor-position-top elementor-widget elementor-widget-image-box\" data-id=\"042a25c\" data-element_type=\"widget\" data-widget_type=\"image-box.default\">\n\t\t\t\t<div class=\"elementor-widget-container\">\n\t\t\t<div class=\"elementor-image-box-wrapper\"><figure class=\"elementor-image-box-img\"><a href=\"https:\/\/www.visiteobrasil.com.br\/news\/rio-grande-do-norte\/\" tabindex=\"-1\"><img loading=\"lazy\" decoding=\"async\" width=\"850\" height=\"300\" src=\"https:\/\/i0.wp.com\/www.visiteobrasil.com.br\/news\/wp-content\/uploads\/2023\/10\/Baia-formosa-vistaaereadapraiadebaiaformosa-quedeunomedomunicipio-foto-cnm-licenca-cc-by-sa-30gr.jpg?fit=850%2C300&amp;ssl=1\" class=\"elementor-animation-pulse attachment-full size-full wp-image-4876\" alt=\"Rio Grande do Norte - Praia da Ba\u00eda Formosa\" title=\"\" srcset=\"https:\/\/i0.wp.com\/www.visiteobrasil.com.br\/news\/wp-content\/uploads\/2023\/10\/Baia-formosa-vistaaereadapraiadebaiaformosa-quedeunomedomunicipio-foto-cnm-licenca-cc-by-sa-30gr.jpg?w=850&amp;ssl=1 850w, https:\/\/i0.wp.com\/www.visiteobrasil.com.br\/news\/wp-content\/uploads\/2023\/10\/Baia-formosa-vistaaereadapraiadebaiaformosa-quedeunomedomunicipio-foto-cnm-licenca-cc-by-sa-30gr.jpg?resize=300%2C106&amp;ssl=1 300w, https:\/\/i0.wp.com\/www.visiteobrasil.com.br\/news\/wp-content\/uploads\/2023\/10\/Baia-formosa-vistaaereadapraiadebaiaformosa-quedeunomedomunicipio-foto-cnm-licenca-cc-by-sa-30gr.jpg?resize=768%2C271&amp;ssl=1 768w\" sizes=\"(max-width: 800px) 100vw, 800px\" \/><\/a><\/figure><div class=\"elementor-image-box-content\"><h4 class=\"elementor-image-box-title\"><a href=\"https:\/\/www.visiteobrasil.com.br\/news\/rio-grande-do-norte\/\">Rio Grande do Norte<\/a><\/h4><p class=\"elementor-image-box-description\">O Rio Grande do Norte, comp\u00f4e essa bela bela regi\u00e3o do Brasil e, \u00e9 um destino que se destaca por suas praias deslumbrantes e belezas naturais. A capital, Natal, \u00e9 conhecida como a \"Cidade do Sol\" ...<b><i>Clique na imagem!<\/i><\/b><\/p><\/div><\/div>\t\t<\/div>\n\t\t\t\t<\/div>\n\t\t\t\t<div class=\"elementor-element elementor-element-78da766 elementor-position-top elementor-widget elementor-widget-image-box\" data-id=\"78da766\" data-element_type=\"widget\" data-widget_type=\"image-box.default\">\n\t\t\t\t<div class=\"elementor-widget-container\">\n\t\t\t<div class=\"elementor-image-box-wrapper\"><figure class=\"elementor-image-box-img\"><a href=\"https:\/\/www.visiteobrasil.com.br\/news\/sergipe\/\" tabindex=\"-1\"><img loading=\"lazy\" decoding=\"async\" width=\"850\" height=\"300\" src=\"https:\/\/i0.wp.com\/www.visiteobrasil.com.br\/news\/wp-content\/uploads\/2023\/10\/Indiaroba-Sergipe-foto-hiago-assuncao-5gr.jpeg?fit=850%2C300&amp;ssl=1\" class=\"elementor-animation-pulse attachment-full size-full wp-image-4879\" alt=\"Sergipe - Rede de balan\u00e7o debaixo de uma \u00e1rvore em Terra Ca\u00edda em Indiaroba-Se\" title=\"\" srcset=\"https:\/\/i0.wp.com\/www.visiteobrasil.com.br\/news\/wp-content\/uploads\/2023\/10\/Indiaroba-Sergipe-foto-hiago-assuncao-5gr.jpeg?w=850&amp;ssl=1 850w, https:\/\/i0.wp.com\/www.visiteobrasil.com.br\/news\/wp-content\/uploads\/2023\/10\/Indiaroba-Sergipe-foto-hiago-assuncao-5gr.jpeg?resize=300%2C106&amp;ssl=1 300w, https:\/\/i0.wp.com\/www.visiteobrasil.com.br\/news\/wp-content\/uploads\/2023\/10\/Indiaroba-Sergipe-foto-hiago-assuncao-5gr.jpeg?resize=768%2C271&amp;ssl=1 768w\" sizes=\"(max-width: 800px) 100vw, 800px\" \/><\/a><\/figure><div class=\"elementor-image-box-content\"><h4 class=\"elementor-image-box-title\"><a href=\"https:\/\/www.visiteobrasil.com.br\/news\/sergipe\/\">Sergipe<\/a><\/h4><p class=\"elementor-image-box-description\">O estado de Sergipe, localiza-se nessa linda regi\u00e3o do Brasil, \u00e9 um tesouro de hist\u00f3ria e arquitetura preservadas. Sua capital, Aracaju, abriga bairros hist\u00f3ricos com edif\u00edcios coloniais bem preservados, como o ...<b><i>Clique na imagem<\/i><\/b>!<\/p><\/div><\/div>\t\t<\/div>\n\t\t\t\t<\/div>\n\t\t\t\t\t<\/div>\n\t\t<\/div>\n\t\t\t\t\t<\/div>\n\t\t<\/section>\n\t\t\t\t<section class=\"elementor-section elementor-top-section elementor-element elementor-element-ced51f4 elementor-section-boxed elementor-section-height-default elementor-section-height-default\" data-id=\"ced51f4\" data-element_type=\"section\">\n\t\t\t\t\t\t<div class=\"elementor-container elementor-column-gap-default\">\n\t\t\t\t\t<div class=\"elementor-column elementor-col-100 elementor-top-column elementor-element elementor-element-9ad803d\" data-id=\"9ad803d\" data-element_type=\"column\">\n\t\t\t<div class=\"elementor-widget-wrap elementor-element-populated\">\n\t\t\t\t\t\t<div class=\"elementor-element elementor-element-2a11af8 elementor-widget elementor-widget-heading\" data-id=\"2a11af8\" data-element_type=\"widget\" data-widget_type=\"heading.default\">\n\t\t\t\t<div class=\"elementor-widget-container\">\n\t\t\t<h3 class=\"elementor-heading-title elementor-size-default\">Atrativos da regi\u00e3o Nordeste<\/h3>\t\t<\/div>\n\t\t\t\t<\/div>\n\t\t\t\t\t<\/div>\n\t\t<\/div>\n\t\t\t\t\t<\/div>\n\t\t<\/section>\n\t\t\t\t<section class=\"elementor-section elementor-top-section elementor-element elementor-element-6285cf5 elementor-section-boxed elementor-section-height-default elementor-section-height-default\" data-id=\"6285cf5\" data-element_type=\"section\">\n\t\t\t\t\t\t<div class=\"elementor-container elementor-column-gap-default\">\n\t\t\t\t\t<div class=\"elementor-column elementor-col-25 elementor-top-column elementor-element elementor-element-23ecfb8\" data-id=\"23ecfb8\" data-element_type=\"column\">\n\t\t\t<div class=\"elementor-widget-wrap elementor-element-populated\">\n\t\t\t\t\t\t<div class=\"elementor-element elementor-element-bf51585 elementor-widget elementor-widget-image\" data-id=\"bf51585\" data-element_type=\"widget\" data-widget_type=\"image.default\">\n\t\t\t\t<div class=\"elementor-widget-container\">\n\t\t\t<style>\/*! elementor - v3.23.0 - 05-08-2024 *\/\n.elementor-widget-image{text-align:center}.elementor-widget-image a{display:inline-block}.elementor-widget-image a img[src$=\".svg\"]{width:48px}.elementor-widget-image img{vertical-align:middle;display:inline-block}<\/style>\t\t\t\t\t\t\t\t\t\t\t<a href=\"https:\/\/visiteobrasil.com.br\/brasil\/nordeste\/carnaval\">\n\t\t\t\t\t\t\t<img loading=\"lazy\" decoding=\"async\" width=\"227\" height=\"227\" src=\"https:\/\/i0.wp.com\/www.visiteobrasil.com.br\/news\/wp-content\/uploads\/2023\/10\/carnaval.png?fit=227%2C227&amp;ssl=1\" class=\"attachment-large size-large wp-image-5394\" alt=\"\" srcset=\"https:\/\/i0.wp.com\/www.visiteobrasil.com.br\/news\/wp-content\/uploads\/2023\/10\/carnaval.png?w=227&amp;ssl=1 227w, https:\/\/i0.wp.com\/www.visiteobrasil.com.br\/news\/wp-content\/uploads\/2023\/10\/carnaval.png?resize=150%2C150&amp;ssl=1 150w\" sizes=\"(max-width: 227px) 100vw, 227px\" title=\"\">\t\t\t\t\t\t\t\t<\/a>\n\t\t\t\t\t\t\t\t\t\t\t\t\t<\/div>\n\t\t\t\t<\/div>\n\t\t\t\t\t<\/div>\n\t\t<\/div>\n\t\t\t\t<div class=\"elementor-column elementor-col-25 elementor-top-column elementor-element elementor-element-6e95c8e\" data-id=\"6e95c8e\" data-element_type=\"column\">\n\t\t\t<div class=\"elementor-widget-wrap elementor-element-populated\">\n\t\t\t\t\t\t<div class=\"elementor-element elementor-element-8b88d71 elementor-widget elementor-widget-image\" data-id=\"8b88d71\" data-element_type=\"widget\" data-widget_type=\"image.default\">\n\t\t\t\t<div class=\"elementor-widget-container\">\n\t\t\t\t\t\t\t\t\t\t\t\t\t\t<a href=\"https:\/\/visiteobrasil.com.br\/brasil\/nordeste\/culinaria\">\n\t\t\t\t\t\t\t<img loading=\"lazy\" decoding=\"async\" width=\"230\" height=\"232\" src=\"https:\/\/i0.wp.com\/www.visiteobrasil.com.br\/news\/wp-content\/uploads\/2023\/10\/culinaria.png?fit=230%2C232&amp;ssl=1\" class=\"attachment-large size-large wp-image-5395\" alt=\"\" srcset=\"https:\/\/i0.wp.com\/www.visiteobrasil.com.br\/news\/wp-content\/uploads\/2023\/10\/culinaria.png?w=230&amp;ssl=1 230w, https:\/\/i0.wp.com\/www.visiteobrasil.com.br\/news\/wp-content\/uploads\/2023\/10\/culinaria.png?resize=150%2C150&amp;ssl=1 150w\" sizes=\"(max-width: 230px) 100vw, 230px\" title=\"\">\t\t\t\t\t\t\t\t<\/a>\n\t\t\t\t\t\t\t\t\t\t\t\t\t<\/div>\n\t\t\t\t<\/div>\n\t\t\t\t\t<\/div>\n\t\t<\/div>\n\t\t\t\t<div class=\"elementor-column elementor-col-25 elementor-top-column elementor-element elementor-element-a73522d\" data-id=\"a73522d\" data-element_type=\"column\">\n\t\t\t<div class=\"elementor-widget-wrap elementor-element-populated\">\n\t\t\t\t\t\t<div class=\"elementor-element elementor-element-536e93c elementor-widget elementor-widget-image\" data-id=\"536e93c\" data-element_type=\"widget\" data-widget_type=\"image.default\">\n\t\t\t\t<div class=\"elementor-widget-container\">\n\t\t\t\t\t\t\t\t\t\t<figure class=\"wp-caption\">\n\t\t\t\t\t\t\t\t\t\t\t<a href=\"https:\/\/visiteobrasil.com.br\/brasil\/nordeste\/ecoturismo\">\n\t\t\t\t\t\t\t<img loading=\"lazy\" decoding=\"async\" width=\"227\" height=\"226\" src=\"https:\/\/i0.wp.com\/www.visiteobrasil.com.br\/news\/wp-content\/uploads\/2023\/10\/ecoturismo.png?fit=227%2C226&amp;ssl=1\" class=\"attachment-large size-large wp-image-5396\" alt=\"\" srcset=\"https:\/\/i0.wp.com\/www.visiteobrasil.com.br\/news\/wp-content\/uploads\/2023\/10\/ecoturismo.png?w=227&amp;ssl=1 227w, https:\/\/i0.wp.com\/www.visiteobrasil.com.br\/news\/wp-content\/uploads\/2023\/10\/ecoturismo.png?resize=150%2C150&amp;ssl=1 150w\" sizes=\"(max-width: 227px) 100vw, 227px\" title=\"\">\t\t\t\t\t\t\t\t<\/a>\n\t\t\t\t\t\t\t\t\t\t\t<figcaption class=\"widget-image-caption wp-caption-text\"><\/figcaption>\n\t\t\t\t\t\t\t\t\t\t<\/figure>\n\t\t\t\t\t\t\t<\/div>\n\t\t\t\t<\/div>\n\t\t\t\t\t<\/div>\n\t\t<\/div>\n\t\t\t\t<div class=\"elementor-column elementor-col-25 elementor-top-column elementor-element elementor-element-28586ee\" data-id=\"28586ee\" data-element_type=\"column\">\n\t\t\t<div class=\"elementor-widget-wrap elementor-element-populated\">\n\t\t\t\t\t\t<div class=\"elementor-element elementor-element-cfbd48d elementor-widget elementor-widget-image\" data-id=\"cfbd48d\" data-element_type=\"widget\" data-widget_type=\"image.default\">\n\t\t\t\t<div class=\"elementor-widget-container\">\n\t\t\t\t\t\t\t\t\t\t\t\t\t\t<a href=\"https:\/\/visiteobrasil.com.br\/brasil\/nordeste\/belezas-naturais\">\n\t\t\t\t\t\t\t<img loading=\"lazy\" decoding=\"async\" width=\"227\" height=\"226\" src=\"https:\/\/i0.wp.com\/www.visiteobrasil.com.br\/news\/wp-content\/uploads\/2023\/10\/belezas-naturais.png?fit=227%2C226&amp;ssl=1\" class=\"attachment-large size-large wp-image-5393\" alt=\"\" srcset=\"https:\/\/i0.wp.com\/www.visiteobrasil.com.br\/news\/wp-content\/uploads\/2023\/10\/belezas-naturais.png?w=227&amp;ssl=1 227w, https:\/\/i0.wp.com\/www.visiteobrasil.com.br\/news\/wp-content\/uploads\/2023\/10\/belezas-naturais.png?resize=150%2C150&amp;ssl=1 150w\" sizes=\"(max-width: 227px) 100vw, 227px\" title=\"\">\t\t\t\t\t\t\t\t<\/a>\n\t\t\t\t\t\t\t\t\t\t\t\t\t<\/div>\n\t\t\t\t<\/div>\n\t\t\t\t\t<\/div>\n\t\t<\/div>\n\t\t\t\t\t<\/div>\n\t\t<\/section>\n\t\t\t\t<section class=\"elementor-section elementor-top-section elementor-element elementor-element-8a1cfee elementor-section-boxed elementor-section-height-default elementor-section-height-default\" data-id=\"8a1cfee\" data-element_type=\"section\">\n\t\t\t\t\t\t<div class=\"elementor-container elementor-column-gap-default\">\n\t\t\t\t\t<div class=\"elementor-column elementor-col-25 elementor-top-column elementor-element elementor-element-7895b11\" data-id=\"7895b11\" data-element_type=\"column\">\n\t\t\t<div class=\"elementor-widget-wrap elementor-element-populated\">\n\t\t\t\t\t\t<div class=\"elementor-element elementor-element-3ffbef9 elementor-widget elementor-widget-image\" data-id=\"3ffbef9\" data-element_type=\"widget\" data-widget_type=\"image.default\">\n\t\t\t\t<div class=\"elementor-widget-container\">\n\t\t\t\t\t\t\t\t\t\t\t\t\t\t<a href=\"https:\/\/visiteobrasil.com.br\/brasil\/nordeste\/folclore\">\n\t\t\t\t\t\t\t<img loading=\"lazy\" decoding=\"async\" width=\"228\" height=\"226\" src=\"https:\/\/i0.wp.com\/www.visiteobrasil.com.br\/news\/wp-content\/uploads\/2023\/10\/folclore-1.png?fit=228%2C226&amp;ssl=1\" class=\"attachment-large size-large wp-image-5428\" alt=\"\" srcset=\"https:\/\/i0.wp.com\/www.visiteobrasil.com.br\/news\/wp-content\/uploads\/2023\/10\/folclore-1.png?w=228&amp;ssl=1 228w, https:\/\/i0.wp.com\/www.visiteobrasil.com.br\/news\/wp-content\/uploads\/2023\/10\/folclore-1.png?resize=150%2C150&amp;ssl=1 150w\" sizes=\"(max-width: 228px) 100vw, 228px\" title=\"\">\t\t\t\t\t\t\t\t<\/a>\n\t\t\t\t\t\t\t\t\t\t\t\t\t<\/div>\n\t\t\t\t<\/div>\n\t\t\t\t\t<\/div>\n\t\t<\/div>\n\t\t\t\t<div class=\"elementor-column elementor-col-25 elementor-top-column elementor-element elementor-element-00da075\" data-id=\"00da075\" data-element_type=\"column\">\n\t\t\t<div class=\"elementor-widget-wrap elementor-element-populated\">\n\t\t\t\t\t\t<div class=\"elementor-element elementor-element-c9be7f4 elementor-widget elementor-widget-image\" data-id=\"c9be7f4\" data-element_type=\"widget\" data-widget_type=\"image.default\">\n\t\t\t\t<div class=\"elementor-widget-container\">\n\t\t\t\t\t\t\t\t\t\t\t\t\t\t<a href=\"https:\/\/visiteobrasil.com.br\/brasil\/nordeste\/festas-populares\">\n\t\t\t\t\t\t\t<img loading=\"lazy\" decoding=\"async\" width=\"228\" height=\"227\" src=\"https:\/\/i0.wp.com\/www.visiteobrasil.com.br\/news\/wp-content\/uploads\/2023\/10\/festas-populares-1.png?fit=228%2C227&amp;ssl=1\" class=\"attachment-large size-large wp-image-5429\" alt=\"\" srcset=\"https:\/\/i0.wp.com\/www.visiteobrasil.com.br\/news\/wp-content\/uploads\/2023\/10\/festas-populares-1.png?w=228&amp;ssl=1 228w, https:\/\/i0.wp.com\/www.visiteobrasil.com.br\/news\/wp-content\/uploads\/2023\/10\/festas-populares-1.png?resize=150%2C150&amp;ssl=1 150w\" sizes=\"(max-width: 228px) 100vw, 228px\" title=\"\">\t\t\t\t\t\t\t\t<\/a>\n\t\t\t\t\t\t\t\t\t\t\t\t\t<\/div>\n\t\t\t\t<\/div>\n\t\t\t\t\t<\/div>\n\t\t<\/div>\n\t\t\t\t<div class=\"elementor-column elementor-col-25 elementor-top-column elementor-element elementor-element-c24ba7e\" data-id=\"c24ba7e\" data-element_type=\"column\">\n\t\t\t<div class=\"elementor-widget-wrap elementor-element-populated\">\n\t\t\t\t\t\t<div class=\"elementor-element elementor-element-25f7965 elementor-widget elementor-widget-image\" data-id=\"25f7965\" data-element_type=\"widget\" data-widget_type=\"image.default\">\n\t\t\t\t<div class=\"elementor-widget-container\">\n\t\t\t\t\t\t\t\t\t\t\t\t\t\t<a href=\"https:\/\/visiteobrasil.com.br\/brasil\/nordeste\/historia\">\n\t\t\t\t\t\t\t<img loading=\"lazy\" decoding=\"async\" width=\"228\" height=\"228\" src=\"https:\/\/i0.wp.com\/www.visiteobrasil.com.br\/news\/wp-content\/uploads\/2023\/10\/historia.png?fit=228%2C228&amp;ssl=1\" class=\"attachment-large size-large wp-image-5416\" alt=\"\" srcset=\"https:\/\/i0.wp.com\/www.visiteobrasil.com.br\/news\/wp-content\/uploads\/2023\/10\/historia.png?w=228&amp;ssl=1 228w, https:\/\/i0.wp.com\/www.visiteobrasil.com.br\/news\/wp-content\/uploads\/2023\/10\/historia.png?resize=150%2C150&amp;ssl=1 150w\" sizes=\"(max-width: 228px) 100vw, 228px\" title=\"\">\t\t\t\t\t\t\t\t<\/a>\n\t\t\t\t\t\t\t\t\t\t\t\t\t<\/div>\n\t\t\t\t<\/div>\n\t\t\t\t\t<\/div>\n\t\t<\/div>\n\t\t\t\t<div class=\"elementor-column elementor-col-25 elementor-top-column elementor-element elementor-element-9727d1a\" data-id=\"9727d1a\" data-element_type=\"column\">\n\t\t\t<div class=\"elementor-widget-wrap elementor-element-populated\">\n\t\t\t\t\t\t<div class=\"elementor-element elementor-element-0141938 elementor-widget elementor-widget-image\" data-id=\"0141938\" data-element_type=\"widget\" data-widget_type=\"image.default\">\n\t\t\t\t<div class=\"elementor-widget-container\">\n\t\t\t\t\t\t\t\t\t\t\t\t\t\t<a href=\"https:\/\/visiteobrasil.com.br\/brasil\/nordeste\/praias\">\n\t\t\t\t\t\t\t<img loading=\"lazy\" decoding=\"async\" width=\"226\" height=\"226\" src=\"https:\/\/i0.wp.com\/www.visiteobrasil.com.br\/news\/wp-content\/uploads\/2023\/10\/praias2.png?fit=226%2C226&amp;ssl=1\" class=\"attachment-large size-large wp-image-5424\" alt=\"\" srcset=\"https:\/\/i0.wp.com\/www.visiteobrasil.com.br\/news\/wp-content\/uploads\/2023\/10\/praias2.png?w=226&amp;ssl=1 226w, https:\/\/i0.wp.com\/www.visiteobrasil.com.br\/news\/wp-content\/uploads\/2023\/10\/praias2.png?resize=150%2C150&amp;ssl=1 150w\" sizes=\"(max-width: 226px) 100vw, 226px\" title=\"\">\t\t\t\t\t\t\t\t<\/a>\n\t\t\t\t\t\t\t\t\t\t\t\t\t<\/div>\n\t\t\t\t<\/div>\n\t\t\t\t\t<\/div>\n\t\t<\/div>\n\t\t\t\t\t<\/div>\n\t\t<\/section>\n\t\t\t\t<\/div>\n\t\t","protected":false},"excerpt":{"rendered":"<p>Previous Next O Nordeste&nbsp;do Brasil \u00e9 uma regi\u00e3o de extrema diversidade geogr\u00e1fica, abrangendo desde as deslumbrantes praias tropicais at\u00e9 o \u00e1rido sert\u00e3o. Essa variedade de paisagens proporciona uma experi\u00eancia \u00fanica aos visitantes, permitindo que eles explorem desde o litoral paradis\u00edaco com \u00e1guas mornas e coqueiros at\u00e9 as paisagens r\u00fasticas e \u00e1ridas do sert\u00e3o nordestino. A [&hellip;]<\/p>\n","protected":false},"author":2,"featured_media":4596,"parent":0,"menu_order":0,"comment_status":"closed","ping_status":"closed","template":"","meta":{"footnotes":""},"class_list":["post-4595","page","type-page","status-publish","has-post-thumbnail","hentry"],"jetpack-related-posts":[{"id":4857,"url":"https:\/\/www.visiteobrasil.com.br\/news\/alagoas\/","url_meta":{"origin":4595,"position":0},"title":"Alagoas","author":"Ramon","date":"12 de outubro de 2023","format":false,"excerpt":"Previous Next O estado de Alagoas, situado na Regi\u00e3o Nordeste do Brasil, \u00e9 um destino de tirar o f\u00f4lego, famoso por suas praias paradis\u00edacas. A regi\u00e3o costeira \u00e9 pontilhada por um espet\u00e1culo de praias intocadas, enseadas tranquilas e piscinas naturais cristalinas, como as da Praia do Gunga e Maragogi. A\u2026","rel":"","context":"Post similar","block_context":{"text":"Post similar","link":""},"img":{"alt_text":"Alagoas - Jequi\u00e1 da Praia","src":"https:\/\/i0.wp.com\/www.visiteobrasil.com.br\/news\/wp-content\/uploads\/2023\/10\/Alagoas-Jequia-da-Praia.jpg?fit=900%2C300&ssl=1&resize=350%2C200","width":350,"height":200,"srcset":"https:\/\/i0.wp.com\/www.visiteobrasil.com.br\/news\/wp-content\/uploads\/2023\/10\/Alagoas-Jequia-da-Praia.jpg?fit=900%2C300&ssl=1&resize=350%2C200 1x, https:\/\/i0.wp.com\/www.visiteobrasil.com.br\/news\/wp-content\/uploads\/2023\/10\/Alagoas-Jequia-da-Praia.jpg?fit=900%2C300&ssl=1&resize=525%2C300 1.5x, https:\/\/i0.wp.com\/www.visiteobrasil.com.br\/news\/wp-content\/uploads\/2023\/10\/Alagoas-Jequia-da-Praia.jpg?fit=900%2C300&ssl=1&resize=700%2C400 2x"},"classes":[]},{"id":4875,"url":"https:\/\/www.visiteobrasil.com.br\/news\/rio-grande-do-norte\/","url_meta":{"origin":4595,"position":1},"title":"Rio Grande do Norte","author":"Ramon","date":"12 de outubro de 2023","format":false,"excerpt":"Previous Next O estado do Rio Grande do Norte, localizado na Regi\u00e3o Nordeste do Brasil, \u00e9 um destino que se destaca por suas praias deslumbrantes e belezas naturais. A capital, Natal, \u00e9 conhecida como a \"Cidade do Sol\" devido \u00e0 sua alta incid\u00eancia de dias ensolarados durante o ano. A\u2026","rel":"","context":"Post similar","block_context":{"text":"Post similar","link":""},"img":{"alt_text":"Rio Grande do Norte - Praia da Ba\u00eda Formosa","src":"https:\/\/i0.wp.com\/www.visiteobrasil.com.br\/news\/wp-content\/uploads\/2023\/10\/Baia-formosa-vistaaereadapraiadebaiaformosa-quedeunomedomunicipio-foto-cnm-licenca-cc-by-sa-30gr.jpg?fit=850%2C300&ssl=1&resize=350%2C200","width":350,"height":200,"srcset":"https:\/\/i0.wp.com\/www.visiteobrasil.com.br\/news\/wp-content\/uploads\/2023\/10\/Baia-formosa-vistaaereadapraiadebaiaformosa-quedeunomedomunicipio-foto-cnm-licenca-cc-by-sa-30gr.jpg?fit=850%2C300&ssl=1&resize=350%2C200 1x, https:\/\/i0.wp.com\/www.visiteobrasil.com.br\/news\/wp-content\/uploads\/2023\/10\/Baia-formosa-vistaaereadapraiadebaiaformosa-quedeunomedomunicipio-foto-cnm-licenca-cc-by-sa-30gr.jpg?fit=850%2C300&ssl=1&resize=525%2C300 1.5x, https:\/\/i0.wp.com\/www.visiteobrasil.com.br\/news\/wp-content\/uploads\/2023\/10\/Baia-formosa-vistaaereadapraiadebaiaformosa-quedeunomedomunicipio-foto-cnm-licenca-cc-by-sa-30gr.jpg?fit=850%2C300&ssl=1&resize=700%2C400 2x"},"classes":[]},{"id":4872,"url":"https:\/\/www.visiteobrasil.com.br\/news\/piaui\/","url_meta":{"origin":4595,"position":2},"title":"Piau\u00ed","author":"Ramon","date":"12 de outubro de 2023","format":false,"excerpt":"Previous Next O estado do Piau\u00ed, localizado no Nordeste do Brasil, \u00e9 uma terra de natureza exuberante e paisagens \u00fanicas. Grande parte do estado est\u00e1 situada na regi\u00e3o do sert\u00e3o nordestino, que \u00e9 caracterizada por sua vegeta\u00e7\u00e3o adaptada \u00e0s condi\u00e7\u00f5es \u00e1ridas e clima semi\u00e1rido. O Parque Nacional Serra da Capivara,\u2026","rel":"","context":"Post similar","block_context":{"text":"Post similar","link":""},"img":{"alt_text":"S\u00e3o Raimundo Nonato - Piau\u00ed - Leito do Rio Piau\u00ed.","src":"https:\/\/i0.wp.com\/www.visiteobrasil.com.br\/news\/wp-content\/uploads\/2023\/10\/Sao-raimundo-nonato-leitodoriopiauinoperimetrourbano-foto-diegoregomonteiro-licenca-cc-by-sa-30gr.jpg?fit=850%2C301&ssl=1&resize=350%2C200","width":350,"height":200,"srcset":"https:\/\/i0.wp.com\/www.visiteobrasil.com.br\/news\/wp-content\/uploads\/2023\/10\/Sao-raimundo-nonato-leitodoriopiauinoperimetrourbano-foto-diegoregomonteiro-licenca-cc-by-sa-30gr.jpg?fit=850%2C301&ssl=1&resize=350%2C200 1x, https:\/\/i0.wp.com\/www.visiteobrasil.com.br\/news\/wp-content\/uploads\/2023\/10\/Sao-raimundo-nonato-leitodoriopiauinoperimetrourbano-foto-diegoregomonteiro-licenca-cc-by-sa-30gr.jpg?fit=850%2C301&ssl=1&resize=525%2C300 1.5x, https:\/\/i0.wp.com\/www.visiteobrasil.com.br\/news\/wp-content\/uploads\/2023\/10\/Sao-raimundo-nonato-leitodoriopiauinoperimetrourbano-foto-diegoregomonteiro-licenca-cc-by-sa-30gr.jpg?fit=850%2C301&ssl=1&resize=700%2C400 2x"},"classes":[]},{"id":4866,"url":"https:\/\/www.visiteobrasil.com.br\/news\/paraiba\/","url_meta":{"origin":4595,"position":3},"title":"Para\u00edba","author":"Ramon","date":"12 de outubro de 2023","format":false,"excerpt":"Previous Next O estado da Para\u00edba, localizado na Regi\u00e3o Nordeste do Brasil, \u00e9 um lugar onde a beleza natural encontra o oceano. Com uma costa deslumbrante banhada pelo Oceano Atl\u00e2ntico, a Para\u00edba oferece uma s\u00e9rie de praias de areia dourada que atraem visitantes em busca de sol e \u00e1guas mornas.\u2026","rel":"","context":"Post similar","block_context":{"text":"Post similar","link":""},"img":{"alt_text":"Para\u00edba - Praia de Cabedelo em por do sol","src":"https:\/\/i0.wp.com\/www.visiteobrasil.com.br\/news\/wp-content\/uploads\/2023\/10\/Cabedelo-barcosdepassageirosportodecabedelo-foto-joserafaelmendesbarbosa-licenca-cc-by-sa-30gr.jpg?fit=850%2C300&ssl=1&resize=350%2C200","width":350,"height":200,"srcset":"https:\/\/i0.wp.com\/www.visiteobrasil.com.br\/news\/wp-content\/uploads\/2023\/10\/Cabedelo-barcosdepassageirosportodecabedelo-foto-joserafaelmendesbarbosa-licenca-cc-by-sa-30gr.jpg?fit=850%2C300&ssl=1&resize=350%2C200 1x, https:\/\/i0.wp.com\/www.visiteobrasil.com.br\/news\/wp-content\/uploads\/2023\/10\/Cabedelo-barcosdepassageirosportodecabedelo-foto-joserafaelmendesbarbosa-licenca-cc-by-sa-30gr.jpg?fit=850%2C300&ssl=1&resize=525%2C300 1.5x, https:\/\/i0.wp.com\/www.visiteobrasil.com.br\/news\/wp-content\/uploads\/2023\/10\/Cabedelo-barcosdepassageirosportodecabedelo-foto-joserafaelmendesbarbosa-licenca-cc-by-sa-30gr.jpg?fit=850%2C300&ssl=1&resize=700%2C400 2x"},"classes":[]},{"id":4860,"url":"https:\/\/www.visiteobrasil.com.br\/news\/ceara\/","url_meta":{"origin":4595,"position":4},"title":"Cear\u00e1","author":"Ramon","date":"12 de outubro de 2023","format":false,"excerpt":"Previous Next O estado do Cear\u00e1, localizado na Regi\u00e3o Nordeste do Brasil, \u00e9 famoso por suas praias deslumbrantes e clima ensolarado. A capital, Fortaleza, \u00e9 um dos principais destinos litor\u00e2neos do pa\u00eds, com praias de areia dourada, como a Praia de Iracema e a Praia do Futuro, ideais para banhos\u2026","rel":"","context":"Post similar","block_context":{"text":"Post similar","link":""},"img":{"alt_text":"Cear\u00e1 - Lagoa do Para\u00edso em Jericoacoara","src":"https:\/\/i0.wp.com\/www.visiteobrasil.com.br\/news\/wp-content\/uploads\/2023\/10\/jericoacoara-lagoa-do-paraiso-foto-idobi-licenca-cc-by-30gr.jpg?fit=850%2C301&ssl=1&resize=350%2C200","width":350,"height":200,"srcset":"https:\/\/i0.wp.com\/www.visiteobrasil.com.br\/news\/wp-content\/uploads\/2023\/10\/jericoacoara-lagoa-do-paraiso-foto-idobi-licenca-cc-by-30gr.jpg?fit=850%2C301&ssl=1&resize=350%2C200 1x, https:\/\/i0.wp.com\/www.visiteobrasil.com.br\/news\/wp-content\/uploads\/2023\/10\/jericoacoara-lagoa-do-paraiso-foto-idobi-licenca-cc-by-30gr.jpg?fit=850%2C301&ssl=1&resize=525%2C300 1.5x, https:\/\/i0.wp.com\/www.visiteobrasil.com.br\/news\/wp-content\/uploads\/2023\/10\/jericoacoara-lagoa-do-paraiso-foto-idobi-licenca-cc-by-30gr.jpg?fit=850%2C301&ssl=1&resize=700%2C400 2x"},"classes":[]},{"id":4854,"url":"https:\/\/www.visiteobrasil.com.br\/news\/bahia\/","url_meta":{"origin":4595,"position":5},"title":"Bahia","author":"Ramon","date":"12 de outubro de 2023","format":false,"excerpt":"Previous Next O estado da Bahia, localizado na Regi\u00e3o Nordeste do Brasil, \u00e9 um dos destinos mais culturalmente ricos e diversificados do pa\u00eds. Conhecida por sua heran\u00e7a afro-brasileira, a Bahia abriga uma mistura de culturas e tradi\u00e7\u00f5es que s\u00e3o resultado da influ\u00eancia dos povos africanos, ind\u00edgenas e europeus. Salvador, a\u2026","rel":"","context":"Post similar","block_context":{"text":"Post similar","link":""},"img":{"alt_text":"Salvador - Bahia - Por do sol no farol da barra.","src":"https:\/\/i0.wp.com\/www.visiteobrasil.com.br\/news\/wp-content\/uploads\/2023\/10\/Salvador-Bahia-final-de-tarde-no-farol-da-barra-foto-jota-freitas-seturgr.jpg?fit=850%2C301&ssl=1&resize=350%2C200","width":350,"height":200,"srcset":"https:\/\/i0.wp.com\/www.visiteobrasil.com.br\/news\/wp-content\/uploads\/2023\/10\/Salvador-Bahia-final-de-tarde-no-farol-da-barra-foto-jota-freitas-seturgr.jpg?fit=850%2C301&ssl=1&resize=350%2C200 1x, https:\/\/i0.wp.com\/www.visiteobrasil.com.br\/news\/wp-content\/uploads\/2023\/10\/Salvador-Bahia-final-de-tarde-no-farol-da-barra-foto-jota-freitas-seturgr.jpg?fit=850%2C301&ssl=1&resize=525%2C300 1.5x, https:\/\/i0.wp.com\/www.visiteobrasil.com.br\/news\/wp-content\/uploads\/2023\/10\/Salvador-Bahia-final-de-tarde-no-farol-da-barra-foto-jota-freitas-seturgr.jpg?fit=850%2C301&ssl=1&resize=700%2C400 2x"},"classes":[]}],"jetpack_sharing_enabled":true,"jetpack_likes_enabled":true,"_links":{"self":[{"href":"https:\/\/www.visiteobrasil.com.br\/news\/wp-json\/wp\/v2\/pages\/4595","targetHints":{"allow":["GET"]}}],"collection":[{"href":"https:\/\/www.visiteobrasil.com.br\/news\/wp-json\/wp\/v2\/pages"}],"about":[{"href":"https:\/\/www.visiteobrasil.com.br\/news\/wp-json\/wp\/v2\/types\/page"}],"author":[{"embeddable":true,"href":"https:\/\/www.visiteobrasil.com.br\/news\/wp-json\/wp\/v2\/users\/2"}],"replies":[{"embeddable":true,"href":"https:\/\/www.visiteobrasil.com.br\/news\/wp-json\/wp\/v2\/comments?post=4595"}],"version-history":[{"count":50,"href":"https:\/\/www.visiteobrasil.com.br\/news\/wp-json\/wp\/v2\/pages\/4595\/revisions"}],"predecessor-version":[{"id":6526,"href":"https:\/\/www.visiteobrasil.com.br\/news\/wp-json\/wp\/v2\/pages\/4595\/revisions\/6526"}],"wp:featuredmedia":[{"embeddable":true,"href":"https:\/\/www.visiteobrasil.com.br\/news\/wp-json\/wp\/v2\/media\/4596"}],"wp:attachment":[{"href":"https:\/\/www.visiteobrasil.com.br\/news\/wp-json\/wp\/v2\/media?parent=4595"}],"curies":[{"name":"wp","href":"https:\/\/api.w.org\/{rel}","templated":true}]}}